{"id":195,"date":"2022-07-11T20:21:10","date_gmt":"2022-07-11T20:21:10","guid":{"rendered":"http:\/\/fap-ec.local\/?page_id=195"},"modified":"2025-07-08T15:04:57","modified_gmt":"2025-07-08T15:04:57","slug":"comercio-justo","status":"publish","type":"page","link":"https:\/\/fapecuador.org\/de\/comercio-justo\/","title":{"rendered":"FAIRER HANDEL"},"content":{"rendered":"<div data-elementor-type=\"wp-page\" data-elementor-id=\"195\" class=\"elementor elementor-195\" data-elementor-post-type=\"page\">\n\t\t\t\t\t\t<section class=\"elementor-section elementor-top-section elementor-element elementor-element-c3afb3f elementor-section-boxed elementor-section-height-default elementor-section-height-default\" data-id=\"c3afb3f\" data-element_type=\"section\" data-e-type=\"section\" data-settings=\"{&quot;background_background&quot;:&quot;classic&quot;}\">\n\t\t\t\t\t\t<div class=\"elementor-container elementor-column-gap-default\">\n\t\t\t\t\t<div class=\"elementor-column elementor-col-100 elementor-top-column elementor-element elementor-element-73756ab\" data-id=\"73756ab\" data-element_type=\"column\" data-e-type=\"column\">\n\t\t\t<div class=\"elementor-widget-wrap elementor-element-populated\">\n\t\t\t\t\t\t<div class=\"elementor-element elementor-element-5f2fd12 elementor-widget elementor-widget-heading\" data-id=\"5f2fd12\" data-element_type=\"widget\" data-e-type=\"widget\" data-widget_type=\"heading.default\">\n\t\t\t\t<div class=\"elementor-widget-container\">\n\t\t\t\t\t<h1 class=\"elementor-heading-title elementor-size-default\">FAIRER HANDEL<\/h1>\t\t\t\t<\/div>\n\t\t\t\t<\/div>\n\t\t\t\t\t<\/div>\n\t\t<\/div>\n\t\t\t\t\t<\/div>\n\t\t<\/section>\n\t\t\t\t<section class=\"elementor-section elementor-top-section elementor-element elementor-element-e752eca elementor-section-boxed elementor-section-height-default elementor-section-height-default\" data-id=\"e752eca\" data-element_type=\"section\" data-e-type=\"section\">\n\t\t\t\t\t\t<div class=\"elementor-container elementor-column-gap-default\">\n\t\t\t\t\t<div class=\"elementor-column elementor-col-50 elementor-top-column elementor-element elementor-element-2cc9e52\" data-id=\"2cc9e52\" data-element_type=\"column\" data-e-type=\"column\">\n\t\t\t<div class=\"elementor-widget-wrap elementor-element-populated\">\n\t\t\t\t\t\t<div class=\"elementor-element elementor-element-dba94b8 elementor-widget elementor-widget-text-editor\" data-id=\"dba94b8\" data-element_type=\"widget\" data-e-type=\"widget\" data-widget_type=\"text-editor.default\">\n\t\t\t\t<div class=\"elementor-widget-container\">\n\t\t\t\t\t\t\t\t\t<p>Fairtrade und die damit verbundene Vermarktung sind eine nachhaltige Alternative f\u00fcr Kleinproduzenten und garantieren einen Markt, der nach Qualit\u00e4tsprodukten sucht.<\/p>\t\t\t\t\t\t\t\t<\/div>\n\t\t\t\t<\/div>\n\t\t\t\t<div class=\"elementor-element elementor-element-9594ea1 elementor-widget elementor-widget-image\" data-id=\"9594ea1\" data-element_type=\"widget\" data-e-type=\"widget\" data-widget_type=\"image.default\">\n\t\t\t\t<div class=\"elementor-widget-container\">\n\t\t\t\t\t\t\t\t\t\t\t\t\t\t\t<img fetchpriority=\"high\" decoding=\"async\" width=\"800\" height=\"451\" src=\"https:\/\/fapecuador.org\/wp-content\/uploads\/2025\/07\/20230825_163204-1024x577.jpg\" class=\"attachment-large size-large wp-image-3762\" alt=\"\" srcset=\"https:\/\/fapecuador.org\/wp-content\/uploads\/2025\/07\/20230825_163204-1024x577.jpg 1024w, https:\/\/fapecuador.org\/wp-content\/uploads\/2025\/07\/20230825_163204-300x169.jpg 300w, https:\/\/fapecuador.org\/wp-content\/uploads\/2025\/07\/20230825_163204-768x432.jpg 768w, https:\/\/fapecuador.org\/wp-content\/uploads\/2025\/07\/20230825_163204-1536x865.jpg 1536w, https:\/\/fapecuador.org\/wp-content\/uploads\/2025\/07\/20230825_163204-2048x1153.jpg 2048w, https:\/\/fapecuador.org\/wp-content\/uploads\/2025\/07\/20230825_163204-18x10.jpg 18w, https:\/\/fapecuador.org\/wp-content\/uploads\/2025\/07\/20230825_163204-600x338.jpg 600w\" sizes=\"(max-width: 800px) 100vw, 800px\" \/>\t\t\t\t\t\t\t\t\t\t\t\t\t\t\t<\/div>\n\t\t\t\t<\/div>\n\t\t\t\t<div class=\"elementor-element elementor-element-12e01de elementor-widget elementor-widget-text-editor\" data-id=\"12e01de\" data-element_type=\"widget\" data-e-type=\"widget\" data-widget_type=\"text-editor.default\">\n\t\t\t\t<div class=\"elementor-widget-container\">\n\t\t\t\t\t\t\t\t\t<p>Die Productive Amazon Foundation zielt darauf ab, die Produktionsprozesse l\u00e4ndlicher Vereinigungen zu verbessern, deren Ziel es ist, Qualit\u00e4tsprodukte zu einem fairen Preis sowohl f\u00fcr Produzenten als auch f\u00fcr Verbraucher zu vermarkten.<\/p><p>Fairtrade zielt darauf ab, eine faire Wirtschaft und solidarische Wirtschaft f\u00fcr den gesamten Produktionssektor der Provinzen Pastaza und Loja zu schaffen, R\u00e4ume zu schaffen, in denen Qualit\u00e4tsprodukte sowohl f\u00fcr Verbraucher als auch f\u00fcr Produzenten hergestellt und vermarktet werden, und so die lokale wirtschaftliche Entwicklung finanziell zu f\u00f6rdern.<\/p>\t\t\t\t\t\t\t\t<\/div>\n\t\t\t\t<\/div>\n\t\t\t\t<div class=\"elementor-element elementor-element-76f07ad elementor-widget elementor-widget-heading\" data-id=\"76f07ad\" data-element_type=\"widget\" data-e-type=\"widget\" data-widget_type=\"heading.default\">\n\t\t\t\t<div class=\"elementor-widget-container\">\n\t\t\t\t\t<h2 class=\"elementor-heading-title elementor-size-default\">Die Akteure, die den Prozess eines fairen Handels  \u2013  fairen Preis ausmachen, sind:<\/h2>\t\t\t\t<\/div>\n\t\t\t\t<\/div>\n\t\t\t\t<div class=\"elementor-element elementor-element-05bb387 elementor-widget elementor-widget-text-editor\" data-id=\"05bb387\" data-element_type=\"widget\" data-e-type=\"widget\" data-widget_type=\"text-editor.default\">\n\t\t\t\t<div class=\"elementor-widget-container\">\n\t\t\t\t\t\t\t\t\t<p>ein verantwortungsvoller Verbraucher<br \/>Assoziierte Produzenten<\/p>\t\t\t\t\t\t\t\t<\/div>\n\t\t\t\t<\/div>\n\t\t\t\t<div class=\"elementor-element elementor-element-75ceb2c elementor-widget elementor-widget-image\" data-id=\"75ceb2c\" data-element_type=\"widget\" data-e-type=\"widget\" data-widget_type=\"image.default\">\n\t\t\t\t<div class=\"elementor-widget-container\">\n\t\t\t\t\t\t\t\t\t\t\t\t\t\t\t<img decoding=\"async\" width=\"768\" height=\"1024\" src=\"https:\/\/fapecuador.org\/wp-content\/uploads\/2025\/07\/IMG_6554-768x1024.jpg\" class=\"attachment-large size-large wp-image-3759\" alt=\"\" srcset=\"https:\/\/fapecuador.org\/wp-content\/uploads\/2025\/07\/IMG_6554-768x1024.jpg 768w, https:\/\/fapecuador.org\/wp-content\/uploads\/2025\/07\/IMG_6554-225x300.jpg 225w, https:\/\/fapecuador.org\/wp-content\/uploads\/2025\/07\/IMG_6554-1152x1536.jpg 1152w, https:\/\/fapecuador.org\/wp-content\/uploads\/2025\/07\/IMG_6554-1536x2048.jpg 1536w, https:\/\/fapecuador.org\/wp-content\/uploads\/2025\/07\/IMG_6554-9x12.jpg 9w, https:\/\/fapecuador.org\/wp-content\/uploads\/2025\/07\/IMG_6554-600x800.jpg 600w, https:\/\/fapecuador.org\/wp-content\/uploads\/2025\/07\/IMG_6554-scaled.jpg 1920w\" sizes=\"(max-width: 768px) 100vw, 768px\" \/>\t\t\t\t\t\t\t\t\t\t\t\t\t\t\t<\/div>\n\t\t\t\t<\/div>\n\t\t\t\t<div class=\"elementor-element elementor-element-0c34bf0 elementor-widget elementor-widget-heading\" data-id=\"0c34bf0\" data-element_type=\"widget\" data-e-type=\"widget\" data-widget_type=\"heading.default\">\n\t\t\t\t<div class=\"elementor-widget-container\">\n\t\t\t\t\t<h2 class=\"elementor-heading-title elementor-size-default\">Weitere Fairtrade-Services:<\/h2>\t\t\t\t<\/div>\n\t\t\t\t<\/div>\n\t\t\t\t<div class=\"elementor-element elementor-element-6e64203 elementor-widget elementor-widget-text-editor\" data-id=\"6e64203\" data-element_type=\"widget\" data-e-type=\"widget\" data-widget_type=\"text-editor.default\">\n\t\t\t\t<div class=\"elementor-widget-container\">\n\t\t\t\t\t\t\t\t\t<p>\u2013 Gemeinde-Entwicklungsprojekte<br \/>\u2013 soziale Verantwortung des Unternehmens<br \/>\u2013 Beratung und Schulung<\/p>\t\t\t\t\t\t\t\t<\/div>\n\t\t\t\t<\/div>\n\t\t\t\t<div class=\"elementor-element elementor-element-6a56292 elementor-widget elementor-widget-heading\" data-id=\"6a56292\" data-element_type=\"widget\" data-e-type=\"widget\" data-widget_type=\"heading.default\">\n\t\t\t\t<div class=\"elementor-widget-container\">\n\t\t\t\t\t<h2 class=\"elementor-heading-title elementor-size-default\">VERANTWORTUNGSVOLLER KONSUM UND FAIRER HANDEL<\/h2>\t\t\t\t<\/div>\n\t\t\t\t<\/div>\n\t\t\t\t<div class=\"elementor-element elementor-element-71e6388 elementor-widget elementor-widget-text-editor\" data-id=\"71e6388\" data-element_type=\"widget\" data-e-type=\"widget\" data-widget_type=\"text-editor.default\">\n\t\t\t\t<div class=\"elementor-widget-container\">\n\t\t\t\t\t\t\t\t\t<p>Durch verantwortungsvollen Konsum erhalten Sie Qualit\u00e4t und stellen sicher, dass die Gewinne aus dem Verkauf an den Erzeuger zur\u00fcckflie\u00dfen, und so dem Erzeuger oder Handwerker helfen, seine Familie zu ern\u00e4hren, seine Kinder zu erziehen und vor allem auf seinem Land zu bleiben. Verantwortungsvoller Konsum unterst\u00fctzt die nachhaltige Entwicklung eines Landes und den Erhalt der Umwelt. FAP unterst\u00fctzt Erzeuger oder Handwerker, die ihre eigene Entwicklung anstreben, durch saubere Produktion und den Erhalt ihrer Kultur.<\/p>\t\t\t\t\t\t\t\t<\/div>\n\t\t\t\t<\/div>\n\t\t\t\t<div class=\"elementor-element elementor-element-1d87e44 elementor-widget elementor-widget-heading\" data-id=\"1d87e44\" data-element_type=\"widget\" data-e-type=\"widget\" data-widget_type=\"heading.default\">\n\t\t\t\t<div class=\"elementor-widget-container\">\n\t\t\t\t\t<h2 class=\"elementor-heading-title elementor-size-default\">PROJEKTE IM ZUSAMMENHANG MIT FAIRTRADE<\/h2>\t\t\t\t<\/div>\n\t\t\t\t<\/div>\n\t\t\t\t<div class=\"elementor-element elementor-element-903a52c elementor-widget elementor-widget-heading\" data-id=\"903a52c\" data-element_type=\"widget\" data-e-type=\"widget\" data-widget_type=\"heading.default\">\n\t\t\t\t<div class=\"elementor-widget-container\">\n\t\t\t\t\t<h2 class=\"elementor-heading-title elementor-size-default\">Kawsana Bio-Kaffee<\/h2>\t\t\t\t<\/div>\n\t\t\t\t<\/div>\n\t\t\t\t<div class=\"elementor-element elementor-element-00b323b elementor-widget elementor-widget-image\" data-id=\"00b323b\" data-element_type=\"widget\" data-e-type=\"widget\" data-widget_type=\"image.default\">\n\t\t\t\t<div class=\"elementor-widget-container\">\n\t\t\t\t\t\t\t\t\t\t\t\t\t\t\t<img decoding=\"async\" width=\"800\" height=\"600\" src=\"https:\/\/fapecuador.org\/wp-content\/uploads\/2022\/07\/cafes-1024x768-1.jpeg\" class=\"attachment-large size-large wp-image-199\" alt=\"Comercio justo 3\" srcset=\"https:\/\/fapecuador.org\/wp-content\/uploads\/2022\/07\/cafes-1024x768-1.jpeg 1024w, https:\/\/fapecuador.org\/wp-content\/uploads\/2022\/07\/cafes-1024x768-1-600x450.jpeg 600w, https:\/\/fapecuador.org\/wp-content\/uploads\/2022\/07\/cafes-1024x768-1-300x225.jpeg 300w, https:\/\/fapecuador.org\/wp-content\/uploads\/2022\/07\/cafes-1024x768-1-768x576.jpeg 768w\" sizes=\"(max-width: 800px) 100vw, 800px\" \/>\t\t\t\t\t\t\t\t\t\t\t\t\t\t\t<\/div>\n\t\t\t\t<\/div>\n\t\t\t\t<div class=\"elementor-element elementor-element-290beee elementor-widget elementor-widget-text-editor\" data-id=\"290beee\" data-element_type=\"widget\" data-e-type=\"widget\" data-widget_type=\"text-editor.default\">\n\t\t\t\t<div class=\"elementor-widget-container\">\n\t\t\t\t\t\t\t\t\t<p>San Antonio de las Aradas - Loja - Ecuador. Spezialkaffee, reiner Arabica, mit Nuancen von Schokolade und Vanille (charakteristischer Duft dieser Region); akzeptabler S\u00e4uregehalt und ausgezeichneter K\u00f6rper, mit einer intensiven und ausgewogenen S\u00fc\u00dfe, angenehmen Nachgeschmack, der ihn unwiderstehlich macht.<\/p><p>Kawsana-Kaffee wird im Schutzwald von Santa Rosa, im s\u00fcd\u00f6stlichen Teil der Provinz Loja, innerhalb des Biosph\u00e4renreservats Loja-Zamora, nach dem Prinzip der Solidarwirtschaft von der von Kaffeeproduzenten gegr\u00fcndeten Kooperative Kawsana assoziativ produziert deren Traditionen sich \u00fcber Generationen erstrecken. Die Einwohner dieser Gemeinde widmen sich der Land- und Viehwirtschaft, insbesondere dem Kaffeeanbau, der als lokale wirtschaftliche Basis gilt. Durch Erbschaft sind sie unionistisch, assoziativ und arbeiten im Minga-Geist. Sie nutzten dieses Potenzial und gr\u00fcndeten das erste assoziative Unternehmen in der Provinz Loja, dessen Ziel es ist, einen fairen Handel zwischen den Beteiligten zu suchen.<\/p><p>Kawsana Coffee hat es sich zur Aufgabe gemacht, eine direkte Verbindung zwischen den Bauern und ihren Verbrauchern herzustellen. Sie sind davon \u00fcberzeugt, dass dieses Modell nicht nur ihre wirtschaftliche Situation verbessert, sondern auch die nachhaltige Produktion von Bio-Kaffee aus einer einzigen Quelle und von h\u00f6chster Qualit\u00e4t f\u00f6rdert.<\/p><p>Ihre Hauptziele sind: Schaffung von Arbeitspl\u00e4tzen, Verbesserung des Lebensstandards in wirtschaftlicher und sozialer Hinsicht sowie auf pers\u00f6nlicher Ebene. All dies geht Hand in Hand mit der Achtung der Gleichstellung der Geschlechter und der Gleichberechtigung, dem Schutz der Umwelt, der Wiederherstellung der eigenen Werte und der Beibehaltung der Organisation als Hauptachse der Entwicklung.<\/p>\t\t\t\t\t\t\t\t<\/div>\n\t\t\t\t<\/div>\n\t\t\t\t<div class=\"elementor-element elementor-element-edadd67 elementor-widget elementor-widget-button\" data-id=\"edadd67\" data-element_type=\"widget\" data-e-type=\"widget\" data-widget_type=\"button.default\">\n\t\t\t\t<div class=\"elementor-widget-container\">\n\t\t\t\t\t\t\t\t\t<div class=\"elementor-button-wrapper\">\n\t\t\t\t\t<a class=\"elementor-button elementor-button-link elementor-size-sm\" href=\"https:\/\/kawsanacoffee.com\/contact\/\">\n\t\t\t\t\t\t<span class=\"elementor-button-content-wrapper\">\n\t\t\t\t\t\t\t\t\t<span class=\"elementor-button-text\">Kontakt mit dem Hersteller<\/span>\n\t\t\t\t\t<\/span>\n\t\t\t\t\t<\/a>\n\t\t\t\t<\/div>\n\t\t\t\t\t\t\t\t<\/div>\n\t\t\t\t<\/div>\n\t\t\t\t<div class=\"elementor-element elementor-element-815d10f elementor-widget elementor-widget-heading\" data-id=\"815d10f\" data-element_type=\"widget\" data-e-type=\"widget\" data-widget_type=\"heading.default\">\n\t\t\t\t<div class=\"elementor-widget-container\">\n\t\t\t\t\t<h2 class=\"elementor-heading-title elementor-size-default\">Moona Body &amp; Mind<\/h2>\t\t\t\t<\/div>\n\t\t\t\t<\/div>\n\t\t\t\t<div class=\"elementor-element elementor-element-adb6b22 elementor-widget elementor-widget-text-editor\" data-id=\"adb6b22\" data-element_type=\"widget\" data-e-type=\"widget\" data-widget_type=\"text-editor.default\">\n\t\t\t\t<div class=\"elementor-widget-container\">\n\t\t\t\t\t\t\t\t\t<p>Unsere Marke entstand aus dem Ruf, die Verbindung mit der Natur zu entdecken und die weibliche Energie zu st\u00e4rken. Dank der Gaben unserer Mutter Erde kreieren wir Produkte auf der Basis von biologischen und nat\u00fcrlichen Rohstoffen, die es uns erm\u00f6glichen, den K\u00f6rper zu verw\u00f6hnen und zu pflegen und ein wahres Sinnes- und Wellness-Erlebnis zu genie\u00dfen.<\/p>\t\t\t\t\t\t\t\t<\/div>\n\t\t\t\t<\/div>\n\t\t\t\t<div class=\"elementor-element elementor-element-e907544 elementor-widget elementor-widget-image\" data-id=\"e907544\" data-element_type=\"widget\" data-e-type=\"widget\" data-widget_type=\"image.default\">\n\t\t\t\t<div class=\"elementor-widget-container\">\n\t\t\t\t\t\t\t\t\t\t\t\t\t\t\t<img loading=\"lazy\" decoding=\"async\" width=\"800\" height=\"534\" src=\"https:\/\/fapecuador.org\/wp-content\/uploads\/2022\/07\/DSC_0255-1024x683-1.jpg\" class=\"attachment-large size-large wp-image-200\" alt=\"Comercio justo 4\" srcset=\"https:\/\/fapecuador.org\/wp-content\/uploads\/2022\/07\/DSC_0255-1024x683-1.jpg 1024w, https:\/\/fapecuador.org\/wp-content\/uploads\/2022\/07\/DSC_0255-1024x683-1-600x400.jpg 600w, https:\/\/fapecuador.org\/wp-content\/uploads\/2022\/07\/DSC_0255-1024x683-1-300x200.jpg 300w, https:\/\/fapecuador.org\/wp-content\/uploads\/2022\/07\/DSC_0255-1024x683-1-768x512.jpg 768w\" sizes=\"(max-width: 800px) 100vw, 800px\" \/>\t\t\t\t\t\t\t\t\t\t\t\t\t\t\t<\/div>\n\t\t\t\t<\/div>\n\t\t\t\t<div class=\"elementor-element elementor-element-0a5e6b2 elementor-widget elementor-widget-text-editor\" data-id=\"0a5e6b2\" data-element_type=\"widget\" data-e-type=\"widget\" data-widget_type=\"text-editor.default\">\n\t\t\t\t<div class=\"elementor-widget-container\">\n\t\t\t\t\t\t\t\t\t<p class=\"MsoNormal\"><span lang=\"ES\">Alle unsere Produkte werden von Kleinproduzenten handgefertigt und tragen so zu einer kollaborativen Familienwirtschaft bei, deren Mission es ist, zur Erhaltung und Pflege des Planeten beizutragen sowie zum fairen Handel zwischen allen beizutragen, die direkt oder indirekt an Moona teilnehmen.<\/span><\/p><p>Besuchen Sie uns unter:<a href=\"http:\/\/moonabodyandmind.com\/\" target=\"_blank\" rel=\"noopener\"><span style=\"color: #9ac440;\"> www.moonabodyandmind.com<\/span><\/a><\/p>\t\t\t\t\t\t\t\t<\/div>\n\t\t\t\t<\/div>\n\t\t\t\t<div class=\"elementor-element elementor-element-27e6815 elementor-widget elementor-widget-button\" data-id=\"27e6815\" data-element_type=\"widget\" data-e-type=\"widget\" data-widget_type=\"button.default\">\n\t\t\t\t<div class=\"elementor-widget-container\">\n\t\t\t\t\t\t\t\t\t<div class=\"elementor-button-wrapper\">\n\t\t\t\t\t<a class=\"elementor-button elementor-button-link elementor-size-sm\" href=\"http:\/\/moonabodyandmind.com\/contact-us\/\">\n\t\t\t\t\t\t<span class=\"elementor-button-content-wrapper\">\n\t\t\t\t\t\t\t\t\t<span class=\"elementor-button-text\">Kontakt mit dem Hersteller<\/span>\n\t\t\t\t\t<\/span>\n\t\t\t\t\t<\/a>\n\t\t\t\t<\/div>\n\t\t\t\t\t\t\t\t<\/div>\n\t\t\t\t<\/div>\n\t\t\t\t\t<\/div>\n\t\t<\/div>\n\t\t\t\t<div class=\"elementor-column elementor-col-50 elementor-top-column elementor-element elementor-element-6df5194\" data-id=\"6df5194\" data-element_type=\"column\" data-e-type=\"column\">\n\t\t\t<div class=\"elementor-widget-wrap elementor-element-populated\">\n\t\t\t\t\t\t<div class=\"elementor-element elementor-element-3ba2456 elementor-widget elementor-widget-template\" data-id=\"3ba2456\" data-element_type=\"widget\" data-e-type=\"widget\" data-widget_type=\"template.default\">\n\t\t\t\t<div class=\"elementor-widget-container\">\n\t\t\t\t\t\t\t<div class=\"elementor-template\">\r\n\t\t\t\t\t<div data-elementor-type=\"section\" data-elementor-id=\"702\" class=\"elementor elementor-702\" data-elementor-post-type=\"elementor_library\">\r\n\t\t\t\t\t<section class=\"elementor-section elementor-top-section elementor-element elementor-element-0220e94 elementor-section-boxed elementor-section-height-default elementor-section-height-default\" data-id=\"0220e94\" data-element_type=\"section\" data-e-type=\"section\">\n\t\t\t\t\t\t<div class=\"elementor-container elementor-column-gap-default\">\n\t\t\t\t\t<div class=\"elementor-column elementor-col-100 elementor-top-column elementor-element elementor-element-a7c1434\" data-id=\"a7c1434\" data-element_type=\"column\" data-e-type=\"column\">\n\t\t\t<div class=\"elementor-widget-wrap elementor-element-populated\">\n\t\t\t\t\t\t<div class=\"elementor-element elementor-element-f908944 elementor-widget elementor-widget-heading\" data-id=\"f908944\" data-element_type=\"widget\" data-e-type=\"widget\" data-widget_type=\"heading.default\">\n\t\t\t\t<div class=\"elementor-widget-container\">\n\t\t\t\t\t<h2 class=\"elementor-heading-title elementor-size-medium\">Letzte Nachrichten<\/h2>\t\t\t\t<\/div>\n\t\t\t\t<\/div>\n\t\t\t\t<div class=\"elementor-element elementor-element-99db536 elementor-grid-1 elementor-grid-tablet-2 elementor-grid-mobile-1 elementor-posts--thumbnail-top elementor-widget elementor-widget-posts\" data-id=\"99db536\" data-element_type=\"widget\" data-e-type=\"widget\" data-settings=\"{&quot;classic_columns&quot;:&quot;1&quot;,&quot;classic_columns_tablet&quot;:&quot;2&quot;,&quot;classic_columns_mobile&quot;:&quot;1&quot;,&quot;classic_row_gap&quot;:{&quot;unit&quot;:&quot;px&quot;,&quot;size&quot;:35,&quot;sizes&quot;:[]},&quot;classic_row_gap_tablet&quot;:{&quot;unit&quot;:&quot;px&quot;,&quot;size&quot;:&quot;&quot;,&quot;sizes&quot;:[]},&quot;classic_row_gap_mobile&quot;:{&quot;unit&quot;:&quot;px&quot;,&quot;size&quot;:&quot;&quot;,&quot;sizes&quot;:[]}}\" data-widget_type=\"posts.classic\">\n\t\t\t\t<div class=\"elementor-widget-container\">\n\t\t\t\t\t\t\t<div class=\"elementor-posts-container elementor-posts elementor-posts--skin-classic elementor-grid\" role=\"list\">\r\n\t\t\t\t<article class=\"elementor-post elementor-grid-item post-3703 post type-post status-publish format-standard has-post-thumbnail hentry category-ambiental category-blog category-comercio-justo category-cultural category-social category-uncategorized tag-adopta-un-arbol tag-ambiental tag-proyectos tag-social\" role=\"listitem\">\r\n\t\t\t\t<a class=\"elementor-post__thumbnail__link\" href=\"https:\/\/fapecuador.org\/de\/reforestacion-empresarial\/\" tabindex=\"-1\" >\r\n\t\t\t<div class=\"elementor-post__thumbnail\"><img loading=\"lazy\" decoding=\"async\" width=\"2560\" height=\"1709\" src=\"https:\/\/fapecuador.org\/wp-content\/uploads\/2025\/02\/pexels-mikhail-nilov-8543602-scaled.jpg\" class=\"attachment-full size-full wp-image-3704\" alt=\"\" srcset=\"https:\/\/fapecuador.org\/wp-content\/uploads\/2025\/02\/pexels-mikhail-nilov-8543602-scaled.jpg 2560w, https:\/\/fapecuador.org\/wp-content\/uploads\/2025\/02\/pexels-mikhail-nilov-8543602-300x200.jpg 300w, https:\/\/fapecuador.org\/wp-content\/uploads\/2025\/02\/pexels-mikhail-nilov-8543602-1024x684.jpg 1024w, https:\/\/fapecuador.org\/wp-content\/uploads\/2025\/02\/pexels-mikhail-nilov-8543602-768x513.jpg 768w, https:\/\/fapecuador.org\/wp-content\/uploads\/2025\/02\/pexels-mikhail-nilov-8543602-1536x1025.jpg 1536w, https:\/\/fapecuador.org\/wp-content\/uploads\/2025\/02\/pexels-mikhail-nilov-8543602-2048x1367.jpg 2048w, https:\/\/fapecuador.org\/wp-content\/uploads\/2025\/02\/pexels-mikhail-nilov-8543602-18x12.jpg 18w, https:\/\/fapecuador.org\/wp-content\/uploads\/2025\/02\/pexels-mikhail-nilov-8543602-600x401.jpg 600w\" sizes=\"(max-width: 2560px) 100vw, 2560px\" \/><\/div>\r\n\t\t<\/a>\r\n\t\t\t\t<div class=\"elementor-post__text\">\r\n\t\t\t\t<h3 class=\"elementor-post__title\">\r\n\t\t\t<a href=\"https:\/\/fapecuador.org\/de\/reforestacion-empresarial\/\" >\r\n\t\t\t\tUnternehmensaufforstung: Eine nachhaltige L\u00f6sung f\u00fcr eine gr\u00fcne Zukunft\t\t\t<\/a>\r\n\t\t<\/h3>\r\n\t\t\t\t<\/div>\r\n\t\t\t\t<\/article>\r\n\t\t\t\t<article class=\"elementor-post elementor-grid-item post-3602 post type-post status-publish format-standard has-post-thumbnail hentry category-ambiental category-blog category-cultural category-social category-uncategorized\" role=\"listitem\">\r\n\t\t\t\t<a class=\"elementor-post__thumbnail__link\" href=\"https:\/\/fapecuador.org\/de\/ultimas-actividades-en-adopta-un-arbol\/\" tabindex=\"-1\" >\r\n\t\t\t<div class=\"elementor-post__thumbnail\"><img loading=\"lazy\" decoding=\"async\" width=\"2560\" height=\"1920\" src=\"https:\/\/fapecuador.org\/wp-content\/uploads\/2023\/12\/IMG_9124-1-scaled.jpg\" class=\"attachment-full size-full wp-image-3594\" alt=\"\" srcset=\"https:\/\/fapecuador.org\/wp-content\/uploads\/2023\/12\/IMG_9124-1-scaled.jpg 2560w, https:\/\/fapecuador.org\/wp-content\/uploads\/2023\/12\/IMG_9124-1-300x225.jpg 300w, https:\/\/fapecuador.org\/wp-content\/uploads\/2023\/12\/IMG_9124-1-1024x768.jpg 1024w, https:\/\/fapecuador.org\/wp-content\/uploads\/2023\/12\/IMG_9124-1-768x576.jpg 768w, https:\/\/fapecuador.org\/wp-content\/uploads\/2023\/12\/IMG_9124-1-1536x1152.jpg 1536w, https:\/\/fapecuador.org\/wp-content\/uploads\/2023\/12\/IMG_9124-1-2048x1536.jpg 2048w, https:\/\/fapecuador.org\/wp-content\/uploads\/2023\/12\/IMG_9124-1-16x12.jpg 16w, https:\/\/fapecuador.org\/wp-content\/uploads\/2023\/12\/IMG_9124-1-600x450.jpg 600w\" sizes=\"(max-width: 2560px) 100vw, 2560px\" \/><\/div>\r\n\t\t<\/a>\r\n\t\t\t\t<div class=\"elementor-post__text\">\r\n\t\t\t\t<h3 class=\"elementor-post__title\">\r\n\t\t\t<a href=\"https:\/\/fapecuador.org\/de\/ultimas-actividades-en-adopta-un-arbol\/\" >\r\n\t\t\t\tNeueste Aktivit\u00e4ten zu Adopt a Tree!\t\t\t<\/a>\r\n\t\t<\/h3>\r\n\t\t\t\t<\/div>\r\n\t\t\t\t<\/article>\r\n\t\t\t\t<article class=\"elementor-post elementor-grid-item post-3248 post type-post status-publish format-standard has-post-thumbnail hentry category-ambiental category-blog category-cultural category-social category-uncategorized\" role=\"listitem\">\r\n\t\t\t\t<a class=\"elementor-post__thumbnail__link\" href=\"https:\/\/fapecuador.org\/de\/actualizacion-del-proyecto-compensacion-huella-carbono-y-logros-destacados\/\" tabindex=\"-1\" >\r\n\t\t\t<div class=\"elementor-post__thumbnail\"><img loading=\"lazy\" decoding=\"async\" width=\"2042\" height=\"1192\" src=\"https:\/\/fapecuador.org\/wp-content\/uploads\/2023\/07\/IMG_3377-e1690918135478.jpeg\" class=\"attachment-full size-full wp-image-3257\" alt=\"\" srcset=\"https:\/\/fapecuador.org\/wp-content\/uploads\/2023\/07\/IMG_3377-e1690918135478.jpeg 2042w, https:\/\/fapecuador.org\/wp-content\/uploads\/2023\/07\/IMG_3377-e1690918135478-300x175.jpeg 300w, https:\/\/fapecuador.org\/wp-content\/uploads\/2023\/07\/IMG_3377-e1690918135478-1024x598.jpeg 1024w, https:\/\/fapecuador.org\/wp-content\/uploads\/2023\/07\/IMG_3377-e1690918135478-768x448.jpeg 768w, https:\/\/fapecuador.org\/wp-content\/uploads\/2023\/07\/IMG_3377-e1690918135478-1536x897.jpeg 1536w, https:\/\/fapecuador.org\/wp-content\/uploads\/2023\/07\/IMG_3377-e1690918135478-18x12.jpeg 18w, https:\/\/fapecuador.org\/wp-content\/uploads\/2023\/07\/IMG_3377-e1690918135478-600x350.jpeg 600w\" sizes=\"(max-width: 2042px) 100vw, 2042px\" \/><\/div>\r\n\t\t<\/a>\r\n\t\t\t\t<div class=\"elementor-post__text\">\r\n\t\t\t\t<h3 class=\"elementor-post__title\">\r\n\t\t\t<a href=\"https:\/\/fapecuador.org\/de\/actualizacion-del-proyecto-compensacion-huella-carbono-y-logros-destacados\/\" >\r\n\t\t\t\tUpdate zum CO2-Ausgleichsprojekt: Fortschritte und H\u00f6hepunkte!\t\t\t<\/a>\r\n\t\t<\/h3>\r\n\t\t\t\t<\/div>\r\n\t\t\t\t<\/article>\r\n\t\t\t\t<article class=\"elementor-post elementor-grid-item post-3027 post type-post status-publish format-standard has-post-thumbnail hentry category-ambiental category-blog category-social category-uncategorized\" role=\"listitem\">\r\n\t\t\t\t<a class=\"elementor-post__thumbnail__link\" href=\"https:\/\/fapecuador.org\/de\/alcanzamos-los-mil-arboles-sembrados\/\" tabindex=\"-1\" >\r\n\t\t\t<div class=\"elementor-post__thumbnail\"><img loading=\"lazy\" decoding=\"async\" width=\"940\" height=\"704\" src=\"https:\/\/fapecuador.org\/wp-content\/uploads\/2023\/01\/\u00a1Alcanzamos-los-1000-arboles-sembrados.jpg\" class=\"attachment-full size-full wp-image-3063\" alt=\"\" srcset=\"https:\/\/fapecuador.org\/wp-content\/uploads\/2023\/01\/\u00a1Alcanzamos-los-1000-arboles-sembrados.jpg 940w, https:\/\/fapecuador.org\/wp-content\/uploads\/2023\/01\/\u00a1Alcanzamos-los-1000-arboles-sembrados-300x225.jpg 300w, https:\/\/fapecuador.org\/wp-content\/uploads\/2023\/01\/\u00a1Alcanzamos-los-1000-arboles-sembrados-768x575.jpg 768w, https:\/\/fapecuador.org\/wp-content\/uploads\/2023\/01\/\u00a1Alcanzamos-los-1000-arboles-sembrados-16x12.jpg 16w, https:\/\/fapecuador.org\/wp-content\/uploads\/2023\/01\/\u00a1Alcanzamos-los-1000-arboles-sembrados-600x449.jpg 600w\" sizes=\"(max-width: 940px) 100vw, 940px\" \/><\/div>\r\n\t\t<\/a>\r\n\t\t\t\t<div class=\"elementor-post__text\">\r\n\t\t\t\t<h3 class=\"elementor-post__title\">\r\n\t\t\t<a href=\"https:\/\/fapecuador.org\/de\/alcanzamos-los-mil-arboles-sembrados\/\" >\r\n\t\t\t\tWir haben die tausend gepflanzten B\u00e4ume erreicht!\t\t\t<\/a>\r\n\t\t<\/h3>\r\n\t\t\t\t<\/div>\r\n\t\t\t\t<\/article>\r\n\t\t\t\t<article class=\"elementor-post elementor-grid-item post-1881 post type-post status-publish format-standard has-post-thumbnail hentry category-ambiental category-blog category-noticias tag-adopta-un-arbol tag-ambiental tag-noticias\" role=\"listitem\">\r\n\t\t\t\t<a class=\"elementor-post__thumbnail__link\" href=\"https:\/\/fapecuador.org\/de\/1881-2\/\" tabindex=\"-1\" >\r\n\t\t\t<div class=\"elementor-post__thumbnail\"><img loading=\"lazy\" decoding=\"async\" width=\"1748\" height=\"1240\" src=\"https:\/\/fapecuador.org\/wp-content\/uploads\/2022\/11\/Diseno-sin-titulo-1.jpg\" class=\"attachment-full size-full wp-image-1883\" alt=\"\" srcset=\"https:\/\/fapecuador.org\/wp-content\/uploads\/2022\/11\/Diseno-sin-titulo-1.jpg 1748w, https:\/\/fapecuador.org\/wp-content\/uploads\/2022\/11\/Diseno-sin-titulo-1-300x213.jpg 300w, https:\/\/fapecuador.org\/wp-content\/uploads\/2022\/11\/Diseno-sin-titulo-1-1024x726.jpg 1024w, https:\/\/fapecuador.org\/wp-content\/uploads\/2022\/11\/Diseno-sin-titulo-1-768x545.jpg 768w, https:\/\/fapecuador.org\/wp-content\/uploads\/2022\/11\/Diseno-sin-titulo-1-1536x1090.jpg 1536w, https:\/\/fapecuador.org\/wp-content\/uploads\/2022\/11\/Diseno-sin-titulo-1-18x12.jpg 18w, https:\/\/fapecuador.org\/wp-content\/uploads\/2022\/11\/Diseno-sin-titulo-1-600x426.jpg 600w\" sizes=\"(max-width: 1748px) 100vw, 1748px\" \/><\/div>\r\n\t\t<\/a>\r\n\t\t\t\t<div class=\"elementor-post__text\">\r\n\t\t\t\t<h3 class=\"elementor-post__title\">\r\n\t\t\t<a href=\"https:\/\/fapecuador.org\/de\/1881-2\/\" >\r\n\t\t\t\tDer zweite Pflanztag zusammen mit der PUCE\t\t\t<\/a>\r\n\t\t<\/h3>\r\n\t\t\t\t<\/div>\r\n\t\t\t\t<\/article>\r\n\t\t\t\t<\/div>\r\n\t\t\r\n\t\t\t\t\t\t<\/div>\n\t\t\t\t<\/div>\n\t\t\t\t\t<\/div>\n\t\t<\/div>\n\t\t\t\t\t<\/div>\n\t\t<\/section>\n\t\t\t\t<\/div>\r\n\t\t\t\t<\/div>\r\n\t\t\t\t\t\t<\/div>\n\t\t\t\t<\/div>\n\t\t\t\t\t<\/div>\n\t\t<\/div>\n\t\t\t\t\t<\/div>\n\t\t<\/section>\n\t\t\t\t<section class=\"elementor-section elementor-top-section elementor-element elementor-element-b8632fc elementor-section-boxed elementor-section-height-default elementor-section-height-default\" data-id=\"b8632fc\" data-element_type=\"section\" data-e-type=\"section\">\n\t\t\t\t\t\t<div class=\"elementor-container elementor-column-gap-default\">\n\t\t\t\t\t<div class=\"elementor-column elementor-col-100 elementor-top-column elementor-element elementor-element-e81edfe\" data-id=\"e81edfe\" data-element_type=\"column\" data-e-type=\"column\">\n\t\t\t<div class=\"elementor-widget-wrap elementor-element-populated\">\n\t\t\t\t\t\t<div class=\"elementor-element elementor-element-1e4cfd5 elementor-widget elementor-widget-spacer\" data-id=\"1e4cfd5\" data-element_type=\"widget\" data-e-type=\"widget\" data-widget_type=\"spacer.default\">\n\t\t\t\t<div class=\"elementor-widget-container\">\n\t\t\t\t\t\t\t<div class=\"elementor-spacer\">\n\t\t\t<div class=\"elementor-spacer-inner\"><\/div>\n\t\t<\/div>\n\t\t\t\t\t\t<\/div>\n\t\t\t\t<\/div>\n\t\t\t\t\t<\/div>\n\t\t<\/div>\n\t\t\t\t\t<\/div>\n\t\t<\/section>\n\t\t\t\t<section class=\"elementor-section elementor-top-section elementor-element elementor-element-81449d4 elementor-section-boxed elementor-section-height-default elementor-section-height-default\" data-id=\"81449d4\" data-element_type=\"section\" data-e-type=\"section\">\n\t\t\t\t\t\t<div class=\"elementor-container elementor-column-gap-default\">\n\t\t\t\t\t<div class=\"elementor-column elementor-col-100 elementor-top-column elementor-element elementor-element-02edfb7\" data-id=\"02edfb7\" data-element_type=\"column\" data-e-type=\"column\">\n\t\t\t<div class=\"elementor-widget-wrap elementor-element-populated\">\n\t\t\t\t\t\t<div class=\"elementor-element elementor-element-701c17b elementor-widget elementor-widget-text-editor\" data-id=\"701c17b\" data-element_type=\"widget\" data-e-type=\"widget\" data-widget_type=\"text-editor.default\">\n\t\t\t\t<div class=\"elementor-widget-container\">\n\t\t\t\t\t\t\t\t\t<p>\u00c4hnlicher Hinweis\u00a0<a href=\"https:\/\/fapecuador.org\/de\/comercio-justo-kawsana-coffee\/\">https:\/\/fapecuador.org\/es_ec\/comercio-justo-kawsana-coffee\/<\/a><\/p><p>Nachrichten von Interesse\u00a0<a href=\"https:\/\/fapecuador.org\/de\/razones-para-apoyar-el-comercio-local\/\">https:\/\/fapecuador.org\/es_ec\/razones-para-apoyar-el-comercio-local\/<\/a><\/p><p>FAP-Blog\u00a0<a href=\"https:\/\/fapecuador.org\/de\/blog\/\">https:\/\/fapecuador.org\/es_ec\/blog\/<\/a><\/p><p>\u00dcber uns\u00a0<a href=\"https:\/\/fapecuador.org\/de\/wer-sind-wir\/\">https:\/\/fapecuador.org\/es_ec\/quienes-somos\/<\/a>\u00a0<\/p><p>Startseite\u00a0<a href=\"https:\/\/fapecuador.org\/de\/\">https:\/\/fapecuador.org\/es_ec\/<\/a><\/p><p>\u00a0<\/p>\t\t\t\t\t\t\t\t<\/div>\n\t\t\t\t<\/div>\n\t\t\t\t\t<\/div>\n\t\t<\/div>\n\t\t\t\t\t<\/div>\n\t\t<\/section>\n\t\t\t\t<\/div>","protected":false},"excerpt":{"rendered":"<p>COMERCIO JUSTO El comercio justo y comercializar asociadamente es una alternativa sostenible para los peque\u00f1os productores, garantiz\u00e1ndose un mercado que busca productos de calidad. Fundaci\u00f3n<\/p>","protected":false},"author":4,"featured_media":0,"parent":0,"menu_order":0,"comment_status":"closed","ping_status":"closed","template":"","meta":{"footnotes":""},"class_list":["post-195","page","type-page","status-publish","hentry"],"yoast_head":"<!-- This site is optimized with the Yoast SEO plugin v27.5 - https:\/\/yoast.com\/product\/yoast-seo-wordpress\/ -->\n<title>Comercio justo en Fundaci\u00f3n Amazon\u00eda Productiva<\/title>\n<meta name=\"description\" content=\"El comercio justo busca generar una econom\u00eda popular y solidaria equitativa para todo el sector productivo\" \/>\n<meta name=\"robots\" content=\"index, follow, max-snippet:-1, max-image-preview:large, max-video-preview:-1\" \/>\n<link rel=\"canonical\" href=\"https:\/\/fapecuador.org\/de\/fairer-handel\/\" \/>\n<meta property=\"og:locale\" content=\"de_DE\" \/>\n<meta property=\"og:type\" content=\"article\" \/>\n<meta property=\"og:title\" content=\"Comercio justo en Fundaci\u00f3n Amazon\u00eda Productiva\" \/>\n<meta property=\"og:description\" content=\"El comercio justo busca generar una econom\u00eda popular y solidaria equitativa para todo el sector productivo\" \/>\n<meta property=\"og:url\" content=\"https:\/\/fapecuador.org\/de\/fairer-handel\/\" \/>\n<meta property=\"og:site_name\" content=\"Fundaci\u00f3n Amazon\u00eda Productiva\" \/>\n<meta property=\"article:modified_time\" content=\"2025-07-08T15:04:57+00:00\" \/>\n<meta property=\"og:image\" content=\"https:\/\/fapecuador.org\/wp-content\/uploads\/2025\/07\/20230825_163204-scaled.jpg\" \/>\n\t<meta property=\"og:image:width\" content=\"2560\" \/>\n\t<meta property=\"og:image:height\" content=\"1441\" \/>\n\t<meta property=\"og:image:type\" content=\"image\/jpeg\" \/>\n<meta name=\"twitter:card\" content=\"summary_large_image\" \/>\n<meta name=\"twitter:label1\" content=\"Gesch\u00e4tzte Lesezeit\" \/>\n\t<meta name=\"twitter:data1\" content=\"6\u00a0Minuten\" \/>\n<script type=\"application\/ld+json\" class=\"yoast-schema-graph\">{\"@context\":\"https:\\\/\\\/schema.org\",\"@graph\":[{\"@type\":\"WebPage\",\"@id\":\"https:\\\/\\\/fapecuador.org\\\/es_ec\\\/comercio-justo\\\/\",\"url\":\"https:\\\/\\\/fapecuador.org\\\/es_ec\\\/comercio-justo\\\/\",\"name\":\"Comercio justo en Fundaci\u00f3n Amazon\u00eda Productiva\",\"isPartOf\":{\"@id\":\"http:\\\/\\\/fapecuador.org\\\/es_ec\\\/#website\"},\"primaryImageOfPage\":{\"@id\":\"https:\\\/\\\/fapecuador.org\\\/es_ec\\\/comercio-justo\\\/#primaryimage\"},\"image\":{\"@id\":\"https:\\\/\\\/fapecuador.org\\\/es_ec\\\/comercio-justo\\\/#primaryimage\"},\"thumbnailUrl\":\"https:\\\/\\\/fapecuador.org\\\/wp-content\\\/uploads\\\/2025\\\/07\\\/20230825_163204-1024x577.jpg\",\"datePublished\":\"2022-07-11T20:21:10+00:00\",\"dateModified\":\"2025-07-08T15:04:57+00:00\",\"description\":\"El comercio justo busca generar una econom\u00eda popular y solidaria equitativa para todo el sector productivo\",\"breadcrumb\":{\"@id\":\"https:\\\/\\\/fapecuador.org\\\/es_ec\\\/comercio-justo\\\/#breadcrumb\"},\"inLanguage\":\"de\",\"potentialAction\":[{\"@type\":\"ReadAction\",\"target\":[\"https:\\\/\\\/fapecuador.org\\\/es_ec\\\/comercio-justo\\\/\"]}]},{\"@type\":\"ImageObject\",\"inLanguage\":\"de\",\"@id\":\"https:\\\/\\\/fapecuador.org\\\/es_ec\\\/comercio-justo\\\/#primaryimage\",\"url\":\"https:\\\/\\\/fapecuador.org\\\/wp-content\\\/uploads\\\/2025\\\/07\\\/20230825_163204-1024x577.jpg\",\"contentUrl\":\"https:\\\/\\\/fapecuador.org\\\/wp-content\\\/uploads\\\/2025\\\/07\\\/20230825_163204-1024x577.jpg\"},{\"@type\":\"BreadcrumbList\",\"@id\":\"https:\\\/\\\/fapecuador.org\\\/es_ec\\\/comercio-justo\\\/#breadcrumb\",\"itemListElement\":[{\"@type\":\"ListItem\",\"position\":1,\"name\":\"Portada\",\"item\":\"https:\\\/\\\/fapecuador.org\\\/\"},{\"@type\":\"ListItem\",\"position\":2,\"name\":\"COMERCIO JUSTO\"}]},{\"@type\":\"WebSite\",\"@id\":\"http:\\\/\\\/fapecuador.org\\\/es_ec\\\/#website\",\"url\":\"http:\\\/\\\/fapecuador.org\\\/es_ec\\\/\",\"name\":\"Fundaci\u00f3n Amazon\u00eda Productiva\",\"description\":\"\",\"publisher\":{\"@id\":\"http:\\\/\\\/fapecuador.org\\\/es_ec\\\/#organization\"},\"potentialAction\":[{\"@type\":\"SearchAction\",\"target\":{\"@type\":\"EntryPoint\",\"urlTemplate\":\"http:\\\/\\\/fapecuador.org\\\/es_ec\\\/?s={search_term_string}\"},\"query-input\":{\"@type\":\"PropertyValueSpecification\",\"valueRequired\":true,\"valueName\":\"search_term_string\"}}],\"inLanguage\":\"de\"},{\"@type\":\"Organization\",\"@id\":\"http:\\\/\\\/fapecuador.org\\\/es_ec\\\/#organization\",\"name\":\"Fundaci\u00f3n Amazon\u00eda Productiva\",\"url\":\"http:\\\/\\\/fapecuador.org\\\/es_ec\\\/\",\"logo\":{\"@type\":\"ImageObject\",\"inLanguage\":\"de\",\"@id\":\"http:\\\/\\\/fapecuador.org\\\/es_ec\\\/#\\\/schema\\\/logo\\\/image\\\/\",\"url\":\"https:\\\/\\\/fapecuador.org\\\/wp-content\\\/uploads\\\/2022\\\/07\\\/cropped-logo-fap-2020-cop.png\",\"contentUrl\":\"https:\\\/\\\/fapecuador.org\\\/wp-content\\\/uploads\\\/2022\\\/07\\\/cropped-logo-fap-2020-cop.png\",\"width\":592,\"height\":297,\"caption\":\"Fundaci\u00f3n Amazon\u00eda Productiva\"},\"image\":{\"@id\":\"http:\\\/\\\/fapecuador.org\\\/es_ec\\\/#\\\/schema\\\/logo\\\/image\\\/\"}}]}<\/script>\n<!-- \/ Yoast SEO plugin. -->","yoast_head_json":{"title":"Comercio justo en Fundaci\u00f3n Amazon\u00eda Productiva","description":"El comercio justo busca generar una econom\u00eda popular y solidaria equitativa para todo el sector productivo","robots":{"index":"index","follow":"follow","max-snippet":"max-snippet:-1","max-image-preview":"max-image-preview:large","max-video-preview":"max-video-preview:-1"},"canonical":"https:\/\/fapecuador.org\/de\/fairer-handel\/","og_locale":"de_DE","og_type":"article","og_title":"Comercio justo en Fundaci\u00f3n Amazon\u00eda Productiva","og_description":"El comercio justo busca generar una econom\u00eda popular y solidaria equitativa para todo el sector productivo","og_url":"https:\/\/fapecuador.org\/de\/fairer-handel\/","og_site_name":"Fundaci\u00f3n Amazon\u00eda Productiva","article_modified_time":"2025-07-08T15:04:57+00:00","og_image":[{"width":2560,"height":1441,"url":"https:\/\/fapecuador.org\/wp-content\/uploads\/2025\/07\/20230825_163204-scaled.jpg","type":"image\/jpeg"}],"twitter_card":"summary_large_image","twitter_misc":{"Gesch\u00e4tzte Lesezeit":"6\u00a0Minuten"},"schema":{"@context":"https:\/\/schema.org","@graph":[{"@type":"WebPage","@id":"https:\/\/fapecuador.org\/es_ec\/comercio-justo\/","url":"https:\/\/fapecuador.org\/es_ec\/comercio-justo\/","name":"Comercio justo en Fundaci\u00f3n Amazon\u00eda Productiva","isPartOf":{"@id":"http:\/\/fapecuador.org\/es_ec\/#website"},"primaryImageOfPage":{"@id":"https:\/\/fapecuador.org\/es_ec\/comercio-justo\/#primaryimage"},"image":{"@id":"https:\/\/fapecuador.org\/es_ec\/comercio-justo\/#primaryimage"},"thumbnailUrl":"https:\/\/fapecuador.org\/wp-content\/uploads\/2025\/07\/20230825_163204-1024x577.jpg","datePublished":"2022-07-11T20:21:10+00:00","dateModified":"2025-07-08T15:04:57+00:00","description":"El comercio justo busca generar una econom\u00eda popular y solidaria equitativa para todo el sector productivo","breadcrumb":{"@id":"https:\/\/fapecuador.org\/es_ec\/comercio-justo\/#breadcrumb"},"inLanguage":"de","potentialAction":[{"@type":"ReadAction","target":["https:\/\/fapecuador.org\/es_ec\/comercio-justo\/"]}]},{"@type":"ImageObject","inLanguage":"de","@id":"https:\/\/fapecuador.org\/es_ec\/comercio-justo\/#primaryimage","url":"https:\/\/fapecuador.org\/wp-content\/uploads\/2025\/07\/20230825_163204-1024x577.jpg","contentUrl":"https:\/\/fapecuador.org\/wp-content\/uploads\/2025\/07\/20230825_163204-1024x577.jpg"},{"@type":"BreadcrumbList","@id":"https:\/\/fapecuador.org\/es_ec\/comercio-justo\/#breadcrumb","itemListElement":[{"@type":"ListItem","position":1,"name":"Portada","item":"https:\/\/fapecuador.org\/"},{"@type":"ListItem","position":2,"name":"COMERCIO JUSTO"}]},{"@type":"WebSite","@id":"http:\/\/fapecuador.org\/es_ec\/#website","url":"http:\/\/fapecuador.org\/es_ec\/","name":"Fundaci\u00f3n Amazon\u00eda Productiva","description":"","publisher":{"@id":"http:\/\/fapecuador.org\/es_ec\/#organization"},"potentialAction":[{"@type":"SearchAction","target":{"@type":"EntryPoint","urlTemplate":"http:\/\/fapecuador.org\/es_ec\/?s={search_term_string}"},"query-input":{"@type":"PropertyValueSpecification","valueRequired":true,"valueName":"search_term_string"}}],"inLanguage":"de"},{"@type":"Organization","@id":"http:\/\/fapecuador.org\/es_ec\/#organization","name":"Fundaci\u00f3n Amazon\u00eda Productiva","url":"http:\/\/fapecuador.org\/es_ec\/","logo":{"@type":"ImageObject","inLanguage":"de","@id":"http:\/\/fapecuador.org\/es_ec\/#\/schema\/logo\/image\/","url":"https:\/\/fapecuador.org\/wp-content\/uploads\/2022\/07\/cropped-logo-fap-2020-cop.png","contentUrl":"https:\/\/fapecuador.org\/wp-content\/uploads\/2022\/07\/cropped-logo-fap-2020-cop.png","width":592,"height":297,"caption":"Fundaci\u00f3n Amazon\u00eda Productiva"},"image":{"@id":"http:\/\/fapecuador.org\/es_ec\/#\/schema\/logo\/image\/"}}]}},"_links":{"self":[{"href":"https:\/\/fapecuador.org\/de\/wp-json\/wp\/v2\/pages\/195","targetHints":{"allow":["GET"]}}],"collection":[{"href":"https:\/\/fapecuador.org\/de\/wp-json\/wp\/v2\/pages"}],"about":[{"href":"https:\/\/fapecuador.org\/de\/wp-json\/wp\/v2\/types\/page"}],"author":[{"embeddable":true,"href":"https:\/\/fapecuador.org\/de\/wp-json\/wp\/v2\/users\/4"}],"replies":[{"embeddable":true,"href":"https:\/\/fapecuador.org\/de\/wp-json\/wp\/v2\/comments?post=195"}],"version-history":[{"count":136,"href":"https:\/\/fapecuador.org\/de\/wp-json\/wp\/v2\/pages\/195\/revisions"}],"predecessor-version":[{"id":3765,"href":"https:\/\/fapecuador.org\/de\/wp-json\/wp\/v2\/pages\/195\/revisions\/3765"}],"wp:attachment":[{"href":"https:\/\/fapecuador.org\/de\/wp-json\/wp\/v2\/media?parent=195"}],"curies":[{"name":"wp","href":"https:\/\/api.w.org\/{rel}","templated":true}]}}