{"id":328,"date":"2022-07-13T17:24:30","date_gmt":"2022-07-13T17:24:30","guid":{"rendered":"http:\/\/fap-ec.local\/?page_id=328"},"modified":"2022-08-01T20:09:55","modified_gmt":"2022-08-01T20:09:55","slug":"viaje-responsable","status":"publish","type":"page","link":"https:\/\/fapecuador.org\/de\/viaje-responsable\/","title":{"rendered":"VERANTWORTUNGSVOLLES REISEN"},"content":{"rendered":"<div data-elementor-type=\"wp-page\" data-elementor-id=\"328\" class=\"elementor elementor-328\" data-elementor-post-type=\"page\">\n\t\t\t\t\t\t<section class=\"elementor-section elementor-top-section elementor-element elementor-element-c3afb3f elementor-section-boxed elementor-section-height-default elementor-section-height-default\" data-id=\"c3afb3f\" data-element_type=\"section\" data-e-type=\"section\" data-settings=\"{&quot;background_background&quot;:&quot;classic&quot;}\">\n\t\t\t\t\t\t<div class=\"elementor-container elementor-column-gap-default\">\n\t\t\t\t\t<div class=\"elementor-column elementor-col-100 elementor-top-column elementor-element elementor-element-73756ab\" data-id=\"73756ab\" data-element_type=\"column\" data-e-type=\"column\">\n\t\t\t<div class=\"elementor-widget-wrap elementor-element-populated\">\n\t\t\t\t\t\t<div class=\"elementor-element elementor-element-5f2fd12 elementor-widget elementor-widget-heading\" data-id=\"5f2fd12\" data-element_type=\"widget\" data-e-type=\"widget\" data-widget_type=\"heading.default\">\n\t\t\t\t<div class=\"elementor-widget-container\">\n\t\t\t\t\t<h1 class=\"elementor-heading-title elementor-size-default\">VERANTWORTUNGSVOLLES REISEN<\/h1>\t\t\t\t<\/div>\n\t\t\t\t<\/div>\n\t\t\t\t\t<\/div>\n\t\t<\/div>\n\t\t\t\t\t<\/div>\n\t\t<\/section>\n\t\t\t\t<section class=\"elementor-section elementor-top-section elementor-element elementor-element-e752eca elementor-section-boxed elementor-section-height-default elementor-section-height-default\" data-id=\"e752eca\" data-element_type=\"section\" data-e-type=\"section\">\n\t\t\t\t\t\t<div class=\"elementor-container elementor-column-gap-default\">\n\t\t\t\t\t<div class=\"elementor-column elementor-col-50 elementor-top-column elementor-element elementor-element-2cc9e52\" data-id=\"2cc9e52\" data-element_type=\"column\" data-e-type=\"column\">\n\t\t\t<div class=\"elementor-widget-wrap elementor-element-populated\">\n\t\t\t\t\t\t<div class=\"elementor-element elementor-element-dba94b8 elementor-widget elementor-widget-text-editor\" data-id=\"dba94b8\" data-element_type=\"widget\" data-e-type=\"widget\" data-widget_type=\"text-editor.default\">\n\t\t\t\t<div class=\"elementor-widget-container\">\n\t\t\t\t\t\t\t\t\t<p>F\u00fcr FAP ist verantwortungsbewusstes Reisen ein sehr wichtiger Aspekt. Deshalb haben wir spezielle Programme ins Leben gerufen,\nderen Ziel ist, den Respekt f\u00fcr die Umwelt und die verschiedenen besuchten Gemeinden zu gew\u00e4hrleisten.  Um einen nachhaltigen und bewussten Tourismus zu f\u00f6rdern, promovieren wir Initiativen und soziale, \u00f6kologische oder kulturelle Projekte, welche den Gemeinden, die auf den Tourismus als alternative Entwicklung gesetzt haben, direkt helfen und wirtschaftliches Wachstum erzeugen. Diese Projekte werden auch das Bewusstsein f\u00fcr die Auswirkungen der Reisende auf jeden Ort sch\u00e4rfen.<\/p>\n<p><a style=\"box-sizing: inherit; background-color: #ffffff; color: #9ac440; touch-action: manipulation; outline: none; padding: 0px; margin: 0px; overflow-wrap: break-word;\" href=\"https:\/\/responsibletravelsa.com\/\" target=\"_blank\" rel=\"noreferrer noopener\">ICH M\u00d6TCHE NACH ECUADOR REISEN<\/a><span style=\"color: var( --e-global-color-text ); font-family: var( --e-global-typography-text-font-family ), Sans-serif; font-weight: var( --e-global-typography-text-font-weight ); font-size: 1rem;\"><br>\n<\/span><\/p>\t\t\t\t\t\t\t\t<\/div>\n\t\t\t\t<\/div>\n\t\t\t\t<div class=\"elementor-element elementor-element-7dd81bd elementor-widget elementor-widget-image\" data-id=\"7dd81bd\" data-element_type=\"widget\" data-e-type=\"widget\" data-widget_type=\"image.default\">\n\t\t\t\t<div class=\"elementor-widget-container\">\n\t\t\t\t\t\t\t\t\t\t\t\t\t\t\t<img fetchpriority=\"high\" decoding=\"async\" width=\"600\" height=\"600\" src=\"https:\/\/fapecuador.org\/wp-content\/uploads\/2022\/07\/6-06-scaled-600x600-1.jpg\" class=\"attachment-large size-large wp-image-331\" alt=\"\" srcset=\"https:\/\/fapecuador.org\/wp-content\/uploads\/2022\/07\/6-06-scaled-600x600-1.jpg 600w, https:\/\/fapecuador.org\/wp-content\/uploads\/2022\/07\/6-06-scaled-600x600-1-300x300.jpg 300w, https:\/\/fapecuador.org\/wp-content\/uploads\/2022\/07\/6-06-scaled-600x600-1-100x100.jpg 100w, https:\/\/fapecuador.org\/wp-content\/uploads\/2022\/07\/6-06-scaled-600x600-1-150x150.jpg 150w\" sizes=\"(max-width: 600px) 100vw, 600px\" \/>\t\t\t\t\t\t\t\t\t\t\t\t\t\t\t<\/div>\n\t\t\t\t<\/div>\n\t\t\t\t<div class=\"elementor-element elementor-element-052a1eb elementor-icon-list--layout-traditional elementor-list-item-link-full_width elementor-widget elementor-widget-icon-list\" data-id=\"052a1eb\" data-element_type=\"widget\" data-e-type=\"widget\" data-widget_type=\"icon-list.default\">\n\t\t\t\t<div class=\"elementor-widget-container\">\n\t\t\t\t\t\t\t<ul class=\"elementor-icon-list-items\">\n\t\t\t\t\t\t\t<li class=\"elementor-icon-list-item\">\n\t\t\t\t\t\t\t\t\t\t\t<a href=\"https:\/\/fapecuador.org\/de\/grune-tagestour-mit-kaffeeduft-las-aradas\/\">\n\n\t\t\t\t\t\t\t\t\t\t\t\t<span class=\"elementor-icon-list-icon\">\n\t\t\t\t\t\t\t<i aria-hidden=\"true\" class=\"fas fa-circle\"><\/i>\t\t\t\t\t\t<\/span>\n\t\t\t\t\t\t\t\t\t\t<span class=\"elementor-icon-list-text\">Gr\u00fcne Tagestour mit Kaffeeduft - Las Aradas<\/span>\n\t\t\t\t\t\t\t\t\t\t\t<\/a>\n\t\t\t\t\t\t\t\t\t<\/li>\n\t\t\t\t\t\t\t\t<li class=\"elementor-icon-list-item\">\n\t\t\t\t\t\t\t\t\t\t\t<a href=\"https:\/\/fapecuador.org\/de\/2-tagige-grune-tour-mit-kaffeeduft-las-aradas\/\">\n\n\t\t\t\t\t\t\t\t\t\t\t\t<span class=\"elementor-icon-list-icon\">\n\t\t\t\t\t\t\t<i aria-hidden=\"true\" class=\"fas fa-circle\"><\/i>\t\t\t\t\t\t<\/span>\n\t\t\t\t\t\t\t\t\t\t<span class=\"elementor-icon-list-text\">2-t\u00e4gige Gr\u00fcne Tour mit Kaffeeduft - Las Aradas<\/span>\n\t\t\t\t\t\t\t\t\t\t\t<\/a>\n\t\t\t\t\t\t\t\t\t<\/li>\n\t\t\t\t\t\t\t\t<li class=\"elementor-icon-list-item\">\n\t\t\t\t\t\t\t\t\t\t\t<a href=\"https:\/\/fapecuador.org\/de\/2-tagige-grune-tour-abenteuer\/\">\n\n\t\t\t\t\t\t\t\t\t\t\t\t<span class=\"elementor-icon-list-icon\">\n\t\t\t\t\t\t\t<i aria-hidden=\"true\" class=\"fas fa-circle\"><\/i>\t\t\t\t\t\t<\/span>\n\t\t\t\t\t\t\t\t\t\t<span class=\"elementor-icon-list-text\">2-t\u00e4gige Gr\u00fcne Tour - Abenteuer (gute k\u00f6rperliche Form)<\/span>\n\t\t\t\t\t\t\t\t\t\t\t<\/a>\n\t\t\t\t\t\t\t\t\t<\/li>\n\t\t\t\t\t\t\t\t<li class=\"elementor-icon-list-item\">\n\t\t\t\t\t\t\t\t\t\t\t<a href=\"https:\/\/fapecuador.org\/de\/tour-chaka-sucua\/\">\n\n\t\t\t\t\t\t\t\t\t\t\t\t<span class=\"elementor-icon-list-icon\">\n\t\t\t\t\t\t\t<i aria-hidden=\"true\" class=\"fas fa-circle\"><\/i>\t\t\t\t\t\t<\/span>\n\t\t\t\t\t\t\t\t\t\t<span class=\"elementor-icon-list-text\">Tour Chaka Suc\u00faa<\/span>\n\t\t\t\t\t\t\t\t\t\t\t<\/a>\n\t\t\t\t\t\t\t\t\t<\/li>\n\t\t\t\t\t\t\t\t<li class=\"elementor-icon-list-item\">\n\t\t\t\t\t\t\t\t\t\t\t<a href=\"https:\/\/fapecuador.org\/de\/tour-kulturell\/\">\n\n\t\t\t\t\t\t\t\t\t\t\t\t<span class=\"elementor-icon-list-icon\">\n\t\t\t\t\t\t\t<i aria-hidden=\"true\" class=\"fas fa-circle\"><\/i>\t\t\t\t\t\t<\/span>\n\t\t\t\t\t\t\t\t\t\t<span class=\"elementor-icon-list-text\">TOUR KULTURELL<\/span>\n\t\t\t\t\t\t\t\t\t\t\t<\/a>\n\t\t\t\t\t\t\t\t\t<\/li>\n\t\t\t\t\t\t\t\t<li class=\"elementor-icon-list-item\">\n\t\t\t\t\t\t\t\t\t\t\t<a href=\"https:\/\/fapecuador.org\/de\/napo-cultural-center-4-tags\/\">\n\n\t\t\t\t\t\t\t\t\t\t\t\t<span class=\"elementor-icon-list-icon\">\n\t\t\t\t\t\t\t<i aria-hidden=\"true\" class=\"fas fa-circle\"><\/i>\t\t\t\t\t\t<\/span>\n\t\t\t\t\t\t\t\t\t\t<span class=\"elementor-icon-list-text\">NAPO CULTURAL CENTER - 4 TAGS<\/span>\n\t\t\t\t\t\t\t\t\t\t\t<\/a>\n\t\t\t\t\t\t\t\t\t<\/li>\n\t\t\t\t\t\t<\/ul>\n\t\t\t\t\t\t<\/div>\n\t\t\t\t<\/div>\n\t\t\t\t\t<\/div>\n\t\t<\/div>\n\t\t\t\t<div class=\"elementor-column elementor-col-50 elementor-top-column elementor-element elementor-element-6df5194\" data-id=\"6df5194\" data-element_type=\"column\" data-e-type=\"column\">\n\t\t\t<div class=\"elementor-widget-wrap elementor-element-populated\">\n\t\t\t\t\t\t<div class=\"elementor-element elementor-element-4bb3ce8 elementor-widget elementor-widget-template\" data-id=\"4bb3ce8\" data-element_type=\"widget\" data-e-type=\"widget\" data-widget_type=\"template.default\">\n\t\t\t\t<div class=\"elementor-widget-container\">\n\t\t\t\t\t\t\t<div class=\"elementor-template\">\r\n\t\t\t\t\t<div data-elementor-type=\"section\" data-elementor-id=\"702\" class=\"elementor elementor-702\" data-elementor-post-type=\"elementor_library\">\r\n\t\t\t\t\t<section class=\"elementor-section elementor-top-section elementor-element elementor-element-0220e94 elementor-section-boxed elementor-section-height-default elementor-section-height-default\" data-id=\"0220e94\" data-element_type=\"section\" data-e-type=\"section\">\n\t\t\t\t\t\t<div class=\"elementor-container elementor-column-gap-default\">\n\t\t\t\t\t<div class=\"elementor-column elementor-col-100 elementor-top-column elementor-element elementor-element-a7c1434\" data-id=\"a7c1434\" data-element_type=\"column\" data-e-type=\"column\">\n\t\t\t<div class=\"elementor-widget-wrap elementor-element-populated\">\n\t\t\t\t\t\t<div class=\"elementor-element elementor-element-f908944 elementor-widget elementor-widget-heading\" data-id=\"f908944\" data-element_type=\"widget\" data-e-type=\"widget\" data-widget_type=\"heading.default\">\n\t\t\t\t<div class=\"elementor-widget-container\">\n\t\t\t\t\t<h2 class=\"elementor-heading-title elementor-size-medium\">Letzte Nachrichten<\/h2>\t\t\t\t<\/div>\n\t\t\t\t<\/div>\n\t\t\t\t<div class=\"elementor-element elementor-element-99db536 elementor-grid-1 elementor-grid-tablet-2 elementor-grid-mobile-1 elementor-posts--thumbnail-top elementor-widget elementor-widget-posts\" data-id=\"99db536\" data-element_type=\"widget\" data-e-type=\"widget\" data-settings=\"{&quot;classic_columns&quot;:&quot;1&quot;,&quot;classic_columns_tablet&quot;:&quot;2&quot;,&quot;classic_columns_mobile&quot;:&quot;1&quot;,&quot;classic_row_gap&quot;:{&quot;unit&quot;:&quot;px&quot;,&quot;size&quot;:35,&quot;sizes&quot;:[]},&quot;classic_row_gap_tablet&quot;:{&quot;unit&quot;:&quot;px&quot;,&quot;size&quot;:&quot;&quot;,&quot;sizes&quot;:[]},&quot;classic_row_gap_mobile&quot;:{&quot;unit&quot;:&quot;px&quot;,&quot;size&quot;:&quot;&quot;,&quot;sizes&quot;:[]}}\" data-widget_type=\"posts.classic\">\n\t\t\t\t<div class=\"elementor-widget-container\">\n\t\t\t\t\t\t\t<div class=\"elementor-posts-container elementor-posts elementor-posts--skin-classic elementor-grid\" role=\"list\">\r\n\t\t\t\t<article class=\"elementor-post elementor-grid-item post-3703 post type-post status-publish format-standard has-post-thumbnail hentry category-ambiental category-blog category-comercio-justo category-cultural category-social category-uncategorized tag-adopta-un-arbol tag-ambiental tag-proyectos tag-social\" role=\"listitem\">\r\n\t\t\t\t<a class=\"elementor-post__thumbnail__link\" href=\"https:\/\/fapecuador.org\/de\/reforestacion-empresarial\/\" tabindex=\"-1\" >\r\n\t\t\t<div class=\"elementor-post__thumbnail\"><img decoding=\"async\" width=\"2560\" height=\"1709\" src=\"https:\/\/fapecuador.org\/wp-content\/uploads\/2025\/02\/pexels-mikhail-nilov-8543602-scaled.jpg\" class=\"attachment-full size-full wp-image-3704\" alt=\"\" srcset=\"https:\/\/fapecuador.org\/wp-content\/uploads\/2025\/02\/pexels-mikhail-nilov-8543602-scaled.jpg 2560w, https:\/\/fapecuador.org\/wp-content\/uploads\/2025\/02\/pexels-mikhail-nilov-8543602-300x200.jpg 300w, https:\/\/fapecuador.org\/wp-content\/uploads\/2025\/02\/pexels-mikhail-nilov-8543602-1024x684.jpg 1024w, https:\/\/fapecuador.org\/wp-content\/uploads\/2025\/02\/pexels-mikhail-nilov-8543602-768x513.jpg 768w, https:\/\/fapecuador.org\/wp-content\/uploads\/2025\/02\/pexels-mikhail-nilov-8543602-1536x1025.jpg 1536w, https:\/\/fapecuador.org\/wp-content\/uploads\/2025\/02\/pexels-mikhail-nilov-8543602-2048x1367.jpg 2048w, https:\/\/fapecuador.org\/wp-content\/uploads\/2025\/02\/pexels-mikhail-nilov-8543602-18x12.jpg 18w, https:\/\/fapecuador.org\/wp-content\/uploads\/2025\/02\/pexels-mikhail-nilov-8543602-600x401.jpg 600w\" sizes=\"(max-width: 2560px) 100vw, 2560px\" \/><\/div>\r\n\t\t<\/a>\r\n\t\t\t\t<div class=\"elementor-post__text\">\r\n\t\t\t\t<h3 class=\"elementor-post__title\">\r\n\t\t\t<a href=\"https:\/\/fapecuador.org\/de\/reforestacion-empresarial\/\" >\r\n\t\t\t\tUnternehmensaufforstung: Eine nachhaltige L\u00f6sung f\u00fcr eine gr\u00fcne Zukunft\t\t\t<\/a>\r\n\t\t<\/h3>\r\n\t\t\t\t<\/div>\r\n\t\t\t\t<\/article>\r\n\t\t\t\t<article class=\"elementor-post elementor-grid-item post-3602 post type-post status-publish format-standard has-post-thumbnail hentry category-ambiental category-blog category-cultural category-social category-uncategorized\" role=\"listitem\">\r\n\t\t\t\t<a class=\"elementor-post__thumbnail__link\" href=\"https:\/\/fapecuador.org\/de\/ultimas-actividades-en-adopta-un-arbol\/\" tabindex=\"-1\" >\r\n\t\t\t<div class=\"elementor-post__thumbnail\"><img decoding=\"async\" width=\"2560\" height=\"1920\" src=\"https:\/\/fapecuador.org\/wp-content\/uploads\/2023\/12\/IMG_9124-1-scaled.jpg\" class=\"attachment-full size-full wp-image-3594\" alt=\"\" srcset=\"https:\/\/fapecuador.org\/wp-content\/uploads\/2023\/12\/IMG_9124-1-scaled.jpg 2560w, https:\/\/fapecuador.org\/wp-content\/uploads\/2023\/12\/IMG_9124-1-300x225.jpg 300w, https:\/\/fapecuador.org\/wp-content\/uploads\/2023\/12\/IMG_9124-1-1024x768.jpg 1024w, https:\/\/fapecuador.org\/wp-content\/uploads\/2023\/12\/IMG_9124-1-768x576.jpg 768w, https:\/\/fapecuador.org\/wp-content\/uploads\/2023\/12\/IMG_9124-1-1536x1152.jpg 1536w, https:\/\/fapecuador.org\/wp-content\/uploads\/2023\/12\/IMG_9124-1-2048x1536.jpg 2048w, https:\/\/fapecuador.org\/wp-content\/uploads\/2023\/12\/IMG_9124-1-16x12.jpg 16w, https:\/\/fapecuador.org\/wp-content\/uploads\/2023\/12\/IMG_9124-1-600x450.jpg 600w\" sizes=\"(max-width: 2560px) 100vw, 2560px\" \/><\/div>\r\n\t\t<\/a>\r\n\t\t\t\t<div class=\"elementor-post__text\">\r\n\t\t\t\t<h3 class=\"elementor-post__title\">\r\n\t\t\t<a href=\"https:\/\/fapecuador.org\/de\/ultimas-actividades-en-adopta-un-arbol\/\" >\r\n\t\t\t\tNeueste Aktivit\u00e4ten zu Adopt a Tree!\t\t\t<\/a>\r\n\t\t<\/h3>\r\n\t\t\t\t<\/div>\r\n\t\t\t\t<\/article>\r\n\t\t\t\t<article class=\"elementor-post elementor-grid-item post-3248 post type-post status-publish format-standard has-post-thumbnail hentry category-ambiental category-blog category-cultural category-social category-uncategorized\" role=\"listitem\">\r\n\t\t\t\t<a class=\"elementor-post__thumbnail__link\" href=\"https:\/\/fapecuador.org\/de\/actualizacion-del-proyecto-compensacion-huella-carbono-y-logros-destacados\/\" tabindex=\"-1\" >\r\n\t\t\t<div class=\"elementor-post__thumbnail\"><img loading=\"lazy\" decoding=\"async\" width=\"2042\" height=\"1192\" src=\"https:\/\/fapecuador.org\/wp-content\/uploads\/2023\/07\/IMG_3377-e1690918135478.jpeg\" class=\"attachment-full size-full wp-image-3257\" alt=\"\" srcset=\"https:\/\/fapecuador.org\/wp-content\/uploads\/2023\/07\/IMG_3377-e1690918135478.jpeg 2042w, https:\/\/fapecuador.org\/wp-content\/uploads\/2023\/07\/IMG_3377-e1690918135478-300x175.jpeg 300w, https:\/\/fapecuador.org\/wp-content\/uploads\/2023\/07\/IMG_3377-e1690918135478-1024x598.jpeg 1024w, https:\/\/fapecuador.org\/wp-content\/uploads\/2023\/07\/IMG_3377-e1690918135478-768x448.jpeg 768w, https:\/\/fapecuador.org\/wp-content\/uploads\/2023\/07\/IMG_3377-e1690918135478-1536x897.jpeg 1536w, https:\/\/fapecuador.org\/wp-content\/uploads\/2023\/07\/IMG_3377-e1690918135478-18x12.jpeg 18w, https:\/\/fapecuador.org\/wp-content\/uploads\/2023\/07\/IMG_3377-e1690918135478-600x350.jpeg 600w\" sizes=\"(max-width: 2042px) 100vw, 2042px\" \/><\/div>\r\n\t\t<\/a>\r\n\t\t\t\t<div class=\"elementor-post__text\">\r\n\t\t\t\t<h3 class=\"elementor-post__title\">\r\n\t\t\t<a href=\"https:\/\/fapecuador.org\/de\/actualizacion-del-proyecto-compensacion-huella-carbono-y-logros-destacados\/\" >\r\n\t\t\t\tUpdate zum CO2-Ausgleichsprojekt: Fortschritte und H\u00f6hepunkte!\t\t\t<\/a>\r\n\t\t<\/h3>\r\n\t\t\t\t<\/div>\r\n\t\t\t\t<\/article>\r\n\t\t\t\t<article class=\"elementor-post elementor-grid-item post-3027 post type-post status-publish format-standard has-post-thumbnail hentry category-ambiental category-blog category-social category-uncategorized\" role=\"listitem\">\r\n\t\t\t\t<a class=\"elementor-post__thumbnail__link\" href=\"https:\/\/fapecuador.org\/de\/alcanzamos-los-mil-arboles-sembrados\/\" tabindex=\"-1\" >\r\n\t\t\t<div class=\"elementor-post__thumbnail\"><img loading=\"lazy\" decoding=\"async\" width=\"940\" height=\"704\" src=\"https:\/\/fapecuador.org\/wp-content\/uploads\/2023\/01\/\u00a1Alcanzamos-los-1000-arboles-sembrados.jpg\" class=\"attachment-full size-full wp-image-3063\" alt=\"\" srcset=\"https:\/\/fapecuador.org\/wp-content\/uploads\/2023\/01\/\u00a1Alcanzamos-los-1000-arboles-sembrados.jpg 940w, https:\/\/fapecuador.org\/wp-content\/uploads\/2023\/01\/\u00a1Alcanzamos-los-1000-arboles-sembrados-300x225.jpg 300w, https:\/\/fapecuador.org\/wp-content\/uploads\/2023\/01\/\u00a1Alcanzamos-los-1000-arboles-sembrados-768x575.jpg 768w, https:\/\/fapecuador.org\/wp-content\/uploads\/2023\/01\/\u00a1Alcanzamos-los-1000-arboles-sembrados-16x12.jpg 16w, https:\/\/fapecuador.org\/wp-content\/uploads\/2023\/01\/\u00a1Alcanzamos-los-1000-arboles-sembrados-600x449.jpg 600w\" sizes=\"(max-width: 940px) 100vw, 940px\" \/><\/div>\r\n\t\t<\/a>\r\n\t\t\t\t<div class=\"elementor-post__text\">\r\n\t\t\t\t<h3 class=\"elementor-post__title\">\r\n\t\t\t<a href=\"https:\/\/fapecuador.org\/de\/alcanzamos-los-mil-arboles-sembrados\/\" >\r\n\t\t\t\tWir haben die tausend gepflanzten B\u00e4ume erreicht!\t\t\t<\/a>\r\n\t\t<\/h3>\r\n\t\t\t\t<\/div>\r\n\t\t\t\t<\/article>\r\n\t\t\t\t<article class=\"elementor-post elementor-grid-item post-1881 post type-post status-publish format-standard has-post-thumbnail hentry category-ambiental category-blog category-noticias tag-adopta-un-arbol tag-ambiental tag-noticias\" role=\"listitem\">\r\n\t\t\t\t<a class=\"elementor-post__thumbnail__link\" href=\"https:\/\/fapecuador.org\/de\/1881-2\/\" tabindex=\"-1\" >\r\n\t\t\t<div class=\"elementor-post__thumbnail\"><img loading=\"lazy\" decoding=\"async\" width=\"1748\" height=\"1240\" src=\"https:\/\/fapecuador.org\/wp-content\/uploads\/2022\/11\/Diseno-sin-titulo-1.jpg\" class=\"attachment-full size-full wp-image-1883\" alt=\"\" srcset=\"https:\/\/fapecuador.org\/wp-content\/uploads\/2022\/11\/Diseno-sin-titulo-1.jpg 1748w, https:\/\/fapecuador.org\/wp-content\/uploads\/2022\/11\/Diseno-sin-titulo-1-300x213.jpg 300w, https:\/\/fapecuador.org\/wp-content\/uploads\/2022\/11\/Diseno-sin-titulo-1-1024x726.jpg 1024w, https:\/\/fapecuador.org\/wp-content\/uploads\/2022\/11\/Diseno-sin-titulo-1-768x545.jpg 768w, https:\/\/fapecuador.org\/wp-content\/uploads\/2022\/11\/Diseno-sin-titulo-1-1536x1090.jpg 1536w, https:\/\/fapecuador.org\/wp-content\/uploads\/2022\/11\/Diseno-sin-titulo-1-18x12.jpg 18w, https:\/\/fapecuador.org\/wp-content\/uploads\/2022\/11\/Diseno-sin-titulo-1-600x426.jpg 600w\" sizes=\"(max-width: 1748px) 100vw, 1748px\" \/><\/div>\r\n\t\t<\/a>\r\n\t\t\t\t<div class=\"elementor-post__text\">\r\n\t\t\t\t<h3 class=\"elementor-post__title\">\r\n\t\t\t<a href=\"https:\/\/fapecuador.org\/de\/1881-2\/\" >\r\n\t\t\t\tDer zweite Pflanztag zusammen mit der PUCE\t\t\t<\/a>\r\n\t\t<\/h3>\r\n\t\t\t\t<\/div>\r\n\t\t\t\t<\/article>\r\n\t\t\t\t<\/div>\r\n\t\t\r\n\t\t\t\t\t\t<\/div>\n\t\t\t\t<\/div>\n\t\t\t\t\t<\/div>\n\t\t<\/div>\n\t\t\t\t\t<\/div>\n\t\t<\/section>\n\t\t\t\t<\/div>\r\n\t\t\t\t<\/div>\r\n\t\t\t\t\t\t<\/div>\n\t\t\t\t<\/div>\n\t\t\t\t\t<\/div>\n\t\t<\/div>\n\t\t\t\t\t<\/div>\n\t\t<\/section>\n\t\t\t\t<\/div>","protected":false},"excerpt":{"rendered":"<p>VIAJE RESPONSABLE Para FAP, viajar responsablemente es un aspecto muy importante, por ello hemos creado dos programas especiales cuya finalidad es velar por el respeto<\/p>","protected":false},"author":4,"featured_media":0,"parent":0,"menu_order":0,"comment_status":"closed","ping_status":"closed","template":"","meta":{"footnotes":""},"class_list":["post-328","page","type-page","status-publish","hentry"],"yoast_head":"<!-- This site is optimized with the Yoast SEO plugin v27.5 - https:\/\/yoast.com\/product\/yoast-seo-wordpress\/ -->\n<title>VIAJE RESPONSABLE - Fundaci\u00f3n Amazon\u00eda Productiva<\/title>\n<meta name=\"robots\" content=\"index, follow, max-snippet:-1, max-image-preview:large, max-video-preview:-1\" \/>\n<link rel=\"canonical\" href=\"https:\/\/fapecuador.org\/de\/verantwortungsvolles-reisen\/\" \/>\n<meta property=\"og:locale\" content=\"de_DE\" \/>\n<meta property=\"og:type\" content=\"article\" \/>\n<meta property=\"og:title\" content=\"VIAJE RESPONSABLE - Fundaci\u00f3n Amazon\u00eda Productiva\" \/>\n<meta property=\"og:description\" content=\"VIAJE RESPONSABLE Para FAP, viajar responsablemente es un aspecto muy importante, por ello hemos creado dos programas especiales cuya finalidad es velar por el respeto\" \/>\n<meta property=\"og:url\" content=\"https:\/\/fapecuador.org\/de\/verantwortungsvolles-reisen\/\" \/>\n<meta property=\"og:site_name\" content=\"Fundaci\u00f3n Amazon\u00eda Productiva\" \/>\n<meta property=\"article:modified_time\" content=\"2022-08-01T20:09:55+00:00\" \/>\n<meta property=\"og:image\" content=\"https:\/\/fapecuador.org\/wp-content\/uploads\/2022\/07\/6-06-scaled-600x600-1.jpg\" \/>\n<meta name=\"twitter:card\" content=\"summary_large_image\" \/>\n<meta name=\"twitter:label1\" content=\"Gesch\u00e4tzte Lesezeit\" \/>\n\t<meta name=\"twitter:data1\" content=\"1\u00a0Minute\" \/>\n<script type=\"application\/ld+json\" class=\"yoast-schema-graph\">{\"@context\":\"https:\\\/\\\/schema.org\",\"@graph\":[{\"@type\":\"WebPage\",\"@id\":\"https:\\\/\\\/fapecuador.org\\\/es_ec\\\/viaje-responsable\\\/\",\"url\":\"https:\\\/\\\/fapecuador.org\\\/es_ec\\\/viaje-responsable\\\/\",\"name\":\"VIAJE RESPONSABLE - Fundaci\u00f3n Amazon\u00eda Productiva\",\"isPartOf\":{\"@id\":\"http:\\\/\\\/fapecuador.org\\\/es_ec\\\/#website\"},\"primaryImageOfPage\":{\"@id\":\"https:\\\/\\\/fapecuador.org\\\/es_ec\\\/viaje-responsable\\\/#primaryimage\"},\"image\":{\"@id\":\"https:\\\/\\\/fapecuador.org\\\/es_ec\\\/viaje-responsable\\\/#primaryimage\"},\"thumbnailUrl\":\"https:\\\/\\\/fapecuador.org\\\/wp-content\\\/uploads\\\/2022\\\/07\\\/6-06-scaled-600x600-1.jpg\",\"datePublished\":\"2022-07-13T17:24:30+00:00\",\"dateModified\":\"2022-08-01T20:09:55+00:00\",\"breadcrumb\":{\"@id\":\"https:\\\/\\\/fapecuador.org\\\/es_ec\\\/viaje-responsable\\\/#breadcrumb\"},\"inLanguage\":\"de\",\"potentialAction\":[{\"@type\":\"ReadAction\",\"target\":[\"https:\\\/\\\/fapecuador.org\\\/es_ec\\\/viaje-responsable\\\/\"]}]},{\"@type\":\"ImageObject\",\"inLanguage\":\"de\",\"@id\":\"https:\\\/\\\/fapecuador.org\\\/es_ec\\\/viaje-responsable\\\/#primaryimage\",\"url\":\"https:\\\/\\\/fapecuador.org\\\/wp-content\\\/uploads\\\/2022\\\/07\\\/6-06-scaled-600x600-1.jpg\",\"contentUrl\":\"https:\\\/\\\/fapecuador.org\\\/wp-content\\\/uploads\\\/2022\\\/07\\\/6-06-scaled-600x600-1.jpg\"},{\"@type\":\"BreadcrumbList\",\"@id\":\"https:\\\/\\\/fapecuador.org\\\/es_ec\\\/viaje-responsable\\\/#breadcrumb\",\"itemListElement\":[{\"@type\":\"ListItem\",\"position\":1,\"name\":\"Portada\",\"item\":\"https:\\\/\\\/fapecuador.org\\\/\"},{\"@type\":\"ListItem\",\"position\":2,\"name\":\"VIAJE RESPONSABLE\"}]},{\"@type\":\"WebSite\",\"@id\":\"http:\\\/\\\/fapecuador.org\\\/es_ec\\\/#website\",\"url\":\"http:\\\/\\\/fapecuador.org\\\/es_ec\\\/\",\"name\":\"Fundaci\u00f3n Amazon\u00eda Productiva\",\"description\":\"\",\"publisher\":{\"@id\":\"http:\\\/\\\/fapecuador.org\\\/es_ec\\\/#organization\"},\"potentialAction\":[{\"@type\":\"SearchAction\",\"target\":{\"@type\":\"EntryPoint\",\"urlTemplate\":\"http:\\\/\\\/fapecuador.org\\\/es_ec\\\/?s={search_term_string}\"},\"query-input\":{\"@type\":\"PropertyValueSpecification\",\"valueRequired\":true,\"valueName\":\"search_term_string\"}}],\"inLanguage\":\"de\"},{\"@type\":\"Organization\",\"@id\":\"http:\\\/\\\/fapecuador.org\\\/es_ec\\\/#organization\",\"name\":\"Fundaci\u00f3n Amazon\u00eda Productiva\",\"url\":\"http:\\\/\\\/fapecuador.org\\\/es_ec\\\/\",\"logo\":{\"@type\":\"ImageObject\",\"inLanguage\":\"de\",\"@id\":\"http:\\\/\\\/fapecuador.org\\\/es_ec\\\/#\\\/schema\\\/logo\\\/image\\\/\",\"url\":\"https:\\\/\\\/fapecuador.org\\\/wp-content\\\/uploads\\\/2022\\\/07\\\/cropped-logo-fap-2020-cop.png\",\"contentUrl\":\"https:\\\/\\\/fapecuador.org\\\/wp-content\\\/uploads\\\/2022\\\/07\\\/cropped-logo-fap-2020-cop.png\",\"width\":592,\"height\":297,\"caption\":\"Fundaci\u00f3n Amazon\u00eda Productiva\"},\"image\":{\"@id\":\"http:\\\/\\\/fapecuador.org\\\/es_ec\\\/#\\\/schema\\\/logo\\\/image\\\/\"}}]}<\/script>\n<!-- \/ Yoast SEO plugin. -->","yoast_head_json":{"title":"VIAJE RESPONSABLE - Fundaci\u00f3n Amazon\u00eda Productiva","robots":{"index":"index","follow":"follow","max-snippet":"max-snippet:-1","max-image-preview":"max-image-preview:large","max-video-preview":"max-video-preview:-1"},"canonical":"https:\/\/fapecuador.org\/de\/verantwortungsvolles-reisen\/","og_locale":"de_DE","og_type":"article","og_title":"VIAJE RESPONSABLE - Fundaci\u00f3n Amazon\u00eda Productiva","og_description":"VIAJE RESPONSABLE Para FAP, viajar responsablemente es un aspecto muy importante, por ello hemos creado dos programas especiales cuya finalidad es velar por el respeto","og_url":"https:\/\/fapecuador.org\/de\/verantwortungsvolles-reisen\/","og_site_name":"Fundaci\u00f3n Amazon\u00eda Productiva","article_modified_time":"2022-08-01T20:09:55+00:00","og_image":[{"url":"https:\/\/fapecuador.org\/wp-content\/uploads\/2022\/07\/6-06-scaled-600x600-1.jpg","type":"","width":"","height":""}],"twitter_card":"summary_large_image","twitter_misc":{"Gesch\u00e4tzte Lesezeit":"1\u00a0Minute"},"schema":{"@context":"https:\/\/schema.org","@graph":[{"@type":"WebPage","@id":"https:\/\/fapecuador.org\/es_ec\/viaje-responsable\/","url":"https:\/\/fapecuador.org\/es_ec\/viaje-responsable\/","name":"VIAJE RESPONSABLE - Fundaci\u00f3n Amazon\u00eda Productiva","isPartOf":{"@id":"http:\/\/fapecuador.org\/es_ec\/#website"},"primaryImageOfPage":{"@id":"https:\/\/fapecuador.org\/es_ec\/viaje-responsable\/#primaryimage"},"image":{"@id":"https:\/\/fapecuador.org\/es_ec\/viaje-responsable\/#primaryimage"},"thumbnailUrl":"https:\/\/fapecuador.org\/wp-content\/uploads\/2022\/07\/6-06-scaled-600x600-1.jpg","datePublished":"2022-07-13T17:24:30+00:00","dateModified":"2022-08-01T20:09:55+00:00","breadcrumb":{"@id":"https:\/\/fapecuador.org\/es_ec\/viaje-responsable\/#breadcrumb"},"inLanguage":"de","potentialAction":[{"@type":"ReadAction","target":["https:\/\/fapecuador.org\/es_ec\/viaje-responsable\/"]}]},{"@type":"ImageObject","inLanguage":"de","@id":"https:\/\/fapecuador.org\/es_ec\/viaje-responsable\/#primaryimage","url":"https:\/\/fapecuador.org\/wp-content\/uploads\/2022\/07\/6-06-scaled-600x600-1.jpg","contentUrl":"https:\/\/fapecuador.org\/wp-content\/uploads\/2022\/07\/6-06-scaled-600x600-1.jpg"},{"@type":"BreadcrumbList","@id":"https:\/\/fapecuador.org\/es_ec\/viaje-responsable\/#breadcrumb","itemListElement":[{"@type":"ListItem","position":1,"name":"Portada","item":"https:\/\/fapecuador.org\/"},{"@type":"ListItem","position":2,"name":"VIAJE RESPONSABLE"}]},{"@type":"WebSite","@id":"http:\/\/fapecuador.org\/es_ec\/#website","url":"http:\/\/fapecuador.org\/es_ec\/","name":"Fundaci\u00f3n Amazon\u00eda Productiva","description":"","publisher":{"@id":"http:\/\/fapecuador.org\/es_ec\/#organization"},"potentialAction":[{"@type":"SearchAction","target":{"@type":"EntryPoint","urlTemplate":"http:\/\/fapecuador.org\/es_ec\/?s={search_term_string}"},"query-input":{"@type":"PropertyValueSpecification","valueRequired":true,"valueName":"search_term_string"}}],"inLanguage":"de"},{"@type":"Organization","@id":"http:\/\/fapecuador.org\/es_ec\/#organization","name":"Fundaci\u00f3n Amazon\u00eda Productiva","url":"http:\/\/fapecuador.org\/es_ec\/","logo":{"@type":"ImageObject","inLanguage":"de","@id":"http:\/\/fapecuador.org\/es_ec\/#\/schema\/logo\/image\/","url":"https:\/\/fapecuador.org\/wp-content\/uploads\/2022\/07\/cropped-logo-fap-2020-cop.png","contentUrl":"https:\/\/fapecuador.org\/wp-content\/uploads\/2022\/07\/cropped-logo-fap-2020-cop.png","width":592,"height":297,"caption":"Fundaci\u00f3n Amazon\u00eda Productiva"},"image":{"@id":"http:\/\/fapecuador.org\/es_ec\/#\/schema\/logo\/image\/"}}]}},"_links":{"self":[{"href":"https:\/\/fapecuador.org\/de\/wp-json\/wp\/v2\/pages\/328","targetHints":{"allow":["GET"]}}],"collection":[{"href":"https:\/\/fapecuador.org\/de\/wp-json\/wp\/v2\/pages"}],"about":[{"href":"https:\/\/fapecuador.org\/de\/wp-json\/wp\/v2\/types\/page"}],"author":[{"embeddable":true,"href":"https:\/\/fapecuador.org\/de\/wp-json\/wp\/v2\/users\/4"}],"replies":[{"embeddable":true,"href":"https:\/\/fapecuador.org\/de\/wp-json\/wp\/v2\/comments?post=328"}],"version-history":[{"count":38,"href":"https:\/\/fapecuador.org\/de\/wp-json\/wp\/v2\/pages\/328\/revisions"}],"predecessor-version":[{"id":1665,"href":"https:\/\/fapecuador.org\/de\/wp-json\/wp\/v2\/pages\/328\/revisions\/1665"}],"wp:attachment":[{"href":"https:\/\/fapecuador.org\/de\/wp-json\/wp\/v2\/media?parent=328"}],"curies":[{"name":"wp","href":"https:\/\/api.w.org\/{rel}","templated":true}]}}