{"id":3642,"date":"2024-09-11T22:33:38","date_gmt":"2024-09-11T22:33:38","guid":{"rendered":"https:\/\/fapecuador.org\/?page_id=3642"},"modified":"2024-09-19T00:26:37","modified_gmt":"2024-09-19T00:26:37","slug":"rifa-por-las-aradas","status":"publish","type":"page","link":"https:\/\/fapecuador.org\/de\/rifa-por-las-aradas\/","title":{"rendered":"\u00a1RIFA POR LAS ARADAS!"},"content":{"rendered":"<div data-elementor-type=\"wp-page\" data-elementor-id=\"3642\" class=\"elementor elementor-3642\" data-elementor-post-type=\"page\">\n\t\t\t\t\t\t<section class=\"elementor-section elementor-top-section elementor-element elementor-element-c3afb3f elementor-section-boxed elementor-section-height-default elementor-section-height-default\" data-id=\"c3afb3f\" data-element_type=\"section\" data-e-type=\"section\" data-settings=\"{&quot;background_background&quot;:&quot;classic&quot;}\">\n\t\t\t\t\t\t<div class=\"elementor-container elementor-column-gap-default\">\n\t\t\t\t\t<div class=\"elementor-column elementor-col-100 elementor-top-column elementor-element elementor-element-73756ab\" data-id=\"73756ab\" data-element_type=\"column\" data-e-type=\"column\">\n\t\t\t<div class=\"elementor-widget-wrap elementor-element-populated\">\n\t\t\t\t\t\t<div class=\"elementor-element elementor-element-5f2fd12 elementor-widget elementor-widget-heading\" data-id=\"5f2fd12\" data-element_type=\"widget\" data-e-type=\"widget\" data-widget_type=\"heading.default\">\n\t\t\t\t<div class=\"elementor-widget-container\">\n\t\t\t\t\t<h1 class=\"elementor-heading-title elementor-size-default\">\u00a1RIFA POR SAN ANTONIO DE LAS ARADAS!<\/h1>\t\t\t\t<\/div>\n\t\t\t\t<\/div>\n\t\t\t\t\t<\/div>\n\t\t<\/div>\n\t\t\t\t\t<\/div>\n\t\t<\/section>\n\t\t\t\t<section class=\"elementor-section elementor-top-section elementor-element elementor-element-e752eca elementor-section-boxed elementor-section-height-default elementor-section-height-default\" data-id=\"e752eca\" data-element_type=\"section\" data-e-type=\"section\">\n\t\t\t\t\t\t<div class=\"elementor-container elementor-column-gap-default\">\n\t\t\t\t\t<div class=\"elementor-column elementor-col-50 elementor-top-column elementor-element elementor-element-2cc9e52\" data-id=\"2cc9e52\" data-element_type=\"column\" data-e-type=\"column\">\n\t\t\t<div class=\"elementor-widget-wrap elementor-element-populated\">\n\t\t\t\t\t\t<div class=\"elementor-element elementor-element-dba94b8 elementor-widget elementor-widget-text-editor\" data-id=\"dba94b8\" data-element_type=\"widget\" data-e-type=\"widget\" data-widget_type=\"text-editor.default\">\n\t\t\t\t<div class=\"elementor-widget-container\">\n\t\t\t\t\t\t\t\t\t<h5 class=\"MsoNormal\"><b>\u00a1Participa en nuestra rifa solidaria y gana un incre\u00edble viaje de 4 d\u00edas y 3 noches al Cuyabeno para 2 personas!<\/b><\/h5>\t\t\t\t\t\t\t\t<\/div>\n\t\t\t\t<\/div>\n\t\t\t\t<div class=\"elementor-element elementor-element-12e01de elementor-widget elementor-widget-text-editor\" data-id=\"12e01de\" data-element_type=\"widget\" data-e-type=\"widget\" data-widget_type=\"text-editor.default\">\n\t\t\t\t<div class=\"elementor-widget-container\">\n\t\t\t\t\t\t\t\t\t<p>El incendio que duro 12 d\u00edas desde el pasado 23 de agosto del 2024 dej\u00f3 a cientos de familias damnificadas, adem\u00e1s de aproximadamente: 3 casas de vivienda calcinadas, 3 casa de finca tambi\u00e9n quemadas por completo, 29 casas de finca con afectaciones porque el incendio destruy\u00f3 hasta sus corredores y aleros, m\u00e1s de 2 mil vacas sin pastos, 2.5 mil hect\u00e1reas productivas perdidas y m\u00e1s de 8 mil hect\u00e1reas de bosque perdidas, m\u00e1s de 6 mil animales muertos y m\u00e1s de 120 familias damnificadas con problemas para poder continuar con su actividad econ\u00f3mica. Ante esta cat\u00e1strofe, las familias afectadas y los agricultores de la zona est\u00e1n luchando para recuperarse. La situaci\u00f3n es cr\u00edtica, y necesitan apoyo urgente en diversas \u00e1reas, incluyendo el restablecimiento de sus medios de vida, y la recuperaci\u00f3n del ecosistema local.<\/p><p>\u00a1Ayuda a los afectados por el reciente incendio forestal en San Antonio de las Aradas, Loja, y al mismo tiempo, participa para ganar una experiencia \u00fanica en la Amazon\u00eda ecuatoriana!<\/p><p>Aqu\u00ed puedes ver algunos videos que muestran la realidad que est\u00e1n viviendo las personas de San Antonio de las Aradas. Cr\u00e9ditos a los creadores que con un maravilloso trabajo pueden dar a conocer al mundo lo que se vive en el sur de Ecuador.<\/p>\t\t\t\t\t\t\t\t<\/div>\n\t\t\t\t<\/div>\n\t\t\t\t<section class=\"elementor-section elementor-inner-section elementor-element elementor-element-084f06e elementor-section-boxed elementor-section-height-default elementor-section-height-default\" data-id=\"084f06e\" data-element_type=\"section\" data-e-type=\"section\">\n\t\t\t\t\t\t<div class=\"elementor-container elementor-column-gap-default\">\n\t\t\t\t\t<div class=\"elementor-column elementor-col-50 elementor-inner-column elementor-element elementor-element-5d47d55\" data-id=\"5d47d55\" data-element_type=\"column\" data-e-type=\"column\">\n\t\t\t<div class=\"elementor-widget-wrap elementor-element-populated\">\n\t\t\t\t\t\t<div class=\"elementor-element elementor-element-5bdf6be elementor-widget elementor-widget-video\" data-id=\"5bdf6be\" data-element_type=\"widget\" data-e-type=\"widget\" data-settings=\"{&quot;youtube_url&quot;:&quot;https:\\\/\\\/www.youtube.com\\\/watch?v=MYI2hmJzBPA&quot;,&quot;autoplay&quot;:&quot;yes&quot;,&quot;video_type&quot;:&quot;youtube&quot;,&quot;controls&quot;:&quot;yes&quot;}\" data-widget_type=\"video.default\">\n\t\t\t\t<div class=\"elementor-widget-container\">\n\t\t\t\t\t\t\t<div class=\"elementor-wrapper elementor-open-inline\">\n\t\t\t<div class=\"elementor-video\"><\/div>\t\t<\/div>\n\t\t\t\t\t\t<\/div>\n\t\t\t\t<\/div>\n\t\t\t\t\t<\/div>\n\t\t<\/div>\n\t\t\t\t<div class=\"elementor-column elementor-col-50 elementor-inner-column elementor-element elementor-element-74ff0f6\" data-id=\"74ff0f6\" data-element_type=\"column\" data-e-type=\"column\">\n\t\t\t<div class=\"elementor-widget-wrap elementor-element-populated\">\n\t\t\t\t\t\t<div class=\"elementor-element elementor-element-e4e8818 elementor-widget elementor-widget-video\" data-id=\"e4e8818\" data-element_type=\"widget\" data-e-type=\"widget\" data-settings=\"{&quot;youtube_url&quot;:&quot;https:\\\/\\\/www.youtube.com\\\/watch?v=J8yZ_DzM0fw&quot;,&quot;video_type&quot;:&quot;youtube&quot;,&quot;controls&quot;:&quot;yes&quot;}\" data-widget_type=\"video.default\">\n\t\t\t\t<div class=\"elementor-widget-container\">\n\t\t\t\t\t\t\t<div class=\"elementor-wrapper elementor-open-inline\">\n\t\t\t<div class=\"elementor-video\"><\/div>\t\t<\/div>\n\t\t\t\t\t\t<\/div>\n\t\t\t\t<\/div>\n\t\t\t\t\t<\/div>\n\t\t<\/div>\n\t\t\t\t\t<\/div>\n\t\t<\/section>\n\t\t\t\t<section class=\"elementor-section elementor-inner-section elementor-element elementor-element-ffbebf4 elementor-section-boxed elementor-section-height-default elementor-section-height-default\" data-id=\"ffbebf4\" data-element_type=\"section\" data-e-type=\"section\">\n\t\t\t\t\t\t<div class=\"elementor-container elementor-column-gap-default\">\n\t\t\t\t\t<div class=\"elementor-column elementor-col-33 elementor-inner-column elementor-element elementor-element-115cc69\" data-id=\"115cc69\" data-element_type=\"column\" data-e-type=\"column\">\n\t\t\t<div class=\"elementor-widget-wrap\">\n\t\t\t\t\t\t\t<\/div>\n\t\t<\/div>\n\t\t\t\t<div class=\"elementor-column elementor-col-33 elementor-inner-column elementor-element elementor-element-e4de93e\" data-id=\"e4de93e\" data-element_type=\"column\" data-e-type=\"column\">\n\t\t\t<div class=\"elementor-widget-wrap elementor-element-populated\">\n\t\t\t\t\t\t<div class=\"elementor-element elementor-element-e946a71 elementor-widget elementor-widget-heading\" data-id=\"e946a71\" data-element_type=\"widget\" data-e-type=\"widget\" data-widget_type=\"heading.default\">\n\t\t\t\t<div class=\"elementor-widget-container\">\n\t\t\t\t\t<h2 class=\"elementor-heading-title elementor-size-default\">DESCARGA EL ITINERARIO DEL VIAJE AQU\u00cd: <\/h2>\t\t\t\t<\/div>\n\t\t\t\t<\/div>\n\t\t\t\t<div class=\"elementor-element elementor-element-0460c32 elementor-align-center elementor-widget elementor-widget-button\" data-id=\"0460c32\" data-element_type=\"widget\" data-e-type=\"widget\" data-widget_type=\"button.default\">\n\t\t\t\t<div class=\"elementor-widget-container\">\n\t\t\t\t\t\t\t\t\t<div class=\"elementor-button-wrapper\">\n\t\t\t\t\t<a class=\"elementor-button elementor-button-link elementor-size-sm\" href=\"https:\/\/responsibletravelsa.com\/brochures\/dracaena-lodge-amazon.pdf\" target=\"_blank\">\n\t\t\t\t\t\t<span class=\"elementor-button-content-wrapper\">\n\t\t\t\t\t\t<span class=\"elementor-button-icon\">\n\t\t\t\t<i aria-hidden=\"true\" class=\"fas fa-file-pdf\"><\/i>\t\t\t<\/span>\n\t\t\t\t\t\t\t\t\t<span class=\"elementor-button-text\">Descarga el itinerario completo (pdf)<\/span>\n\t\t\t\t\t<\/span>\n\t\t\t\t\t<\/a>\n\t\t\t\t<\/div>\n\t\t\t\t\t\t\t\t<\/div>\n\t\t\t\t<\/div>\n\t\t\t\t\t<\/div>\n\t\t<\/div>\n\t\t\t\t<div class=\"elementor-column elementor-col-33 elementor-inner-column elementor-element elementor-element-2458f05\" data-id=\"2458f05\" data-element_type=\"column\" data-e-type=\"column\">\n\t\t\t<div class=\"elementor-widget-wrap\">\n\t\t\t\t\t\t\t<\/div>\n\t\t<\/div>\n\t\t\t\t\t<\/div>\n\t\t<\/section>\n\t\t\t\t<section class=\"elementor-section elementor-inner-section elementor-element elementor-element-ce009c3 elementor-section-boxed elementor-section-height-default elementor-section-height-default\" data-id=\"ce009c3\" data-element_type=\"section\" data-e-type=\"section\">\n\t\t\t\t\t\t<div class=\"elementor-container elementor-column-gap-default\">\n\t\t\t\t\t<div class=\"elementor-column elementor-col-50 elementor-inner-column elementor-element elementor-element-0f146e9\" data-id=\"0f146e9\" data-element_type=\"column\" data-e-type=\"column\">\n\t\t\t<div class=\"elementor-widget-wrap elementor-element-populated\">\n\t\t\t\t\t\t<div class=\"elementor-element elementor-element-0deb8a9 elementor-widget elementor-widget-image\" data-id=\"0deb8a9\" data-element_type=\"widget\" data-e-type=\"widget\" data-widget_type=\"image.default\">\n\t\t\t\t<div class=\"elementor-widget-container\">\n\t\t\t\t\t\t\t\t\t\t\t\t\t\t\t<img decoding=\"async\" src=\"https:\/\/fapecuador.org\/wp-content\/uploads\/2024\/09\/Canon-EOS-5D-Mark-II4115-e1726092624897.jpg\" title=\"Canon EOS 5D Mark II4115\" alt=\"Canon EOS 5D Mark II4115\" loading=\"lazy\" \/>\t\t\t\t\t\t\t\t\t\t\t\t\t\t\t<\/div>\n\t\t\t\t<\/div>\n\t\t\t\t\t<\/div>\n\t\t<\/div>\n\t\t\t\t<div class=\"elementor-column elementor-col-50 elementor-inner-column elementor-element elementor-element-107484f\" data-id=\"107484f\" data-element_type=\"column\" data-e-type=\"column\">\n\t\t\t<div class=\"elementor-widget-wrap elementor-element-populated\">\n\t\t\t\t\t\t<div class=\"elementor-element elementor-element-76f07ad elementor-widget elementor-widget-heading\" data-id=\"76f07ad\" data-element_type=\"widget\" data-e-type=\"widget\" data-widget_type=\"heading.default\">\n\t\t\t\t<div class=\"elementor-widget-container\">\n\t\t\t\t\t<h2 class=\"elementor-heading-title elementor-size-default\">\u00bfQu\u00e9 incluye el premio?<\/h2>\t\t\t\t<\/div>\n\t\t\t\t<\/div>\n\t\t\t\t<div class=\"elementor-element elementor-element-99c5791 elementor-widget elementor-widget-text-editor\" data-id=\"99c5791\" data-element_type=\"widget\" data-e-type=\"widget\" data-widget_type=\"text-editor.default\">\n\t\t\t\t<div class=\"elementor-widget-container\">\n\t\t\t\t\t\t\t\t\t<ul><li>4 d\u00edas \/ 3 noches de hospedaje en un ecolodge en el Cuyabeno<\/li><li>Alimentaci\u00f3n completa en el lodge<\/li><li>Tours guiados para avistar fauna y flora ex\u00f3tica<\/li><li>Paseos en canoa por el r\u00edo Cuyabeno<\/li><li>Visita a comunidades ind\u00edgenas y actividades culturales<\/li><li>Transporte Quito \u2013 Lodge &#8211; Quito<\/li><\/ul>\t\t\t\t\t\t\t\t<\/div>\n\t\t\t\t<\/div>\n\t\t\t\t\t<\/div>\n\t\t<\/div>\n\t\t\t\t\t<\/div>\n\t\t<\/section>\n\t\t\t\t<div class=\"elementor-element elementor-element-14c671c elementor-widget elementor-widget-heading\" data-id=\"14c671c\" data-element_type=\"widget\" data-e-type=\"widget\" data-widget_type=\"heading.default\">\n\t\t\t\t<div class=\"elementor-widget-container\">\n\t\t\t\t\t<h2 class=\"elementor-heading-title elementor-size-default\">\u00bfC\u00f3mo participar? <\/h2>\t\t\t\t<\/div>\n\t\t\t\t<\/div>\n\t\t\t\t<div class=\"elementor-element elementor-element-05bb387 elementor-widget elementor-widget-text-editor\" data-id=\"05bb387\" data-element_type=\"widget\" data-e-type=\"widget\" data-widget_type=\"text-editor.default\">\n\t\t\t\t<div class=\"elementor-widget-container\">\n\t\t\t\t\t\t\t\t\t<p>1. Adquiere tus boletos por tan solo $5 y apoya nuestra campa\u00f1a de recaudaci\u00f3n para los afectados por el incendio. <br \/>2. Comparte este link o la publicaci\u00f3n de redes por cualquier red social y etiqu\u00e9tanos o \u00a0env\u00edanos una foto de evidencia.<br \/>3. Escr\u00edbenos al n\u00famero <a href=\"https:\/\/wa.me\/593982361241?text=\u00a1Hola! Estoy interesada\/o en participar en la rifa solidaria por un viaje al cuyabeno\" target=\"_blank\" rel=\"noopener\">+593982361241<\/a>\u00a0y env\u00edanos el comprobante de pago para que recibas tus boletos.<\/p><p>Todo lo recaudado ser\u00e1 destinado a la compra de:<\/p><ul><li>Palas, azadones, machetes, barreras, lampas, kits de herramientas de jardiner\u00eda.<\/li><li>Hidrogel para optimizar el uso del agua en la reactivaci\u00f3n de los cultivos.<\/li><li>Semillas de hortalizas, ma\u00edz blanco, frejol, zapallo.<\/li><li>Tuber\u00edas de 2\u201d, 1 1\/2\u201d, 1\u201d y 3\/4\u201d de pulgada, con sus respectivos accesorios para riego y aspersores.<\/li><li>Balanceado para ganado<\/li><li>Semillas de pasto para ganader\u00eda<\/li><li>Fondos para la creaci\u00f3n de un semillero de caf\u00e9<\/li><li>Fondos para la recuperaci\u00f3n ambiental de la zona y la adquisici\u00f3n de plantas nativas<\/li><\/ul>\t\t\t\t\t\t\t\t<\/div>\n\t\t\t\t<\/div>\n\t\t\t\t<div class=\"elementor-element elementor-element-0c34bf0 elementor-widget elementor-widget-heading\" data-id=\"0c34bf0\" data-element_type=\"widget\" data-e-type=\"widget\" data-widget_type=\"heading.default\">\n\t\t\t\t<div class=\"elementor-widget-container\">\n\t\t\t\t\t<h2 class=\"elementor-heading-title elementor-size-default\">\u00bfC\u00f3mo realizo el pago?<\/h2>\t\t\t\t<\/div>\n\t\t\t\t<\/div>\n\t\t\t\t<div class=\"elementor-element elementor-element-6e64203 elementor-widget elementor-widget-text-editor\" data-id=\"6e64203\" data-element_type=\"widget\" data-e-type=\"widget\" data-widget_type=\"text-editor.default\">\n\t\t\t\t<div class=\"elementor-widget-container\">\n\t\t\t\t\t\t\t\t\t<p>Puedes comprar tus boletos realizando una transferencia bancaria a la siguiente cuenta:<\/p>\t\t\t\t\t\t\t\t<\/div>\n\t\t\t\t<\/div>\n\t\t\t\t<div class=\"elementor-element elementor-element-2f1130a elementor-widget elementor-widget-text-editor\" data-id=\"2f1130a\" data-element_type=\"widget\" data-e-type=\"widget\" data-widget_type=\"text-editor.default\">\n\t\t\t\t<div class=\"elementor-widget-container\">\n\t\t\t\t\t\t\t\t\t<p style=\"text-align: center;\">BANCO PICHINCHA<br \/>FUNDACION AMAZONIA PRODUCTIVA<br \/>Cuenta corriente: 2100207118<br \/>RUC:1691712768001<br \/>Mail: <a href=\"mailto:support@fapecuador.org\">support@fapecuador.org<\/a><\/p>\t\t\t\t\t\t\t\t<\/div>\n\t\t\t\t<\/div>\n\t\t\t\t<div class=\"elementor-element elementor-element-4bf4223 elementor-widget elementor-widget-text-editor\" data-id=\"4bf4223\" data-element_type=\"widget\" data-e-type=\"widget\" data-widget_type=\"text-editor.default\">\n\t\t\t\t<div class=\"elementor-widget-container\">\n\t\t\t\t\t\t\t\t\t<p>o pagando con tarjeta de cr\u00e9dito a trav\u00e9s del siguiente enlace:<\/p>\t\t\t\t\t\t\t\t<\/div>\n\t\t\t\t<\/div>\n\t\t\t\t<div class=\"elementor-element elementor-element-3ae1587 elementor-button-info elementor-align-center elementor-widget elementor-widget-button\" data-id=\"3ae1587\" data-element_type=\"widget\" data-e-type=\"widget\" data-widget_type=\"button.default\">\n\t\t\t\t<div class=\"elementor-widget-container\">\n\t\t\t\t\t\t\t\t\t<div class=\"elementor-button-wrapper\">\n\t\t\t\t\t<a class=\"elementor-button elementor-button-link elementor-size-sm\" href=\"https:\/\/tri.ps\/LHksz\" target=\"_blank\">\n\t\t\t\t\t\t<span class=\"elementor-button-content-wrapper\">\n\t\t\t\t\t\t<span class=\"elementor-button-icon\">\n\t\t\t\t<i aria-hidden=\"true\" class=\"fas fa-hand-holding-heart\"><\/i>\t\t\t<\/span>\n\t\t\t\t\t\t\t\t\t<span class=\"elementor-button-text\">LINK DE PAGO<\/span>\n\t\t\t\t\t<\/span>\n\t\t\t\t\t<\/a>\n\t\t\t\t<\/div>\n\t\t\t\t\t\t\t\t<\/div>\n\t\t\t\t<\/div>\n\t\t\t\t<div class=\"elementor-element elementor-element-6a56292 elementor-widget elementor-widget-heading\" data-id=\"6a56292\" data-element_type=\"widget\" data-e-type=\"widget\" data-widget_type=\"heading.default\">\n\t\t\t\t<div class=\"elementor-widget-container\">\n\t\t\t\t\t<h2 class=\"elementor-heading-title elementor-size-default\">Fecha del sorteo: <\/h2>\t\t\t\t<\/div>\n\t\t\t\t<\/div>\n\t\t\t\t<div class=\"elementor-element elementor-element-71e6388 elementor-widget elementor-widget-text-editor\" data-id=\"71e6388\" data-element_type=\"widget\" data-e-type=\"widget\" data-widget_type=\"text-editor.default\">\n\t\t\t\t<div class=\"elementor-widget-container\">\n\t\t\t\t\t\t\t\t\t<p>El sorteo se realizar\u00e1 el pr\u00f3ximo 31 de octubre de 2024.<\/p>\t\t\t\t\t\t\t\t<\/div>\n\t\t\t\t<\/div>\n\t\t\t\t<div class=\"elementor-element elementor-element-7cb133f elementor-widget elementor-widget-text-editor\" data-id=\"7cb133f\" data-element_type=\"widget\" data-e-type=\"widget\" data-widget_type=\"text-editor.default\">\n\t\t\t\t<div class=\"elementor-widget-container\">\n\t\t\t\t\t\t\t\t\t<p><strong>\u00a1Compra tu boleto ahora y \u00fanete a esta noble causa!<\/strong> Cada boleto es una oportunidad para ganar y una ayuda directa para quienes m\u00e1s lo necesitan.<\/p><p>\u00a1Gracias por tu apoyo! \ud83c\udf31<\/p>\t\t\t\t\t\t\t\t<\/div>\n\t\t\t\t<\/div>\n\t\t\t\t<section class=\"elementor-section elementor-inner-section elementor-element elementor-element-a1cdcab elementor-section-boxed elementor-section-height-default elementor-section-height-default\" data-id=\"a1cdcab\" data-element_type=\"section\" data-e-type=\"section\">\n\t\t\t\t\t\t<div class=\"elementor-container elementor-column-gap-default\">\n\t\t\t\t\t<div class=\"elementor-column elementor-col-50 elementor-inner-column elementor-element elementor-element-b1e9db9\" data-id=\"b1e9db9\" data-element_type=\"column\" data-e-type=\"column\">\n\t\t\t<div class=\"elementor-widget-wrap\">\n\t\t\t\t\t\t\t<\/div>\n\t\t<\/div>\n\t\t\t\t<div class=\"elementor-column elementor-col-50 elementor-inner-column elementor-element elementor-element-1a41ca5\" data-id=\"1a41ca5\" data-element_type=\"column\" data-e-type=\"column\">\n\t\t\t<div class=\"elementor-widget-wrap\">\n\t\t\t\t\t\t\t<\/div>\n\t\t<\/div>\n\t\t\t\t\t<\/div>\n\t\t<\/section>\n\t\t\t\t\t<\/div>\n\t\t<\/div>\n\t\t\t\t<div class=\"elementor-column elementor-col-50 elementor-top-column elementor-element elementor-element-6df5194\" data-id=\"6df5194\" data-element_type=\"column\" data-e-type=\"column\">\n\t\t\t<div class=\"elementor-widget-wrap elementor-element-populated\">\n\t\t\t\t\t\t<div class=\"elementor-element elementor-element-3ba2456 elementor-widget elementor-widget-template\" data-id=\"3ba2456\" data-element_type=\"widget\" data-e-type=\"widget\" data-widget_type=\"template.default\">\n\t\t\t\t<div class=\"elementor-widget-container\">\n\t\t\t\t\t\t\t<div class=\"elementor-template\">\r\n\t\t\t\t\t<div data-elementor-type=\"section\" data-elementor-id=\"702\" class=\"elementor elementor-702\" data-elementor-post-type=\"elementor_library\">\r\n\t\t\t\t\t<section class=\"elementor-section elementor-top-section elementor-element elementor-element-0220e94 elementor-section-boxed elementor-section-height-default elementor-section-height-default\" data-id=\"0220e94\" data-element_type=\"section\" data-e-type=\"section\">\n\t\t\t\t\t\t<div class=\"elementor-container elementor-column-gap-default\">\n\t\t\t\t\t<div class=\"elementor-column elementor-col-100 elementor-top-column elementor-element elementor-element-a7c1434\" data-id=\"a7c1434\" data-element_type=\"column\" data-e-type=\"column\">\n\t\t\t<div class=\"elementor-widget-wrap elementor-element-populated\">\n\t\t\t\t\t\t<div class=\"elementor-element elementor-element-f908944 elementor-widget elementor-widget-heading\" data-id=\"f908944\" data-element_type=\"widget\" data-e-type=\"widget\" data-widget_type=\"heading.default\">\n\t\t\t\t<div class=\"elementor-widget-container\">\n\t\t\t\t\t<h2 class=\"elementor-heading-title elementor-size-medium\">Letzte Nachrichten<\/h2>\t\t\t\t<\/div>\n\t\t\t\t<\/div>\n\t\t\t\t<div class=\"elementor-element elementor-element-99db536 elementor-grid-1 elementor-grid-tablet-2 elementor-grid-mobile-1 elementor-posts--thumbnail-top elementor-widget elementor-widget-posts\" data-id=\"99db536\" data-element_type=\"widget\" data-e-type=\"widget\" data-settings=\"{&quot;classic_columns&quot;:&quot;1&quot;,&quot;classic_columns_tablet&quot;:&quot;2&quot;,&quot;classic_columns_mobile&quot;:&quot;1&quot;,&quot;classic_row_gap&quot;:{&quot;unit&quot;:&quot;px&quot;,&quot;size&quot;:35,&quot;sizes&quot;:[]},&quot;classic_row_gap_tablet&quot;:{&quot;unit&quot;:&quot;px&quot;,&quot;size&quot;:&quot;&quot;,&quot;sizes&quot;:[]},&quot;classic_row_gap_mobile&quot;:{&quot;unit&quot;:&quot;px&quot;,&quot;size&quot;:&quot;&quot;,&quot;sizes&quot;:[]}}\" data-widget_type=\"posts.classic\">\n\t\t\t\t<div class=\"elementor-widget-container\">\n\t\t\t\t\t\t\t<div class=\"elementor-posts-container elementor-posts elementor-posts--skin-classic elementor-grid\" role=\"list\">\r\n\t\t\t\t<article class=\"elementor-post elementor-grid-item post-3703 post type-post status-publish format-standard has-post-thumbnail hentry category-ambiental category-blog category-comercio-justo category-cultural category-social category-uncategorized tag-adopta-un-arbol tag-ambiental tag-proyectos tag-social\" role=\"listitem\">\r\n\t\t\t\t<a class=\"elementor-post__thumbnail__link\" href=\"https:\/\/fapecuador.org\/de\/reforestacion-empresarial\/\" tabindex=\"-1\" >\r\n\t\t\t<div class=\"elementor-post__thumbnail\"><img fetchpriority=\"high\" decoding=\"async\" width=\"2560\" height=\"1709\" src=\"https:\/\/fapecuador.org\/wp-content\/uploads\/2025\/02\/pexels-mikhail-nilov-8543602-scaled.jpg\" class=\"attachment-full size-full wp-image-3704\" alt=\"\" srcset=\"https:\/\/fapecuador.org\/wp-content\/uploads\/2025\/02\/pexels-mikhail-nilov-8543602-scaled.jpg 2560w, https:\/\/fapecuador.org\/wp-content\/uploads\/2025\/02\/pexels-mikhail-nilov-8543602-300x200.jpg 300w, https:\/\/fapecuador.org\/wp-content\/uploads\/2025\/02\/pexels-mikhail-nilov-8543602-1024x684.jpg 1024w, https:\/\/fapecuador.org\/wp-content\/uploads\/2025\/02\/pexels-mikhail-nilov-8543602-768x513.jpg 768w, https:\/\/fapecuador.org\/wp-content\/uploads\/2025\/02\/pexels-mikhail-nilov-8543602-1536x1025.jpg 1536w, https:\/\/fapecuador.org\/wp-content\/uploads\/2025\/02\/pexels-mikhail-nilov-8543602-2048x1367.jpg 2048w, https:\/\/fapecuador.org\/wp-content\/uploads\/2025\/02\/pexels-mikhail-nilov-8543602-18x12.jpg 18w, https:\/\/fapecuador.org\/wp-content\/uploads\/2025\/02\/pexels-mikhail-nilov-8543602-600x401.jpg 600w\" sizes=\"(max-width: 2560px) 100vw, 2560px\" \/><\/div>\r\n\t\t<\/a>\r\n\t\t\t\t<div class=\"elementor-post__text\">\r\n\t\t\t\t<h3 class=\"elementor-post__title\">\r\n\t\t\t<a href=\"https:\/\/fapecuador.org\/de\/reforestacion-empresarial\/\" >\r\n\t\t\t\tUnternehmensaufforstung: Eine nachhaltige L\u00f6sung f\u00fcr eine gr\u00fcne Zukunft\t\t\t<\/a>\r\n\t\t<\/h3>\r\n\t\t\t\t<\/div>\r\n\t\t\t\t<\/article>\r\n\t\t\t\t<article class=\"elementor-post elementor-grid-item post-3602 post type-post status-publish format-standard has-post-thumbnail hentry category-ambiental category-blog category-cultural category-social category-uncategorized\" role=\"listitem\">\r\n\t\t\t\t<a class=\"elementor-post__thumbnail__link\" href=\"https:\/\/fapecuador.org\/de\/ultimas-actividades-en-adopta-un-arbol\/\" tabindex=\"-1\" >\r\n\t\t\t<div class=\"elementor-post__thumbnail\"><img decoding=\"async\" width=\"2560\" height=\"1920\" src=\"https:\/\/fapecuador.org\/wp-content\/uploads\/2023\/12\/IMG_9124-1-scaled.jpg\" class=\"attachment-full size-full wp-image-3594\" alt=\"\" srcset=\"https:\/\/fapecuador.org\/wp-content\/uploads\/2023\/12\/IMG_9124-1-scaled.jpg 2560w, https:\/\/fapecuador.org\/wp-content\/uploads\/2023\/12\/IMG_9124-1-300x225.jpg 300w, https:\/\/fapecuador.org\/wp-content\/uploads\/2023\/12\/IMG_9124-1-1024x768.jpg 1024w, https:\/\/fapecuador.org\/wp-content\/uploads\/2023\/12\/IMG_9124-1-768x576.jpg 768w, https:\/\/fapecuador.org\/wp-content\/uploads\/2023\/12\/IMG_9124-1-1536x1152.jpg 1536w, https:\/\/fapecuador.org\/wp-content\/uploads\/2023\/12\/IMG_9124-1-2048x1536.jpg 2048w, https:\/\/fapecuador.org\/wp-content\/uploads\/2023\/12\/IMG_9124-1-16x12.jpg 16w, https:\/\/fapecuador.org\/wp-content\/uploads\/2023\/12\/IMG_9124-1-600x450.jpg 600w\" sizes=\"(max-width: 2560px) 100vw, 2560px\" \/><\/div>\r\n\t\t<\/a>\r\n\t\t\t\t<div class=\"elementor-post__text\">\r\n\t\t\t\t<h3 class=\"elementor-post__title\">\r\n\t\t\t<a href=\"https:\/\/fapecuador.org\/de\/ultimas-actividades-en-adopta-un-arbol\/\" >\r\n\t\t\t\tNeueste Aktivit\u00e4ten zu Adopt a Tree!\t\t\t<\/a>\r\n\t\t<\/h3>\r\n\t\t\t\t<\/div>\r\n\t\t\t\t<\/article>\r\n\t\t\t\t<article class=\"elementor-post elementor-grid-item post-3248 post type-post status-publish format-standard has-post-thumbnail hentry category-ambiental category-blog category-cultural category-social category-uncategorized\" role=\"listitem\">\r\n\t\t\t\t<a class=\"elementor-post__thumbnail__link\" href=\"https:\/\/fapecuador.org\/de\/actualizacion-del-proyecto-compensacion-huella-carbono-y-logros-destacados\/\" tabindex=\"-1\" >\r\n\t\t\t<div class=\"elementor-post__thumbnail\"><img decoding=\"async\" width=\"2042\" height=\"1192\" src=\"https:\/\/fapecuador.org\/wp-content\/uploads\/2023\/07\/IMG_3377-e1690918135478.jpeg\" class=\"attachment-full size-full wp-image-3257\" alt=\"\" srcset=\"https:\/\/fapecuador.org\/wp-content\/uploads\/2023\/07\/IMG_3377-e1690918135478.jpeg 2042w, https:\/\/fapecuador.org\/wp-content\/uploads\/2023\/07\/IMG_3377-e1690918135478-300x175.jpeg 300w, https:\/\/fapecuador.org\/wp-content\/uploads\/2023\/07\/IMG_3377-e1690918135478-1024x598.jpeg 1024w, https:\/\/fapecuador.org\/wp-content\/uploads\/2023\/07\/IMG_3377-e1690918135478-768x448.jpeg 768w, https:\/\/fapecuador.org\/wp-content\/uploads\/2023\/07\/IMG_3377-e1690918135478-1536x897.jpeg 1536w, https:\/\/fapecuador.org\/wp-content\/uploads\/2023\/07\/IMG_3377-e1690918135478-18x12.jpeg 18w, https:\/\/fapecuador.org\/wp-content\/uploads\/2023\/07\/IMG_3377-e1690918135478-600x350.jpeg 600w\" sizes=\"(max-width: 2042px) 100vw, 2042px\" \/><\/div>\r\n\t\t<\/a>\r\n\t\t\t\t<div class=\"elementor-post__text\">\r\n\t\t\t\t<h3 class=\"elementor-post__title\">\r\n\t\t\t<a href=\"https:\/\/fapecuador.org\/de\/actualizacion-del-proyecto-compensacion-huella-carbono-y-logros-destacados\/\" >\r\n\t\t\t\tUpdate zum CO2-Ausgleichsprojekt: Fortschritte und H\u00f6hepunkte!\t\t\t<\/a>\r\n\t\t<\/h3>\r\n\t\t\t\t<\/div>\r\n\t\t\t\t<\/article>\r\n\t\t\t\t<article class=\"elementor-post elementor-grid-item post-3027 post type-post status-publish format-standard has-post-thumbnail hentry category-ambiental category-blog category-social category-uncategorized\" role=\"listitem\">\r\n\t\t\t\t<a class=\"elementor-post__thumbnail__link\" href=\"https:\/\/fapecuador.org\/de\/alcanzamos-los-mil-arboles-sembrados\/\" tabindex=\"-1\" >\r\n\t\t\t<div class=\"elementor-post__thumbnail\"><img loading=\"lazy\" decoding=\"async\" width=\"940\" height=\"704\" src=\"https:\/\/fapecuador.org\/wp-content\/uploads\/2023\/01\/\u00a1Alcanzamos-los-1000-arboles-sembrados.jpg\" class=\"attachment-full size-full wp-image-3063\" alt=\"\" srcset=\"https:\/\/fapecuador.org\/wp-content\/uploads\/2023\/01\/\u00a1Alcanzamos-los-1000-arboles-sembrados.jpg 940w, https:\/\/fapecuador.org\/wp-content\/uploads\/2023\/01\/\u00a1Alcanzamos-los-1000-arboles-sembrados-300x225.jpg 300w, https:\/\/fapecuador.org\/wp-content\/uploads\/2023\/01\/\u00a1Alcanzamos-los-1000-arboles-sembrados-768x575.jpg 768w, https:\/\/fapecuador.org\/wp-content\/uploads\/2023\/01\/\u00a1Alcanzamos-los-1000-arboles-sembrados-16x12.jpg 16w, https:\/\/fapecuador.org\/wp-content\/uploads\/2023\/01\/\u00a1Alcanzamos-los-1000-arboles-sembrados-600x449.jpg 600w\" sizes=\"(max-width: 940px) 100vw, 940px\" \/><\/div>\r\n\t\t<\/a>\r\n\t\t\t\t<div class=\"elementor-post__text\">\r\n\t\t\t\t<h3 class=\"elementor-post__title\">\r\n\t\t\t<a href=\"https:\/\/fapecuador.org\/de\/alcanzamos-los-mil-arboles-sembrados\/\" >\r\n\t\t\t\tWir haben die tausend gepflanzten B\u00e4ume erreicht!\t\t\t<\/a>\r\n\t\t<\/h3>\r\n\t\t\t\t<\/div>\r\n\t\t\t\t<\/article>\r\n\t\t\t\t<article class=\"elementor-post elementor-grid-item post-1881 post type-post status-publish format-standard has-post-thumbnail hentry category-ambiental category-blog category-noticias tag-adopta-un-arbol tag-ambiental tag-noticias\" role=\"listitem\">\r\n\t\t\t\t<a class=\"elementor-post__thumbnail__link\" href=\"https:\/\/fapecuador.org\/de\/1881-2\/\" tabindex=\"-1\" >\r\n\t\t\t<div class=\"elementor-post__thumbnail\"><img loading=\"lazy\" decoding=\"async\" width=\"1748\" height=\"1240\" src=\"https:\/\/fapecuador.org\/wp-content\/uploads\/2022\/11\/Diseno-sin-titulo-1.jpg\" class=\"attachment-full size-full wp-image-1883\" alt=\"\" srcset=\"https:\/\/fapecuador.org\/wp-content\/uploads\/2022\/11\/Diseno-sin-titulo-1.jpg 1748w, https:\/\/fapecuador.org\/wp-content\/uploads\/2022\/11\/Diseno-sin-titulo-1-300x213.jpg 300w, https:\/\/fapecuador.org\/wp-content\/uploads\/2022\/11\/Diseno-sin-titulo-1-1024x726.jpg 1024w, https:\/\/fapecuador.org\/wp-content\/uploads\/2022\/11\/Diseno-sin-titulo-1-768x545.jpg 768w, https:\/\/fapecuador.org\/wp-content\/uploads\/2022\/11\/Diseno-sin-titulo-1-1536x1090.jpg 1536w, https:\/\/fapecuador.org\/wp-content\/uploads\/2022\/11\/Diseno-sin-titulo-1-18x12.jpg 18w, https:\/\/fapecuador.org\/wp-content\/uploads\/2022\/11\/Diseno-sin-titulo-1-600x426.jpg 600w\" sizes=\"(max-width: 1748px) 100vw, 1748px\" \/><\/div>\r\n\t\t<\/a>\r\n\t\t\t\t<div class=\"elementor-post__text\">\r\n\t\t\t\t<h3 class=\"elementor-post__title\">\r\n\t\t\t<a href=\"https:\/\/fapecuador.org\/de\/1881-2\/\" >\r\n\t\t\t\tDer zweite Pflanztag zusammen mit der PUCE\t\t\t<\/a>\r\n\t\t<\/h3>\r\n\t\t\t\t<\/div>\r\n\t\t\t\t<\/article>\r\n\t\t\t\t<\/div>\r\n\t\t\r\n\t\t\t\t\t\t<\/div>\n\t\t\t\t<\/div>\n\t\t\t\t\t<\/div>\n\t\t<\/div>\n\t\t\t\t\t<\/div>\n\t\t<\/section>\n\t\t\t\t<\/div>\r\n\t\t\t\t<\/div>\r\n\t\t\t\t\t\t<\/div>\n\t\t\t\t<\/div>\n\t\t\t\t\t<\/div>\n\t\t<\/div>\n\t\t\t\t\t<\/div>\n\t\t<\/section>\n\t\t\t\t<section class=\"elementor-section elementor-top-section elementor-element elementor-element-b8632fc elementor-section-boxed elementor-section-height-default elementor-section-height-default\" data-id=\"b8632fc\" data-element_type=\"section\" data-e-type=\"section\">\n\t\t\t\t\t\t<div class=\"elementor-container elementor-column-gap-default\">\n\t\t\t\t\t<div class=\"elementor-column elementor-col-100 elementor-top-column elementor-element elementor-element-e81edfe\" data-id=\"e81edfe\" data-element_type=\"column\" data-e-type=\"column\">\n\t\t\t<div class=\"elementor-widget-wrap elementor-element-populated\">\n\t\t\t\t\t\t\t<\/div>\n\t\t<\/div>\n\t\t\t\t\t<\/div>\n\t\t<\/section>\n\t\t\t\t<section class=\"elementor-section elementor-top-section elementor-element elementor-element-81449d4 elementor-section-boxed elementor-section-height-default elementor-section-height-default\" data-id=\"81449d4\" data-element_type=\"section\" data-e-type=\"section\">\n\t\t\t\t\t\t<div class=\"elementor-container elementor-column-gap-default\">\n\t\t\t\t\t<div class=\"elementor-column elementor-col-100 elementor-top-column elementor-element elementor-element-02edfb7\" data-id=\"02edfb7\" data-element_type=\"column\" data-e-type=\"column\">\n\t\t\t<div class=\"elementor-widget-wrap elementor-element-populated\">\n\t\t\t\t\t\t<div class=\"elementor-element elementor-element-701c17b elementor-widget elementor-widget-text-editor\" data-id=\"701c17b\" data-element_type=\"widget\" data-e-type=\"widget\" data-widget_type=\"text-editor.default\">\n\t\t\t\t<div class=\"elementor-widget-container\">\n\t\t\t\t\t\t\t\t\t<p>\u00c4hnlicher Hinweis\u00a0<a href=\"https:\/\/fapecuador.org\/de\/comercio-justo-kawsana-coffee\/\">https:\/\/fapecuador.org\/es_ec\/comercio-justo-kawsana-coffee\/<\/a><\/p><p>Nachrichten von Interesse\u00a0<a href=\"https:\/\/fapecuador.org\/de\/razones-para-apoyar-el-comercio-local\/\">https:\/\/fapecuador.org\/es_ec\/razones-para-apoyar-el-comercio-local\/<\/a><\/p><p>FAP-Blog\u00a0<a href=\"https:\/\/fapecuador.org\/de\/blog\/\">https:\/\/fapecuador.org\/es_ec\/blog\/<\/a><\/p><p>\u00dcber uns\u00a0<a href=\"https:\/\/fapecuador.org\/de\/wer-sind-wir\/\">https:\/\/fapecuador.org\/es_ec\/quienes-somos\/<\/a>\u00a0<\/p><p>Startseite\u00a0<a href=\"https:\/\/fapecuador.org\/de\/\">https:\/\/fapecuador.org\/es_ec\/<\/a><\/p><p>\u00a0<\/p>\t\t\t\t\t\t\t\t<\/div>\n\t\t\t\t<\/div>\n\t\t\t\t\t<\/div>\n\t\t<\/div>\n\t\t\t\t\t<\/div>\n\t\t<\/section>\n\t\t\t\t<\/div>","protected":false},"excerpt":{"rendered":"<p>\u00a1RIFA POR SAN ANTONIO DE LAS ARADAS! \u00a1Participa en nuestra rifa solidaria y gana un incre\u00edble viaje de 4 d\u00edas y 3 noches al Cuyabeno<\/p>","protected":false},"author":4,"featured_media":0,"parent":0,"menu_order":0,"comment_status":"closed","ping_status":"closed","template":"","meta":{"footnotes":""},"class_list":["post-3642","page","type-page","status-publish","hentry"],"yoast_head":"<!-- This site is optimized with the Yoast SEO plugin v27.5 - https:\/\/yoast.com\/product\/yoast-seo-wordpress\/ -->\n<title>Comercio justo en Fundaci\u00f3n Amazon\u00eda Productiva<\/title>\n<meta name=\"description\" content=\"El comercio justo busca generar una econom\u00eda popular y solidaria equitativa para todo el sector productivo\" \/>\n<meta name=\"robots\" content=\"index, follow, max-snippet:-1, max-image-preview:large, max-video-preview:-1\" \/>\n<link rel=\"canonical\" href=\"https:\/\/fapecuador.org\/de\/rifa-por-las-aradas\/\" \/>\n<meta property=\"og:locale\" content=\"de_DE\" \/>\n<meta property=\"og:type\" content=\"article\" \/>\n<meta property=\"og:title\" content=\"Comercio justo en Fundaci\u00f3n Amazon\u00eda Productiva\" \/>\n<meta property=\"og:description\" content=\"El comercio justo busca generar una econom\u00eda popular y solidaria equitativa para todo el sector productivo\" \/>\n<meta property=\"og:url\" content=\"https:\/\/fapecuador.org\/de\/rifa-por-las-aradas\/\" \/>\n<meta property=\"og:site_name\" content=\"Fundaci\u00f3n Amazon\u00eda Productiva\" \/>\n<meta property=\"article:modified_time\" content=\"2024-09-19T00:26:37+00:00\" \/>\n<meta property=\"og:image\" content=\"https:\/\/fapecuador.org\/wp-content\/uploads\/2024\/09\/Canon-EOS-5D-Mark-II4115-e1726092624897.jpg\" \/>\n<meta name=\"twitter:card\" content=\"summary_large_image\" \/>\n<meta name=\"twitter:label1\" content=\"Gesch\u00e4tzte Lesezeit\" \/>\n\t<meta name=\"twitter:data1\" content=\"6\u00a0Minuten\" \/>\n<script type=\"application\/ld+json\" class=\"yoast-schema-graph\">{\"@context\":\"https:\\\/\\\/schema.org\",\"@graph\":[{\"@type\":\"WebPage\",\"@id\":\"https:\\\/\\\/fapecuador.org\\\/es_ec\\\/rifa-por-las-aradas\\\/\",\"url\":\"https:\\\/\\\/fapecuador.org\\\/es_ec\\\/rifa-por-las-aradas\\\/\",\"name\":\"Comercio justo en Fundaci\u00f3n Amazon\u00eda Productiva\",\"isPartOf\":{\"@id\":\"http:\\\/\\\/fapecuador.org\\\/es_ec\\\/#website\"},\"primaryImageOfPage\":{\"@id\":\"https:\\\/\\\/fapecuador.org\\\/es_ec\\\/rifa-por-las-aradas\\\/#primaryimage\"},\"image\":{\"@id\":\"https:\\\/\\\/fapecuador.org\\\/es_ec\\\/rifa-por-las-aradas\\\/#primaryimage\"},\"thumbnailUrl\":\"https:\\\/\\\/fapecuador.org\\\/wp-content\\\/uploads\\\/2024\\\/09\\\/Canon-EOS-5D-Mark-II4115-e1726092624897.jpg\",\"datePublished\":\"2024-09-11T22:33:38+00:00\",\"dateModified\":\"2024-09-19T00:26:37+00:00\",\"description\":\"El comercio justo busca generar una econom\u00eda popular y solidaria equitativa para todo el sector productivo\",\"breadcrumb\":{\"@id\":\"https:\\\/\\\/fapecuador.org\\\/es_ec\\\/rifa-por-las-aradas\\\/#breadcrumb\"},\"inLanguage\":\"de\",\"potentialAction\":[{\"@type\":\"ReadAction\",\"target\":[\"https:\\\/\\\/fapecuador.org\\\/es_ec\\\/rifa-por-las-aradas\\\/\"]}]},{\"@type\":\"ImageObject\",\"inLanguage\":\"de\",\"@id\":\"https:\\\/\\\/fapecuador.org\\\/es_ec\\\/rifa-por-las-aradas\\\/#primaryimage\",\"url\":\"https:\\\/\\\/fapecuador.org\\\/wp-content\\\/uploads\\\/2024\\\/09\\\/Canon-EOS-5D-Mark-II4115-e1726092624897.jpg\",\"contentUrl\":\"https:\\\/\\\/fapecuador.org\\\/wp-content\\\/uploads\\\/2024\\\/09\\\/Canon-EOS-5D-Mark-II4115-e1726092624897.jpg\"},{\"@type\":\"BreadcrumbList\",\"@id\":\"https:\\\/\\\/fapecuador.org\\\/es_ec\\\/rifa-por-las-aradas\\\/#breadcrumb\",\"itemListElement\":[{\"@type\":\"ListItem\",\"position\":1,\"name\":\"Portada\",\"item\":\"https:\\\/\\\/fapecuador.org\\\/\"},{\"@type\":\"ListItem\",\"position\":2,\"name\":\"\u00a1RIFA POR LAS ARADAS!\"}]},{\"@type\":\"WebSite\",\"@id\":\"http:\\\/\\\/fapecuador.org\\\/es_ec\\\/#website\",\"url\":\"http:\\\/\\\/fapecuador.org\\\/es_ec\\\/\",\"name\":\"Fundaci\u00f3n Amazon\u00eda Productiva\",\"description\":\"\",\"publisher\":{\"@id\":\"http:\\\/\\\/fapecuador.org\\\/es_ec\\\/#organization\"},\"potentialAction\":[{\"@type\":\"SearchAction\",\"target\":{\"@type\":\"EntryPoint\",\"urlTemplate\":\"http:\\\/\\\/fapecuador.org\\\/es_ec\\\/?s={search_term_string}\"},\"query-input\":{\"@type\":\"PropertyValueSpecification\",\"valueRequired\":true,\"valueName\":\"search_term_string\"}}],\"inLanguage\":\"de\"},{\"@type\":\"Organization\",\"@id\":\"http:\\\/\\\/fapecuador.org\\\/es_ec\\\/#organization\",\"name\":\"Fundaci\u00f3n Amazon\u00eda Productiva\",\"url\":\"http:\\\/\\\/fapecuador.org\\\/es_ec\\\/\",\"logo\":{\"@type\":\"ImageObject\",\"inLanguage\":\"de\",\"@id\":\"http:\\\/\\\/fapecuador.org\\\/es_ec\\\/#\\\/schema\\\/logo\\\/image\\\/\",\"url\":\"https:\\\/\\\/fapecuador.org\\\/wp-content\\\/uploads\\\/2022\\\/07\\\/cropped-logo-fap-2020-cop.png\",\"contentUrl\":\"https:\\\/\\\/fapecuador.org\\\/wp-content\\\/uploads\\\/2022\\\/07\\\/cropped-logo-fap-2020-cop.png\",\"width\":592,\"height\":297,\"caption\":\"Fundaci\u00f3n Amazon\u00eda Productiva\"},\"image\":{\"@id\":\"http:\\\/\\\/fapecuador.org\\\/es_ec\\\/#\\\/schema\\\/logo\\\/image\\\/\"}}]}<\/script>\n<!-- \/ Yoast SEO plugin. -->","yoast_head_json":{"title":"Comercio justo en Fundaci\u00f3n Amazon\u00eda Productiva","description":"El comercio justo busca generar una econom\u00eda popular y solidaria equitativa para todo el sector productivo","robots":{"index":"index","follow":"follow","max-snippet":"max-snippet:-1","max-image-preview":"max-image-preview:large","max-video-preview":"max-video-preview:-1"},"canonical":"https:\/\/fapecuador.org\/de\/rifa-por-las-aradas\/","og_locale":"de_DE","og_type":"article","og_title":"Comercio justo en Fundaci\u00f3n Amazon\u00eda Productiva","og_description":"El comercio justo busca generar una econom\u00eda popular y solidaria equitativa para todo el sector productivo","og_url":"https:\/\/fapecuador.org\/de\/rifa-por-las-aradas\/","og_site_name":"Fundaci\u00f3n Amazon\u00eda Productiva","article_modified_time":"2024-09-19T00:26:37+00:00","og_image":[{"url":"https:\/\/fapecuador.org\/wp-content\/uploads\/2024\/09\/Canon-EOS-5D-Mark-II4115-e1726092624897.jpg","type":"","width":"","height":""}],"twitter_card":"summary_large_image","twitter_misc":{"Gesch\u00e4tzte Lesezeit":"6\u00a0Minuten"},"schema":{"@context":"https:\/\/schema.org","@graph":[{"@type":"WebPage","@id":"https:\/\/fapecuador.org\/es_ec\/rifa-por-las-aradas\/","url":"https:\/\/fapecuador.org\/es_ec\/rifa-por-las-aradas\/","name":"Comercio justo en Fundaci\u00f3n Amazon\u00eda Productiva","isPartOf":{"@id":"http:\/\/fapecuador.org\/es_ec\/#website"},"primaryImageOfPage":{"@id":"https:\/\/fapecuador.org\/es_ec\/rifa-por-las-aradas\/#primaryimage"},"image":{"@id":"https:\/\/fapecuador.org\/es_ec\/rifa-por-las-aradas\/#primaryimage"},"thumbnailUrl":"https:\/\/fapecuador.org\/wp-content\/uploads\/2024\/09\/Canon-EOS-5D-Mark-II4115-e1726092624897.jpg","datePublished":"2024-09-11T22:33:38+00:00","dateModified":"2024-09-19T00:26:37+00:00","description":"El comercio justo busca generar una econom\u00eda popular y solidaria equitativa para todo el sector productivo","breadcrumb":{"@id":"https:\/\/fapecuador.org\/es_ec\/rifa-por-las-aradas\/#breadcrumb"},"inLanguage":"de","potentialAction":[{"@type":"ReadAction","target":["https:\/\/fapecuador.org\/es_ec\/rifa-por-las-aradas\/"]}]},{"@type":"ImageObject","inLanguage":"de","@id":"https:\/\/fapecuador.org\/es_ec\/rifa-por-las-aradas\/#primaryimage","url":"https:\/\/fapecuador.org\/wp-content\/uploads\/2024\/09\/Canon-EOS-5D-Mark-II4115-e1726092624897.jpg","contentUrl":"https:\/\/fapecuador.org\/wp-content\/uploads\/2024\/09\/Canon-EOS-5D-Mark-II4115-e1726092624897.jpg"},{"@type":"BreadcrumbList","@id":"https:\/\/fapecuador.org\/es_ec\/rifa-por-las-aradas\/#breadcrumb","itemListElement":[{"@type":"ListItem","position":1,"name":"Portada","item":"https:\/\/fapecuador.org\/"},{"@type":"ListItem","position":2,"name":"\u00a1RIFA POR LAS ARADAS!"}]},{"@type":"WebSite","@id":"http:\/\/fapecuador.org\/es_ec\/#website","url":"http:\/\/fapecuador.org\/es_ec\/","name":"Fundaci\u00f3n Amazon\u00eda Productiva","description":"","publisher":{"@id":"http:\/\/fapecuador.org\/es_ec\/#organization"},"potentialAction":[{"@type":"SearchAction","target":{"@type":"EntryPoint","urlTemplate":"http:\/\/fapecuador.org\/es_ec\/?s={search_term_string}"},"query-input":{"@type":"PropertyValueSpecification","valueRequired":true,"valueName":"search_term_string"}}],"inLanguage":"de"},{"@type":"Organization","@id":"http:\/\/fapecuador.org\/es_ec\/#organization","name":"Fundaci\u00f3n Amazon\u00eda Productiva","url":"http:\/\/fapecuador.org\/es_ec\/","logo":{"@type":"ImageObject","inLanguage":"de","@id":"http:\/\/fapecuador.org\/es_ec\/#\/schema\/logo\/image\/","url":"https:\/\/fapecuador.org\/wp-content\/uploads\/2022\/07\/cropped-logo-fap-2020-cop.png","contentUrl":"https:\/\/fapecuador.org\/wp-content\/uploads\/2022\/07\/cropped-logo-fap-2020-cop.png","width":592,"height":297,"caption":"Fundaci\u00f3n Amazon\u00eda Productiva"},"image":{"@id":"http:\/\/fapecuador.org\/es_ec\/#\/schema\/logo\/image\/"}}]}},"_links":{"self":[{"href":"https:\/\/fapecuador.org\/de\/wp-json\/wp\/v2\/pages\/3642","targetHints":{"allow":["GET"]}}],"collection":[{"href":"https:\/\/fapecuador.org\/de\/wp-json\/wp\/v2\/pages"}],"about":[{"href":"https:\/\/fapecuador.org\/de\/wp-json\/wp\/v2\/types\/page"}],"author":[{"embeddable":true,"href":"https:\/\/fapecuador.org\/de\/wp-json\/wp\/v2\/users\/4"}],"replies":[{"embeddable":true,"href":"https:\/\/fapecuador.org\/de\/wp-json\/wp\/v2\/comments?post=3642"}],"version-history":[{"count":38,"href":"https:\/\/fapecuador.org\/de\/wp-json\/wp\/v2\/pages\/3642\/revisions"}],"predecessor-version":[{"id":3686,"href":"https:\/\/fapecuador.org\/de\/wp-json\/wp\/v2\/pages\/3642\/revisions\/3686"}],"wp:attachment":[{"href":"https:\/\/fapecuador.org\/de\/wp-json\/wp\/v2\/media?parent=3642"}],"curies":[{"name":"wp","href":"https:\/\/api.w.org\/{rel}","templated":true}]}}