{"id":266,"date":"2022-07-12T16:43:26","date_gmt":"2022-07-12T16:43:26","guid":{"rendered":"http:\/\/fap-ec.local\/?page_id=266"},"modified":"2026-02-12T13:28:44","modified_gmt":"2026-02-12T13:28:44","slug":"voluntariado","status":"publish","type":"page","link":"https:\/\/fapecuador.org\/es_ec\/voluntariado\/","title":{"rendered":"VOLUNTARIADO"},"content":{"rendered":"\t\t<div data-elementor-type=\"wp-page\" data-elementor-id=\"266\" class=\"elementor elementor-266\" data-elementor-post-type=\"page\">\n\t\t\t\t\t\t<section class=\"elementor-section elementor-top-section elementor-element elementor-element-c3afb3f elementor-section-boxed elementor-section-height-default elementor-section-height-default\" data-id=\"c3afb3f\" data-element_type=\"section\" data-e-type=\"section\" data-settings=\"{&quot;background_background&quot;:&quot;classic&quot;}\">\n\t\t\t\t\t\t<div class=\"elementor-container elementor-column-gap-default\">\n\t\t\t\t\t<div class=\"elementor-column elementor-col-100 elementor-top-column elementor-element elementor-element-73756ab\" data-id=\"73756ab\" data-element_type=\"column\" data-e-type=\"column\">\n\t\t\t<div class=\"elementor-widget-wrap elementor-element-populated\">\n\t\t\t\t\t\t<div class=\"elementor-element elementor-element-5f2fd12 elementor-widget elementor-widget-heading\" data-id=\"5f2fd12\" data-element_type=\"widget\" data-e-type=\"widget\" data-widget_type=\"heading.default\">\n\t\t\t\t<div class=\"elementor-widget-container\">\n\t\t\t\t\t<h1 class=\"elementor-heading-title elementor-size-default\">VOLUNTARIADO<\/h1>\t\t\t\t<\/div>\n\t\t\t\t<\/div>\n\t\t\t\t\t<\/div>\n\t\t<\/div>\n\t\t\t\t\t<\/div>\n\t\t<\/section>\n\t\t\t\t<section class=\"elementor-section elementor-top-section elementor-element elementor-element-e752eca elementor-section-boxed elementor-section-height-default elementor-section-height-default\" data-id=\"e752eca\" data-element_type=\"section\" data-e-type=\"section\">\n\t\t\t\t\t\t<div class=\"elementor-container elementor-column-gap-default\">\n\t\t\t\t\t<div class=\"elementor-column elementor-col-50 elementor-top-column elementor-element elementor-element-2cc9e52\" data-id=\"2cc9e52\" data-element_type=\"column\" data-e-type=\"column\">\n\t\t\t<div class=\"elementor-widget-wrap elementor-element-populated\">\n\t\t\t\t\t\t<div class=\"elementor-element elementor-element-dba94b8 elementor-widget elementor-widget-text-editor\" data-id=\"dba94b8\" data-element_type=\"widget\" data-e-type=\"widget\" data-widget_type=\"text-editor.default\">\n\t\t\t\t<div class=\"elementor-widget-container\">\n\t\t\t\t\t\t\t\t\t<p><span lang=\"ES\">Para FAP, la conservaci\u00f3n y preservaci\u00f3n del medio ambiente combinado al voluntariado es uno de los aspectos m\u00e1s importantes con los cuales trabajamos, por lo mismo, invitamos a todos y todas a formar parte de este proyecto de reforestaci\u00f3n.<\/span><\/p><p><span style=\"font-size: 1rem;\">Por otra parte, hacer un voluntariado en Ecuador, te dar\u00e1 la oportunidad de ayudar a otras personas, adem\u00e1s, podr\u00e1s conocer lugares incre\u00edbles del pa\u00eds.&nbsp;<\/span><\/p>\t\t\t\t\t\t\t\t<\/div>\n\t\t\t\t<\/div>\n\t\t\t\t<div class=\"elementor-element elementor-element-4e7bf35 elementor-widget elementor-widget-spacer\" data-id=\"4e7bf35\" data-element_type=\"widget\" data-e-type=\"widget\" data-widget_type=\"spacer.default\">\n\t\t\t\t<div class=\"elementor-widget-container\">\n\t\t\t\t\t\t\t<div class=\"elementor-spacer\">\n\t\t\t<div class=\"elementor-spacer-inner\"><\/div>\n\t\t<\/div>\n\t\t\t\t\t\t<\/div>\n\t\t\t\t<\/div>\n\t\t\t\t<div class=\"elementor-element elementor-element-6bf7455 elementor-widget elementor-widget-gallery\" data-id=\"6bf7455\" data-element_type=\"widget\" data-e-type=\"widget\" data-settings=\"{&quot;lazyload&quot;:&quot;yes&quot;,&quot;gallery_layout&quot;:&quot;grid&quot;,&quot;columns&quot;:4,&quot;columns_tablet&quot;:2,&quot;columns_mobile&quot;:1,&quot;gap&quot;:{&quot;unit&quot;:&quot;px&quot;,&quot;size&quot;:10,&quot;sizes&quot;:[]},&quot;gap_tablet&quot;:{&quot;unit&quot;:&quot;px&quot;,&quot;size&quot;:10,&quot;sizes&quot;:[]},&quot;gap_mobile&quot;:{&quot;unit&quot;:&quot;px&quot;,&quot;size&quot;:10,&quot;sizes&quot;:[]},&quot;link_to&quot;:&quot;file&quot;,&quot;aspect_ratio&quot;:&quot;3:2&quot;,&quot;overlay_background&quot;:&quot;yes&quot;,&quot;content_hover_animation&quot;:&quot;fade-in&quot;}\" data-widget_type=\"gallery.default\">\n\t\t\t\t<div class=\"elementor-widget-container\">\n\t\t\t\t\t\t\t<div class=\"elementor-gallery__container\">\r\n\t\t\t\t\t\t\t<a class=\"e-gallery-item elementor-gallery-item elementor-animated-content\" href=\"https:\/\/fapecuador.org\/wp-content\/uploads\/2023\/12\/IMG_4454-scaled.jpg\" data-elementor-open-lightbox=\"yes\" data-elementor-lightbox-slideshow=\"6bf7455\" data-elementor-lightbox-title=\"IMG_4454\" data-e-action-hash=\"#elementor-action%3Aaction%3Dlightbox%26settings%3DeyJpZCI6MzU5MywidXJsIjoiaHR0cHM6XC9cL2ZhcGVjdWFkb3Iub3JnXC93cC1jb250ZW50XC91cGxvYWRzXC8yMDIzXC8xMlwvSU1HXzQ0NTQtc2NhbGVkLmpwZyIsInNsaWRlc2hvdyI6IjZiZjc0NTUifQ%3D%3D\">\r\n\t\t\t\t\t<div class=\"e-gallery-image elementor-gallery-item__image\" data-thumbnail=\"https:\/\/fapecuador.org\/wp-content\/uploads\/2023\/12\/IMG_4454-225x300.jpg\" data-width=\"225\" data-height=\"300\" aria-label=\"\" role=\"img\" ><\/div>\r\n\t\t\t\t\t\t\t\t\t\t\t<div class=\"elementor-gallery-item__overlay\"><\/div>\r\n\t\t\t\t\t\t\t\t\t\t\t\t\t\t<\/a>\r\n\t\t\t\t\t\t\t<a class=\"e-gallery-item elementor-gallery-item elementor-animated-content\" href=\"https:\/\/fapecuador.org\/wp-content\/uploads\/2025\/06\/pexels-michael-burrows-7125740-scaled.jpg\" data-elementor-open-lightbox=\"yes\" data-elementor-lightbox-slideshow=\"6bf7455\" data-elementor-lightbox-title=\"pexels-michael-burrows-7125740\" data-e-action-hash=\"#elementor-action%3Aaction%3Dlightbox%26settings%3DeyJpZCI6Mzc1MywidXJsIjoiaHR0cHM6XC9cL2ZhcGVjdWFkb3Iub3JnXC93cC1jb250ZW50XC91cGxvYWRzXC8yMDI1XC8wNlwvcGV4ZWxzLW1pY2hhZWwtYnVycm93cy03MTI1NzQwLXNjYWxlZC5qcGciLCJzbGlkZXNob3ciOiI2YmY3NDU1In0%3D\">\r\n\t\t\t\t\t<div class=\"e-gallery-image elementor-gallery-item__image\" data-thumbnail=\"https:\/\/fapecuador.org\/wp-content\/uploads\/2025\/06\/pexels-michael-burrows-7125740-200x300.jpg\" data-width=\"200\" data-height=\"300\" aria-label=\"\" role=\"img\" ><\/div>\r\n\t\t\t\t\t\t\t\t\t\t\t<div class=\"elementor-gallery-item__overlay\"><\/div>\r\n\t\t\t\t\t\t\t\t\t\t\t\t\t\t<\/a>\r\n\t\t\t\t\t\t\t<a class=\"e-gallery-item elementor-gallery-item elementor-animated-content\" href=\"https:\/\/fapecuador.org\/wp-content\/uploads\/2023\/07\/20230824_104652-scaled-e1694797023509.jpg\" data-elementor-open-lightbox=\"yes\" data-elementor-lightbox-slideshow=\"6bf7455\" data-elementor-lightbox-title=\"20230824_104652\" data-e-action-hash=\"#elementor-action%3Aaction%3Dlightbox%26settings%3DeyJpZCI6MzM0NywidXJsIjoiaHR0cHM6XC9cL2ZhcGVjdWFkb3Iub3JnXC93cC1jb250ZW50XC91cGxvYWRzXC8yMDIzXC8wN1wvMjAyMzA4MjRfMTA0NjUyLXNjYWxlZC1lMTY5NDc5NzAyMzUwOS5qcGciLCJzbGlkZXNob3ciOiI2YmY3NDU1In0%3D\">\r\n\t\t\t\t\t<div class=\"e-gallery-image elementor-gallery-item__image\" data-thumbnail=\"https:\/\/fapecuador.org\/wp-content\/uploads\/2023\/07\/20230824_104652-scaled-e1694797023509-282x300.jpg\" data-width=\"282\" data-height=\"300\" aria-label=\"\" role=\"img\" ><\/div>\r\n\t\t\t\t\t\t\t\t\t\t\t<div class=\"elementor-gallery-item__overlay\"><\/div>\r\n\t\t\t\t\t\t\t\t\t\t\t\t\t\t<\/a>\r\n\t\t\t\t\t\t\t<a class=\"e-gallery-item elementor-gallery-item elementor-animated-content\" href=\"https:\/\/fapecuador.org\/wp-content\/uploads\/2023\/01\/Siembra-las-Aradas-2022-1.jpeg\" data-elementor-open-lightbox=\"yes\" data-elementor-lightbox-slideshow=\"6bf7455\" data-elementor-lightbox-title=\"Siembra las Aradas 2022-1\" data-e-action-hash=\"#elementor-action%3Aaction%3Dlightbox%26settings%3DeyJpZCI6MzA0NiwidXJsIjoiaHR0cHM6XC9cL2ZhcGVjdWFkb3Iub3JnXC93cC1jb250ZW50XC91cGxvYWRzXC8yMDIzXC8wMVwvU2llbWJyYS1sYXMtQXJhZGFzLTIwMjItMS5qcGVnIiwic2xpZGVzaG93IjoiNmJmNzQ1NSJ9\">\r\n\t\t\t\t\t<div class=\"e-gallery-image elementor-gallery-item__image\" data-thumbnail=\"https:\/\/fapecuador.org\/wp-content\/uploads\/2023\/01\/Siembra-las-Aradas-2022-1-225x300.jpeg\" data-width=\"225\" data-height=\"300\" aria-label=\"alcanzamos los mil \u00e1rboles sembrados 9\" role=\"img\" ><\/div>\r\n\t\t\t\t\t\t\t\t\t\t\t<div class=\"elementor-gallery-item__overlay\"><\/div>\r\n\t\t\t\t\t\t\t\t\t\t\t\t\t\t<\/a>\r\n\t\t\t\t\t\t\t<a class=\"e-gallery-item elementor-gallery-item elementor-animated-content\" href=\"https:\/\/fapecuador.org\/wp-content\/uploads\/2022\/11\/plantacion-6.png\" data-elementor-open-lightbox=\"yes\" data-elementor-lightbox-slideshow=\"6bf7455\" data-elementor-lightbox-title=\"plantaci\u00f3n 6\" data-e-action-hash=\"#elementor-action%3Aaction%3Dlightbox%26settings%3DeyJpZCI6MTg5MSwidXJsIjoiaHR0cHM6XC9cL2ZhcGVjdWFkb3Iub3JnXC93cC1jb250ZW50XC91cGxvYWRzXC8yMDIyXC8xMVwvcGxhbnRhY2lvbi02LnBuZyIsInNsaWRlc2hvdyI6IjZiZjc0NTUifQ%3D%3D\">\r\n\t\t\t\t\t<div class=\"e-gallery-image elementor-gallery-item__image\" data-thumbnail=\"https:\/\/fapecuador.org\/wp-content\/uploads\/2022\/11\/plantacion-6-225x300.png\" data-width=\"225\" data-height=\"300\" aria-label=\"Segunda jornada de plantaci\u00f3n 6\" role=\"img\" ><\/div>\r\n\t\t\t\t\t\t\t\t\t\t\t<div class=\"elementor-gallery-item__overlay\"><\/div>\r\n\t\t\t\t\t\t\t\t\t\t\t\t\t\t<\/a>\r\n\t\t\t\t\t\t\t<a class=\"e-gallery-item elementor-gallery-item elementor-animated-content\" href=\"https:\/\/fapecuador.org\/wp-content\/uploads\/2022\/07\/EBB25B46-38DE-4B92-80B7-A11C7FB210D5-1-scaled-1.jpeg\" data-elementor-open-lightbox=\"yes\" data-elementor-lightbox-slideshow=\"6bf7455\" data-elementor-lightbox-title=\"EBB25B46-38DE-4B92-80B7-A11C7FB210D5-1-scaled-1\" data-e-action-hash=\"#elementor-action%3Aaction%3Dlightbox%26settings%3DeyJpZCI6NzI4LCJ1cmwiOiJodHRwczpcL1wvZmFwZWN1YWRvci5vcmdcL3dwLWNvbnRlbnRcL3VwbG9hZHNcLzIwMjJcLzA3XC9FQkIyNUI0Ni0zOERFLTRCOTItODBCNy1BMTFDN0ZCMjEwRDUtMS1zY2FsZWQtMS5qcGVnIiwic2xpZGVzaG93IjoiNmJmNzQ1NSJ9\">\r\n\t\t\t\t\t<div class=\"e-gallery-image elementor-gallery-item__image\" data-thumbnail=\"https:\/\/fapecuador.org\/wp-content\/uploads\/2022\/07\/EBB25B46-38DE-4B92-80B7-A11C7FB210D5-1-scaled-1-300x200.jpeg\" data-width=\"300\" data-height=\"200\" aria-label=\"Plantaci\u00f3n de \u00e1rbol 1\" role=\"img\" ><\/div>\r\n\t\t\t\t\t\t\t\t\t\t\t<div class=\"elementor-gallery-item__overlay\"><\/div>\r\n\t\t\t\t\t\t\t\t\t\t\t\t\t\t<\/a>\r\n\t\t\t\t\t\t\t<a class=\"e-gallery-item elementor-gallery-item elementor-animated-content\" href=\"https:\/\/fapecuador.org\/wp-content\/uploads\/2022\/12\/Siembra.jpg\" data-elementor-open-lightbox=\"yes\" data-elementor-lightbox-slideshow=\"6bf7455\" data-elementor-lightbox-title=\"Siembra\" data-e-action-hash=\"#elementor-action%3Aaction%3Dlightbox%26settings%3DeyJpZCI6MjA4NSwidXJsIjoiaHR0cHM6XC9cL2ZhcGVjdWFkb3Iub3JnXC93cC1jb250ZW50XC91cGxvYWRzXC8yMDIyXC8xMlwvU2llbWJyYS5qcGciLCJzbGlkZXNob3ciOiI2YmY3NDU1In0%3D\">\r\n\t\t\t\t\t<div class=\"e-gallery-image elementor-gallery-item__image\" data-thumbnail=\"https:\/\/fapecuador.org\/wp-content\/uploads\/2022\/12\/Siembra-300x169.jpg\" data-width=\"300\" data-height=\"169\" aria-label=\"Green tour de 2 d\u00edas - aventura\" role=\"img\" ><\/div>\r\n\t\t\t\t\t\t\t\t\t\t\t<div class=\"elementor-gallery-item__overlay\"><\/div>\r\n\t\t\t\t\t\t\t\t\t\t\t\t\t\t<\/a>\r\n\t\t\t\t\t\t\t<a class=\"e-gallery-item elementor-gallery-item elementor-animated-content\" href=\"https:\/\/fapecuador.org\/wp-content\/uploads\/2023\/12\/IMG_9124-1-scaled.jpg\" data-elementor-open-lightbox=\"yes\" data-elementor-lightbox-slideshow=\"6bf7455\" data-elementor-lightbox-title=\"IMG_9124 (1)\" data-e-action-hash=\"#elementor-action%3Aaction%3Dlightbox%26settings%3DeyJpZCI6MzU5NCwidXJsIjoiaHR0cHM6XC9cL2ZhcGVjdWFkb3Iub3JnXC93cC1jb250ZW50XC91cGxvYWRzXC8yMDIzXC8xMlwvSU1HXzkxMjQtMS1zY2FsZWQuanBnIiwic2xpZGVzaG93IjoiNmJmNzQ1NSJ9\">\r\n\t\t\t\t\t<div class=\"e-gallery-image elementor-gallery-item__image\" data-thumbnail=\"https:\/\/fapecuador.org\/wp-content\/uploads\/2023\/12\/IMG_9124-1-300x225.jpg\" data-width=\"300\" data-height=\"225\" aria-label=\"\" role=\"img\" ><\/div>\r\n\t\t\t\t\t\t\t\t\t\t\t<div class=\"elementor-gallery-item__overlay\"><\/div>\r\n\t\t\t\t\t\t\t\t\t\t\t\t\t\t<\/a>\r\n\t\t\t\t\t<\/div>\r\n\t\t\t\t\t<\/div>\n\t\t\t\t<\/div>\n\t\t\t\t<div class=\"elementor-element elementor-element-81ec347 elementor-button-info elementor-align-center elementor-widget elementor-widget-button\" data-id=\"81ec347\" data-element_type=\"widget\" data-e-type=\"widget\" data-widget_type=\"button.default\">\n\t\t\t\t<div class=\"elementor-widget-container\">\n\t\t\t\t\t\t\t\t\t<div class=\"elementor-button-wrapper\">\n\t\t\t\t\t<a class=\"elementor-button elementor-button-link elementor-size-sm\" href=\"https:\/\/responsibletravelsa.com\/es\/\">\n\t\t\t\t\t\t<span class=\"elementor-button-content-wrapper\">\n\t\t\t\t\t\t<span class=\"elementor-button-icon\">\n\t\t\t\t<i aria-hidden=\"true\" class=\"fas fa-link\"><\/i>\t\t\t<\/span>\n\t\t\t\t\t\t\t\t\t<span class=\"elementor-button-text\">Conoce Ecuador Aqu\u00ed<\/span>\n\t\t\t\t\t<\/span>\n\t\t\t\t\t<\/a>\n\t\t\t\t<\/div>\n\t\t\t\t\t\t\t\t<\/div>\n\t\t\t\t<\/div>\n\t\t\t\t<div class=\"elementor-element elementor-element-1d73144 elementor-widget elementor-widget-spacer\" data-id=\"1d73144\" data-element_type=\"widget\" data-e-type=\"widget\" data-widget_type=\"spacer.default\">\n\t\t\t\t<div class=\"elementor-widget-container\">\n\t\t\t\t\t\t\t<div class=\"elementor-spacer\">\n\t\t\t<div class=\"elementor-spacer-inner\"><\/div>\n\t\t<\/div>\n\t\t\t\t\t\t<\/div>\n\t\t\t\t<\/div>\n\t\t\t\t<div class=\"elementor-element elementor-element-76f07ad elementor-widget elementor-widget-heading\" data-id=\"76f07ad\" data-element_type=\"widget\" data-e-type=\"widget\" data-widget_type=\"heading.default\">\n\t\t\t\t<div class=\"elementor-widget-container\">\n\t\t\t\t\t<h2 class=\"elementor-heading-title elementor-size-default\">VOLUNTARIADO SAN ANTONIO DE LAS ARADAS \u2013 LOJA<\/h2>\t\t\t\t<\/div>\n\t\t\t\t<\/div>\n\t\t\t\t<div class=\"elementor-element elementor-element-05bb387 elementor-widget elementor-widget-text-editor\" data-id=\"05bb387\" data-element_type=\"widget\" data-e-type=\"widget\" data-widget_type=\"text-editor.default\">\n\t\t\t\t<div class=\"elementor-widget-container\">\n\t\t\t\t\t\t\t\t\t<p>La parroquia San Antonio de las Aradas pertenece al cant\u00f3n Quilanga (parte sur), provincia de Loja, ubicada en el sur \u2013 oeste de la Rep\u00fablica del Ecuador.<\/p><p>Tiene una altitud de 1640 msnm, cuenta con una extensi\u00f3n de 110.30 km\u00b2. De acuerdo con el \u00faltimo censo realizado el 2010, la parroquia tiene una poblaci\u00f3n de 1700 habitantes.<\/p><p>Es un pueblo dedicado a la agricultura como tambi\u00e9n a la ganader\u00eda con pastizales para ganado vacuno, porcino, caprino y aves de corral.<\/p>\t\t\t\t\t\t\t\t<\/div>\n\t\t\t\t<\/div>\n\t\t\t\t<div class=\"elementor-element elementor-element-6e64203 elementor-widget elementor-widget-text-editor\" data-id=\"6e64203\" data-element_type=\"widget\" data-e-type=\"widget\" data-widget_type=\"text-editor.default\">\n\t\t\t\t<div class=\"elementor-widget-container\">\n\t\t\t\t\t\t\t\t\t<p>Lamentablemente, el a\u00f1o 2019, solo en la provincia de Loja se produjeron 91 incendios, provocando una totalidad de, 6339.00 de hect\u00e1reas quemadas.<\/p>\t\t\t\t\t\t\t\t<\/div>\n\t\t\t\t<\/div>\n\t\t\t\t<div class=\"elementor-element elementor-element-f6f4b46 elementor-widget elementor-widget-gallery\" data-id=\"f6f4b46\" data-element_type=\"widget\" data-e-type=\"widget\" data-settings=\"{&quot;gallery_layout&quot;:&quot;justified&quot;,&quot;ideal_row_height&quot;:{&quot;unit&quot;:&quot;px&quot;,&quot;size&quot;:228,&quot;sizes&quot;:[]},&quot;image_hover_animation&quot;:&quot;grow&quot;,&quot;lazyload&quot;:&quot;yes&quot;,&quot;ideal_row_height_tablet&quot;:{&quot;unit&quot;:&quot;px&quot;,&quot;size&quot;:150,&quot;sizes&quot;:[]},&quot;ideal_row_height_mobile&quot;:{&quot;unit&quot;:&quot;px&quot;,&quot;size&quot;:150,&quot;sizes&quot;:[]},&quot;gap&quot;:{&quot;unit&quot;:&quot;px&quot;,&quot;size&quot;:10,&quot;sizes&quot;:[]},&quot;gap_tablet&quot;:{&quot;unit&quot;:&quot;px&quot;,&quot;size&quot;:10,&quot;sizes&quot;:[]},&quot;gap_mobile&quot;:{&quot;unit&quot;:&quot;px&quot;,&quot;size&quot;:10,&quot;sizes&quot;:[]},&quot;link_to&quot;:&quot;file&quot;,&quot;overlay_background&quot;:&quot;yes&quot;,&quot;content_hover_animation&quot;:&quot;fade-in&quot;}\" data-widget_type=\"gallery.default\">\n\t\t\t\t<div class=\"elementor-widget-container\">\n\t\t\t\t\t\t\t<div class=\"elementor-gallery__container\">\r\n\t\t\t\t\t\t\t<a class=\"e-gallery-item elementor-gallery-item elementor-animated-content\" href=\"https:\/\/fapecuador.org\/wp-content\/uploads\/2022\/12\/Siembra-de-alumnos-y-maestro.jpg\" data-elementor-open-lightbox=\"yes\" data-elementor-lightbox-slideshow=\"f6f4b46\" data-elementor-lightbox-title=\"Siembra de alumnos y maestro\" data-e-action-hash=\"#elementor-action%3Aaction%3Dlightbox%26settings%3DeyJpZCI6MjA4NiwidXJsIjoiaHR0cHM6XC9cL2ZhcGVjdWFkb3Iub3JnXC93cC1jb250ZW50XC91cGxvYWRzXC8yMDIyXC8xMlwvU2llbWJyYS1kZS1hbHVtbm9zLXktbWFlc3Ryby5qcGciLCJzbGlkZXNob3ciOiJmNmY0YjQ2In0%3D\">\r\n\t\t\t\t\t<div class=\"e-gallery-image elementor-gallery-item__image\" data-thumbnail=\"https:\/\/fapecuador.org\/wp-content\/uploads\/2022\/12\/Siembra-de-alumnos-y-maestro-300x200.jpg\" data-width=\"300\" data-height=\"200\" aria-label=\"Adopta un \u00e1rbol 3\" role=\"img\" ><\/div>\r\n\t\t\t\t\t\t\t\t\t\t\t<div class=\"elementor-gallery-item__overlay\"><\/div>\r\n\t\t\t\t\t\t\t\t\t\t\t\t\t\t<\/a>\r\n\t\t\t\t\t\t\t<a class=\"e-gallery-item elementor-gallery-item elementor-animated-content\" href=\"https:\/\/fapecuador.org\/wp-content\/uploads\/2022\/07\/BC615753-B8EF-4139-9A45-FDF4EF6B2EFB_1_105_c-1.jpeg\" data-elementor-open-lightbox=\"yes\" data-elementor-lightbox-slideshow=\"f6f4b46\" data-elementor-lightbox-title=\"BC615753-B8EF-4139-9A45-FDF4EF6B2EFB_1_105_c-1\" data-e-action-hash=\"#elementor-action%3Aaction%3Dlightbox%26settings%3DeyJpZCI6NTcsInVybCI6Imh0dHBzOlwvXC9mYXBlY3VhZG9yLm9yZ1wvd3AtY29udGVudFwvdXBsb2Fkc1wvMjAyMlwvMDdcL0JDNjE1NzUzLUI4RUYtNDEzOS05QTQ1LUZERjRFRjZCMkVGQl8xXzEwNV9jLTEuanBlZyIsInNsaWRlc2hvdyI6ImY2ZjRiNDYifQ%3D%3D\">\r\n\t\t\t\t\t<div class=\"e-gallery-image elementor-gallery-item__image\" data-thumbnail=\"https:\/\/fapecuador.org\/wp-content\/uploads\/2022\/07\/BC615753-B8EF-4139-9A45-FDF4EF6B2EFB_1_105_c-1-300x200.jpeg\" data-width=\"300\" data-height=\"200\" aria-label=\"\" role=\"img\" ><\/div>\r\n\t\t\t\t\t\t\t\t\t\t\t<div class=\"elementor-gallery-item__overlay\"><\/div>\r\n\t\t\t\t\t\t\t\t\t\t\t\t\t\t<\/a>\r\n\t\t\t\t\t<\/div>\r\n\t\t\t\t\t<\/div>\n\t\t\t\t<\/div>\n\t\t\t\t<div class=\"elementor-element elementor-element-71e6388 elementor-widget elementor-widget-text-editor\" data-id=\"71e6388\" data-element_type=\"widget\" data-e-type=\"widget\" data-widget_type=\"text-editor.default\">\n\t\t\t\t<div class=\"elementor-widget-container\">\n\t\t\t\t\t\t\t\t\t<p>El incendio m\u00e1s grande se produjo el 05 de septiembre de 2019, afectando a las parroquias Fundochamba y San Antonio de las Aradas, en el cant\u00f3n Quilanga, consumiendo alrededor de 4411 de Ha. Hasta la fecha y seg\u00fan el informe del Servicio Nacional de Gesti\u00f3n de Riesgos y Emergencia, el incendio est\u00e1 liquidado.<\/p><p>Desafortunadamente, el incendio afect\u00f3 aproximadamente a 100 comuneros, as\u00ed como tambi\u00e9n a las microcuencas de Fundochamba y San Antonio de las Aradas, pastizales, sembr\u00edos de caf\u00e9 y animales.\u00a0<span style=\"color: var( --e-global-color-text ); font-size: 1rem;\">Otra dificultad aparte de los incendios es la miner\u00eda. Esta \u00faltima genera grandes problemas ambientales, especialmente en los sumideros de agua que abastecen de agua a los centros poblados y sembr\u00edos por riego.<\/span><\/p>\t\t\t\t\t\t\t\t<\/div>\n\t\t\t\t<\/div>\n\t\t\t\t<div class=\"elementor-element elementor-element-c8b6e76 elementor-widget elementor-widget-text-editor\" data-id=\"c8b6e76\" data-element_type=\"widget\" data-e-type=\"widget\" data-widget_type=\"text-editor.default\">\n\t\t\t\t<div class=\"elementor-widget-container\">\n\t\t\t\t\t\t\t\t\t<p>Por todas las razones mencionadas con anterioridad, se ha decidido tomar acciones para mitigar el impacto ambiental, mediante la reforestaci\u00f3n de plantas nativas, las cuales contrarrestan el proceso de erosi\u00f3n, adem\u00e1s de reducir el CO\u2082 en la atm\u00f3sfera y producir O2. Por tal motivo, es de suma importancia capacitar a la comunidad en pr\u00e1cticas medio ambientales, ya que ellos ser\u00e1n los encargados de conservar y cuidar su hogar, as\u00ed como tambi\u00e9n de transmitir los conocimientos a las futuras generaciones para que estas pr\u00e1cticas se puedan mantener.<br><\/p>\t\t\t\t\t\t\t\t<\/div>\n\t\t\t\t<\/div>\n\t\t\t\t<div class=\"elementor-element elementor-element-3e37db2 elementor-widget elementor-widget-image\" data-id=\"3e37db2\" data-element_type=\"widget\" data-e-type=\"widget\" data-widget_type=\"image.default\">\n\t\t\t\t<div class=\"elementor-widget-container\">\n\t\t\t\t\t\t\t\t\t\t\t\t\t\t\t<img fetchpriority=\"high\" decoding=\"async\" width=\"800\" height=\"451\" src=\"https:\/\/fapecuador.org\/wp-content\/uploads\/2023\/09\/20230825_121734-1024x577.jpg\" class=\"attachment-large size-large wp-image-3333\" alt=\"\" srcset=\"https:\/\/fapecuador.org\/wp-content\/uploads\/2023\/09\/20230825_121734-1024x577.jpg 1024w, https:\/\/fapecuador.org\/wp-content\/uploads\/2023\/09\/20230825_121734-300x169.jpg 300w, https:\/\/fapecuador.org\/wp-content\/uploads\/2023\/09\/20230825_121734-768x432.jpg 768w, https:\/\/fapecuador.org\/wp-content\/uploads\/2023\/09\/20230825_121734-1536x865.jpg 1536w, https:\/\/fapecuador.org\/wp-content\/uploads\/2023\/09\/20230825_121734-2048x1153.jpg 2048w, https:\/\/fapecuador.org\/wp-content\/uploads\/2023\/09\/20230825_121734-18x10.jpg 18w, https:\/\/fapecuador.org\/wp-content\/uploads\/2023\/09\/20230825_121734-600x338.jpg 600w\" sizes=\"(max-width: 800px) 100vw, 800px\" \/>\t\t\t\t\t\t\t\t\t\t\t\t\t\t\t<\/div>\n\t\t\t\t<\/div>\n\t\t\t\t<section class=\"elementor-section elementor-inner-section elementor-element elementor-element-d5ecba6 elementor-section-boxed elementor-section-height-default elementor-section-height-default\" data-id=\"d5ecba6\" data-element_type=\"section\" data-e-type=\"section\">\n\t\t\t\t\t\t<div class=\"elementor-container elementor-column-gap-default\">\n\t\t\t\t\t<div class=\"elementor-column elementor-col-50 elementor-inner-column elementor-element elementor-element-4ee7b1e\" data-id=\"4ee7b1e\" data-element_type=\"column\" data-e-type=\"column\">\n\t\t\t<div class=\"elementor-widget-wrap elementor-element-populated\">\n\t\t\t\t\t\t<div class=\"elementor-element elementor-element-e1f015f elementor-widget elementor-widget-text-editor\" data-id=\"e1f015f\" data-element_type=\"widget\" data-e-type=\"widget\" data-widget_type=\"text-editor.default\">\n\t\t\t\t<div class=\"elementor-widget-container\">\n\t\t\t\t\t\t\t\t\t<p style=\"text-align: center;\"><strong>ACTIVIDADES EN EL VOLUNTARIADO<\/strong><\/p>\t\t\t\t\t\t\t\t<\/div>\n\t\t\t\t<\/div>\n\t\t\t\t\t<\/div>\n\t\t<\/div>\n\t\t\t\t<div class=\"elementor-column elementor-col-50 elementor-inner-column elementor-element elementor-element-26d1ca9\" data-id=\"26d1ca9\" data-element_type=\"column\" data-e-type=\"column\">\n\t\t\t<div class=\"elementor-widget-wrap elementor-element-populated\">\n\t\t\t\t\t\t<div class=\"elementor-element elementor-element-6bc41a7 elementor-widget elementor-widget-text-editor\" data-id=\"6bc41a7\" data-element_type=\"widget\" data-e-type=\"widget\" data-widget_type=\"text-editor.default\">\n\t\t\t\t<div class=\"elementor-widget-container\">\n\t\t\t\t\t\t\t\t\t<p style=\"text-align: center;\"><strong>PRECIO PARA EL VOLUNTARIADO<\/strong><\/p>\t\t\t\t\t\t\t\t<\/div>\n\t\t\t\t<\/div>\n\t\t\t\t\t<\/div>\n\t\t<\/div>\n\t\t\t\t\t<\/div>\n\t\t<\/section>\n\t\t\t\t<section class=\"elementor-section elementor-inner-section elementor-element elementor-element-10251a6 elementor-section-boxed elementor-section-height-default elementor-section-height-default\" data-id=\"10251a6\" data-element_type=\"section\" data-e-type=\"section\">\n\t\t\t\t\t\t<div class=\"elementor-container elementor-column-gap-default\">\n\t\t\t\t\t<div class=\"elementor-column elementor-col-50 elementor-inner-column elementor-element elementor-element-5f819f6\" data-id=\"5f819f6\" data-element_type=\"column\" data-e-type=\"column\">\n\t\t\t<div class=\"elementor-widget-wrap elementor-element-populated\">\n\t\t\t\t\t\t<div class=\"elementor-element elementor-element-48b599e elementor-widget elementor-widget-text-editor\" data-id=\"48b599e\" data-element_type=\"widget\" data-e-type=\"widget\" data-widget_type=\"text-editor.default\">\n\t\t\t\t<div class=\"elementor-widget-container\">\n\t\t\t\t\t\t\t\t\t<ul><li>Proyecto piloto de reforestaci\u00f3n\/conservaci\u00f3n (Etapa de investigaci\u00f3n)<\/li><li>Talleres informativos sobre cambio clim\u00e1tico y la importancia de la conservaci\u00f3n y reforestaci\u00f3n (Colegio y\/o Junta parroquial)<\/li><li>Talleres &#8211; Reforestaci\u00f3n de especies nativas (Colegio y\/o Junta parroquial)<\/li><li>Clases de ingl\u00e9s (Colegio y\/o Junta parroquial)<\/li><li>Coordinaci\u00f3n de plantaci\u00f3n<\/li><\/ul>\t\t\t\t\t\t\t\t<\/div>\n\t\t\t\t<\/div>\n\t\t\t\t\t<\/div>\n\t\t<\/div>\n\t\t\t\t<div class=\"elementor-column elementor-col-50 elementor-inner-column elementor-element elementor-element-b4ed5e1\" data-id=\"b4ed5e1\" data-element_type=\"column\" data-e-type=\"column\">\n\t\t\t<div class=\"elementor-widget-wrap elementor-element-populated\">\n\t\t\t\t\t\t<div class=\"elementor-element elementor-element-185aabf elementor-widget elementor-widget-text-editor\" data-id=\"185aabf\" data-element_type=\"widget\" data-e-type=\"widget\" data-widget_type=\"text-editor.default\">\n\t\t\t\t<div class=\"elementor-widget-container\">\n\t\t\t\t\t\t\t\t\t<p><b>Tiempo\u00a0\u00a0\u00a0\u00a0\u00a0\u00a0\u00a0\u00a0\u00a0\u00a0\u00a0\u00a0 Precio USD<\/b><br \/>Mensual\u00a0 \u00a0 \u00a0 \u00a0 \u00a0 \u00a0 888.00<\/p><p><strong>INCLUYE:<\/strong><\/p><ul><li>Acomodaci\u00f3n en una habitaci\u00f3n privada en casa de familia anfitriona.<\/li><li>Pensi\u00f3n completa (Desayuno, almuerzo y cena)<\/li><\/ul>\t\t\t\t\t\t\t\t<\/div>\n\t\t\t\t<\/div>\n\t\t\t\t\t<\/div>\n\t\t<\/div>\n\t\t\t\t\t<\/div>\n\t\t<\/section>\n\t\t\t\t<div class=\"elementor-element elementor-element-7a15add elementor-widget elementor-widget-heading\" data-id=\"7a15add\" data-element_type=\"widget\" data-e-type=\"widget\" data-widget_type=\"heading.default\">\n\t\t\t\t<div class=\"elementor-widget-container\">\n\t\t\t\t\t<h2 class=\"elementor-heading-title elementor-size-default\">NO INCLUYE:<\/h2>\t\t\t\t<\/div>\n\t\t\t\t<\/div>\n\t\t\t\t<div class=\"elementor-element elementor-element-349147b elementor-widget elementor-widget-text-editor\" data-id=\"349147b\" data-element_type=\"widget\" data-e-type=\"widget\" data-widget_type=\"text-editor.default\">\n\t\t\t\t<div class=\"elementor-widget-container\">\n\t\t\t\t\t\t\t\t\t<p>Transporte terrestre Quito \u2013 Loja<br \/>Bus Normal por v\u00eda: <b>25 usd<\/b><br \/>Bus Cama por v\u00eda: <b>40 usd<\/b><\/p><p>Transporte terrestre Loja \u2013 San Antonio de las Aradas: <strong>6 usd<\/strong> (solo un bus directo \u201ctransporte Catamayo\u201d)<\/p><p>*Los precios pueden variar dependiendo de la situaci\u00f3n socio-pol\u00edtica. (sobre todo precio de la gasolina)<\/p>\t\t\t\t\t\t\t\t<\/div>\n\t\t\t\t<\/div>\n\t\t\t\t<div class=\"elementor-element elementor-element-edadd67 elementor-align-left elementor-widget elementor-widget-button\" data-id=\"edadd67\" data-element_type=\"widget\" data-e-type=\"widget\" data-widget_type=\"button.default\">\n\t\t\t\t<div class=\"elementor-widget-container\">\n\t\t\t\t\t\t\t\t\t<div class=\"elementor-button-wrapper\">\n\t\t\t\t\t<a class=\"elementor-button elementor-button-link elementor-size-md\" href=\"https:\/\/fapecuador.org\/contacto\/\">\n\t\t\t\t\t\t<span class=\"elementor-button-content-wrapper\">\n\t\t\t\t\t\t\t\t\t<span class=\"elementor-button-text\">CONT\u00c1CTENOS<\/span>\n\t\t\t\t\t<\/span>\n\t\t\t\t\t<\/a>\n\t\t\t\t<\/div>\n\t\t\t\t\t\t\t\t<\/div>\n\t\t\t\t<\/div>\n\t\t\t\t<div class=\"elementor-element elementor-element-0187e49 elementor-widget elementor-widget-spacer\" data-id=\"0187e49\" data-element_type=\"widget\" data-e-type=\"widget\" data-widget_type=\"spacer.default\">\n\t\t\t\t<div class=\"elementor-widget-container\">\n\t\t\t\t\t\t\t<div class=\"elementor-spacer\">\n\t\t\t<div class=\"elementor-spacer-inner\"><\/div>\n\t\t<\/div>\n\t\t\t\t\t\t<\/div>\n\t\t\t\t<\/div>\n\t\t\t\t<div class=\"elementor-element elementor-element-a939904 elementor-widget elementor-widget-heading\" data-id=\"a939904\" data-element_type=\"widget\" data-e-type=\"widget\" data-widget_type=\"heading.default\">\n\t\t\t\t<div class=\"elementor-widget-container\">\n\t\t\t\t\t<h2 class=\"elementor-heading-title elementor-size-default\">Experiencias de Voluntarios<\/h2>\t\t\t\t<\/div>\n\t\t\t\t<\/div>\n\t\t\t\t<div class=\"elementor-element elementor-element-9aaae8d elementor-testimonial--skin-bubble elementor-testimonial--layout-image_inline elementor-testimonial--align-center elementor-arrows-yes elementor-pagination-type-bullets elementor-widget elementor-widget-testimonial-carousel\" data-id=\"9aaae8d\" data-element_type=\"widget\" data-e-type=\"widget\" data-settings=\"{&quot;slides_per_view&quot;:&quot;1&quot;,&quot;slides_to_scroll&quot;:&quot;1&quot;,&quot;show_arrows&quot;:&quot;yes&quot;,&quot;pagination&quot;:&quot;bullets&quot;,&quot;speed&quot;:500,&quot;autoplay&quot;:&quot;yes&quot;,&quot;autoplay_speed&quot;:5000,&quot;loop&quot;:&quot;yes&quot;,&quot;pause_on_hover&quot;:&quot;yes&quot;,&quot;pause_on_interaction&quot;:&quot;yes&quot;,&quot;space_between&quot;:{&quot;unit&quot;:&quot;px&quot;,&quot;size&quot;:10,&quot;sizes&quot;:[]},&quot;space_between_tablet&quot;:{&quot;unit&quot;:&quot;px&quot;,&quot;size&quot;:10,&quot;sizes&quot;:[]},&quot;space_between_mobile&quot;:{&quot;unit&quot;:&quot;px&quot;,&quot;size&quot;:10,&quot;sizes&quot;:[]}}\" data-widget_type=\"testimonial-carousel.default\">\n\t\t\t\t<div class=\"elementor-widget-container\">\n\t\t\t\t\t\t\t\t\t<div class=\"elementor-swiper\">\r\n\t\t\t\t\t<div class=\"elementor-main-swiper swiper\" role=\"region\" aria-roledescription=\"carousel\" aria-label=\"Slides\">\r\n\t\t\t\t<div class=\"swiper-wrapper\">\r\n\t\t\t\t\t\t\t\t\t\t\t<div class=\"swiper-slide\" role=\"group\" aria-roledescription=\"slide\">\r\n\t\t\t\t\t\t\t\t\t<div class=\"elementor-testimonial\">\r\n\t\t\t\t\t\t\t<div class=\"elementor-testimonial__content\">\r\n\t\t\t\t\t<div class=\"elementor-testimonial__text\">\r\n\t\t\t\t\t\t\"Desde Marzo a Junio trabaj\u00e9 como voluntaria en la oficina de FAP. Mi principal responsabilidad fue trabajar en el desarrollo de la p\u00e1gina Web, pero tambi\u00e9n en tareas administrativas como formularios para las escuelas. Adicionalmente realizando traducciones para la pagina web de la fundaci\u00f3n. En abril estuve visitando 3 escuelas en Puyo con Patricio. La reuni\u00f3n con los ni\u00f1os y los profesores en Puyo fue fant\u00e1stica. A los ni\u00f1os les encanta tomar fotos y disfrutan mostrarnos como ellos hacen el trabajo pr\u00e1ctico en la escuela con las plantas y los animales. Fue incre\u00edble poder tener al experiencia de visitar y ver como ellos corren en la escuela y en la selva. Si hubiese tenido m\u00e1s tiempo hubiese pasado algunas semanas en la escuela con ellos, me encantar\u00eda eso!. Las escuelas est\u00e1n rodeadas por una hermosa naturaleza y pienso que es fant\u00e1stico que los ni\u00f1os puedan aprender con trabajos pr\u00e1cticos. Yo he trabajado tambi\u00e9n en el marketing para FAP, promocionando el Caf\u00e9 y el Cacao\/Chocolate. Estos productos tienen un muy buena calidad y por esta raz\u00f3n pienso que FAP tiene la oportunidad de exportar a otros pa\u00edses. Me encantar\u00eda ver estos productos en cafeter\u00edas en Noruega. Pienso que FAP es una fundaci\u00f3n asombrosa y yo definitivamente voy a recordar mi experiencia en Noruega con buenas memorias. Mi voluntariado con FAP tambi\u00e9n me ayuda mucho ya que ahora tengo una experiencia de trabajo pr\u00e1ctico en la industria de las organizaciones, esto es muy bueno para mi futura educaci\u00f3n ya que me estoy yendo a Haw\u00e1i para realizar mi Master en Liderazgo global y desarrollo sostenible. Puedo decir que me siento enamorada de Ecuador como pa\u00eds y que FAP fue formo parte para que mi experiencia fuera perfecta. Yo definitivamente volver\u00e9 a Ecuador! Quiero agradecer a Flor y Patricio y a todos en la oficina por hacer que esta sea una experiencia incre\u00edble. \"\t\t\t\t\t<\/div>\r\n\t\t\t\t\t\t\t\t\t<\/div>\r\n\t\t\t\t\t\t<div class=\"elementor-testimonial__footer\">\r\n\t\t\t\t\t\t\t\t\t<div class=\"elementor-testimonial__image\">\r\n\t\t\t\t\t\t<img decoding=\"async\" src=\"https:\/\/fapecuador.org\/wp-content\/uploads\/2025\/07\/2471854.png\" alt=\"Lene Marie Johannessen\">\r\n\t\t\t\t\t\t\t\t\t\t\t<\/div>\r\n\t\t\t\t\t\t\t\t<cite class=\"elementor-testimonial__cite\"><span class=\"elementor-testimonial__name\">Lene Marie Johannessen<\/span><\/cite>\t\t\t<\/div>\r\n\t\t<\/div>\r\n\t\t\t\t\t\t\t\t<\/div>\r\n\t\t\t\t\t\t\t\t\t<\/div>\r\n\t\t\t\t\t\t\t<\/div>\r\n\t\t\t\t<\/div>\r\n\t\t\t\t\t\t\t\t<\/div>\n\t\t\t\t<\/div>\n\t\t\t\t\t<\/div>\n\t\t<\/div>\n\t\t\t\t<div class=\"elementor-column elementor-col-50 elementor-top-column elementor-element elementor-element-6df5194\" data-id=\"6df5194\" data-element_type=\"column\" data-e-type=\"column\">\n\t\t\t<div class=\"elementor-widget-wrap elementor-element-populated\">\n\t\t\t\t\t\t<div class=\"elementor-element elementor-element-af9342c elementor-widget elementor-widget-template\" data-id=\"af9342c\" data-element_type=\"widget\" data-e-type=\"widget\" data-widget_type=\"template.default\">\n\t\t\t\t<div class=\"elementor-widget-container\">\n\t\t\t\t\t\t\t<div class=\"elementor-template\">\r\n\t\t\t\t\t<div data-elementor-type=\"section\" data-elementor-id=\"702\" class=\"elementor elementor-702\" data-elementor-post-type=\"elementor_library\">\r\n\t\t\t\t\t<section class=\"elementor-section elementor-top-section elementor-element elementor-element-0220e94 elementor-section-boxed elementor-section-height-default elementor-section-height-default\" data-id=\"0220e94\" data-element_type=\"section\" data-e-type=\"section\">\n\t\t\t\t\t\t<div class=\"elementor-container elementor-column-gap-default\">\n\t\t\t\t\t<div class=\"elementor-column elementor-col-100 elementor-top-column elementor-element elementor-element-a7c1434\" data-id=\"a7c1434\" data-element_type=\"column\" data-e-type=\"column\">\n\t\t\t<div class=\"elementor-widget-wrap elementor-element-populated\">\n\t\t\t\t\t\t<div class=\"elementor-element elementor-element-f908944 elementor-widget elementor-widget-heading\" data-id=\"f908944\" data-element_type=\"widget\" data-e-type=\"widget\" data-widget_type=\"heading.default\">\n\t\t\t\t<div class=\"elementor-widget-container\">\n\t\t\t\t\t<h2 class=\"elementor-heading-title elementor-size-medium\">ENTRADAS RECIENTES<\/h2>\t\t\t\t<\/div>\n\t\t\t\t<\/div>\n\t\t\t\t<div class=\"elementor-element elementor-element-99db536 elementor-grid-1 elementor-grid-tablet-2 elementor-grid-mobile-1 elementor-posts--thumbnail-top elementor-widget elementor-widget-posts\" data-id=\"99db536\" data-element_type=\"widget\" data-e-type=\"widget\" data-settings=\"{&quot;classic_columns&quot;:&quot;1&quot;,&quot;classic_columns_tablet&quot;:&quot;2&quot;,&quot;classic_columns_mobile&quot;:&quot;1&quot;,&quot;classic_row_gap&quot;:{&quot;unit&quot;:&quot;px&quot;,&quot;size&quot;:35,&quot;sizes&quot;:[]},&quot;classic_row_gap_tablet&quot;:{&quot;unit&quot;:&quot;px&quot;,&quot;size&quot;:&quot;&quot;,&quot;sizes&quot;:[]},&quot;classic_row_gap_mobile&quot;:{&quot;unit&quot;:&quot;px&quot;,&quot;size&quot;:&quot;&quot;,&quot;sizes&quot;:[]}}\" data-widget_type=\"posts.classic\">\n\t\t\t\t<div class=\"elementor-widget-container\">\n\t\t\t\t\t\t\t<div class=\"elementor-posts-container elementor-posts elementor-posts--skin-classic elementor-grid\" role=\"list\">\r\n\t\t\t\t<article class=\"elementor-post elementor-grid-item post-3703 post type-post status-publish format-standard has-post-thumbnail hentry category-ambiental category-blog category-comercio-justo category-cultural category-social category-uncategorized tag-adopta-un-arbol tag-ambiental tag-proyectos tag-social\" role=\"listitem\">\r\n\t\t\t\t<a class=\"elementor-post__thumbnail__link\" href=\"https:\/\/fapecuador.org\/es_ec\/reforestacion-empresarial\/\" tabindex=\"-1\" >\r\n\t\t\t<div class=\"elementor-post__thumbnail\"><img decoding=\"async\" width=\"2560\" height=\"1709\" src=\"https:\/\/fapecuador.org\/wp-content\/uploads\/2025\/02\/pexels-mikhail-nilov-8543602-scaled.jpg\" class=\"attachment-full size-full wp-image-3704\" alt=\"\" srcset=\"https:\/\/fapecuador.org\/wp-content\/uploads\/2025\/02\/pexels-mikhail-nilov-8543602-scaled.jpg 2560w, https:\/\/fapecuador.org\/wp-content\/uploads\/2025\/02\/pexels-mikhail-nilov-8543602-300x200.jpg 300w, https:\/\/fapecuador.org\/wp-content\/uploads\/2025\/02\/pexels-mikhail-nilov-8543602-1024x684.jpg 1024w, https:\/\/fapecuador.org\/wp-content\/uploads\/2025\/02\/pexels-mikhail-nilov-8543602-768x513.jpg 768w, https:\/\/fapecuador.org\/wp-content\/uploads\/2025\/02\/pexels-mikhail-nilov-8543602-1536x1025.jpg 1536w, https:\/\/fapecuador.org\/wp-content\/uploads\/2025\/02\/pexels-mikhail-nilov-8543602-2048x1367.jpg 2048w, https:\/\/fapecuador.org\/wp-content\/uploads\/2025\/02\/pexels-mikhail-nilov-8543602-18x12.jpg 18w, https:\/\/fapecuador.org\/wp-content\/uploads\/2025\/02\/pexels-mikhail-nilov-8543602-600x401.jpg 600w\" sizes=\"(max-width: 2560px) 100vw, 2560px\" \/><\/div>\r\n\t\t<\/a>\r\n\t\t\t\t<div class=\"elementor-post__text\">\r\n\t\t\t\t<h3 class=\"elementor-post__title\">\r\n\t\t\t<a href=\"https:\/\/fapecuador.org\/es_ec\/reforestacion-empresarial\/\" >\r\n\t\t\t\tReforestaci\u00f3n Empresarial: Una Soluci\u00f3n Sostenible para un Futuro Verde\t\t\t<\/a>\r\n\t\t<\/h3>\r\n\t\t\t\t<\/div>\r\n\t\t\t\t<\/article>\r\n\t\t\t\t<article class=\"elementor-post elementor-grid-item post-3602 post type-post status-publish format-standard has-post-thumbnail hentry category-ambiental category-blog category-cultural category-social category-uncategorized\" role=\"listitem\">\r\n\t\t\t\t<a class=\"elementor-post__thumbnail__link\" href=\"https:\/\/fapecuador.org\/es_ec\/ultimas-actividades-en-adopta-un-arbol\/\" tabindex=\"-1\" >\r\n\t\t\t<div class=\"elementor-post__thumbnail\"><img decoding=\"async\" width=\"2560\" height=\"1920\" src=\"https:\/\/fapecuador.org\/wp-content\/uploads\/2023\/12\/IMG_9124-1-scaled.jpg\" class=\"attachment-full size-full wp-image-3594\" alt=\"\" srcset=\"https:\/\/fapecuador.org\/wp-content\/uploads\/2023\/12\/IMG_9124-1-scaled.jpg 2560w, https:\/\/fapecuador.org\/wp-content\/uploads\/2023\/12\/IMG_9124-1-300x225.jpg 300w, https:\/\/fapecuador.org\/wp-content\/uploads\/2023\/12\/IMG_9124-1-1024x768.jpg 1024w, https:\/\/fapecuador.org\/wp-content\/uploads\/2023\/12\/IMG_9124-1-768x576.jpg 768w, https:\/\/fapecuador.org\/wp-content\/uploads\/2023\/12\/IMG_9124-1-1536x1152.jpg 1536w, https:\/\/fapecuador.org\/wp-content\/uploads\/2023\/12\/IMG_9124-1-2048x1536.jpg 2048w, https:\/\/fapecuador.org\/wp-content\/uploads\/2023\/12\/IMG_9124-1-16x12.jpg 16w, https:\/\/fapecuador.org\/wp-content\/uploads\/2023\/12\/IMG_9124-1-600x450.jpg 600w\" sizes=\"(max-width: 2560px) 100vw, 2560px\" \/><\/div>\r\n\t\t<\/a>\r\n\t\t\t\t<div class=\"elementor-post__text\">\r\n\t\t\t\t<h3 class=\"elementor-post__title\">\r\n\t\t\t<a href=\"https:\/\/fapecuador.org\/es_ec\/ultimas-actividades-en-adopta-un-arbol\/\" >\r\n\t\t\t\t\u00a1\u00daltimas Actividades en Adopta un \u00c1rbol!\t\t\t<\/a>\r\n\t\t<\/h3>\r\n\t\t\t\t<\/div>\r\n\t\t\t\t<\/article>\r\n\t\t\t\t<article class=\"elementor-post elementor-grid-item post-3248 post type-post status-publish format-standard has-post-thumbnail hentry category-ambiental category-blog category-cultural category-social category-uncategorized\" role=\"listitem\">\r\n\t\t\t\t<a class=\"elementor-post__thumbnail__link\" href=\"https:\/\/fapecuador.org\/es_ec\/actualizacion-del-proyecto-compensacion-huella-carbono-y-logros-destacados\/\" tabindex=\"-1\" >\r\n\t\t\t<div class=\"elementor-post__thumbnail\"><img loading=\"lazy\" decoding=\"async\" width=\"2042\" height=\"1192\" src=\"https:\/\/fapecuador.org\/wp-content\/uploads\/2023\/07\/IMG_3377-e1690918135478.jpeg\" class=\"attachment-full size-full wp-image-3257\" alt=\"\" srcset=\"https:\/\/fapecuador.org\/wp-content\/uploads\/2023\/07\/IMG_3377-e1690918135478.jpeg 2042w, https:\/\/fapecuador.org\/wp-content\/uploads\/2023\/07\/IMG_3377-e1690918135478-300x175.jpeg 300w, https:\/\/fapecuador.org\/wp-content\/uploads\/2023\/07\/IMG_3377-e1690918135478-1024x598.jpeg 1024w, https:\/\/fapecuador.org\/wp-content\/uploads\/2023\/07\/IMG_3377-e1690918135478-768x448.jpeg 768w, https:\/\/fapecuador.org\/wp-content\/uploads\/2023\/07\/IMG_3377-e1690918135478-1536x897.jpeg 1536w, https:\/\/fapecuador.org\/wp-content\/uploads\/2023\/07\/IMG_3377-e1690918135478-18x12.jpeg 18w, https:\/\/fapecuador.org\/wp-content\/uploads\/2023\/07\/IMG_3377-e1690918135478-600x350.jpeg 600w\" sizes=\"(max-width: 2042px) 100vw, 2042px\" \/><\/div>\r\n\t\t<\/a>\r\n\t\t\t\t<div class=\"elementor-post__text\">\r\n\t\t\t\t<h3 class=\"elementor-post__title\">\r\n\t\t\t<a href=\"https:\/\/fapecuador.org\/es_ec\/actualizacion-del-proyecto-compensacion-huella-carbono-y-logros-destacados\/\" >\r\n\t\t\t\t\u00a1Actualizaci\u00f3n del Proyecto Carbon Offset: Avances y Logros Destacados!\t\t\t<\/a>\r\n\t\t<\/h3>\r\n\t\t\t\t<\/div>\r\n\t\t\t\t<\/article>\r\n\t\t\t\t<article class=\"elementor-post elementor-grid-item post-3027 post type-post status-publish format-standard has-post-thumbnail hentry category-ambiental category-blog category-social category-uncategorized\" role=\"listitem\">\r\n\t\t\t\t<a class=\"elementor-post__thumbnail__link\" href=\"https:\/\/fapecuador.org\/es_ec\/alcanzamos-los-mil-arboles-sembrados\/\" tabindex=\"-1\" >\r\n\t\t\t<div class=\"elementor-post__thumbnail\"><img loading=\"lazy\" decoding=\"async\" width=\"940\" height=\"704\" src=\"https:\/\/fapecuador.org\/wp-content\/uploads\/2023\/01\/\u00a1Alcanzamos-los-1000-arboles-sembrados.jpg\" class=\"attachment-full size-full wp-image-3063\" alt=\"\" srcset=\"https:\/\/fapecuador.org\/wp-content\/uploads\/2023\/01\/\u00a1Alcanzamos-los-1000-arboles-sembrados.jpg 940w, https:\/\/fapecuador.org\/wp-content\/uploads\/2023\/01\/\u00a1Alcanzamos-los-1000-arboles-sembrados-300x225.jpg 300w, https:\/\/fapecuador.org\/wp-content\/uploads\/2023\/01\/\u00a1Alcanzamos-los-1000-arboles-sembrados-768x575.jpg 768w, https:\/\/fapecuador.org\/wp-content\/uploads\/2023\/01\/\u00a1Alcanzamos-los-1000-arboles-sembrados-16x12.jpg 16w, https:\/\/fapecuador.org\/wp-content\/uploads\/2023\/01\/\u00a1Alcanzamos-los-1000-arboles-sembrados-600x449.jpg 600w\" sizes=\"(max-width: 940px) 100vw, 940px\" \/><\/div>\r\n\t\t<\/a>\r\n\t\t\t\t<div class=\"elementor-post__text\">\r\n\t\t\t\t<h3 class=\"elementor-post__title\">\r\n\t\t\t<a href=\"https:\/\/fapecuador.org\/es_ec\/alcanzamos-los-mil-arboles-sembrados\/\" >\r\n\t\t\t\t\u00a1Alcanzamos los mil \u00e1rboles sembrados!\t\t\t<\/a>\r\n\t\t<\/h3>\r\n\t\t\t\t<\/div>\r\n\t\t\t\t<\/article>\r\n\t\t\t\t<article class=\"elementor-post elementor-grid-item post-1881 post type-post status-publish format-standard has-post-thumbnail hentry category-ambiental category-blog category-noticias tag-adopta-un-arbol tag-ambiental tag-noticias\" role=\"listitem\">\r\n\t\t\t\t<a class=\"elementor-post__thumbnail__link\" href=\"https:\/\/fapecuador.org\/es_ec\/1881-2\/\" tabindex=\"-1\" >\r\n\t\t\t<div class=\"elementor-post__thumbnail\"><img loading=\"lazy\" decoding=\"async\" width=\"1748\" height=\"1240\" src=\"https:\/\/fapecuador.org\/wp-content\/uploads\/2022\/11\/Diseno-sin-titulo-1.jpg\" class=\"attachment-full size-full wp-image-1883\" alt=\"\" srcset=\"https:\/\/fapecuador.org\/wp-content\/uploads\/2022\/11\/Diseno-sin-titulo-1.jpg 1748w, https:\/\/fapecuador.org\/wp-content\/uploads\/2022\/11\/Diseno-sin-titulo-1-300x213.jpg 300w, https:\/\/fapecuador.org\/wp-content\/uploads\/2022\/11\/Diseno-sin-titulo-1-1024x726.jpg 1024w, https:\/\/fapecuador.org\/wp-content\/uploads\/2022\/11\/Diseno-sin-titulo-1-768x545.jpg 768w, https:\/\/fapecuador.org\/wp-content\/uploads\/2022\/11\/Diseno-sin-titulo-1-1536x1090.jpg 1536w, https:\/\/fapecuador.org\/wp-content\/uploads\/2022\/11\/Diseno-sin-titulo-1-18x12.jpg 18w, https:\/\/fapecuador.org\/wp-content\/uploads\/2022\/11\/Diseno-sin-titulo-1-600x426.jpg 600w\" sizes=\"(max-width: 1748px) 100vw, 1748px\" \/><\/div>\r\n\t\t<\/a>\r\n\t\t\t\t<div class=\"elementor-post__text\">\r\n\t\t\t\t<h3 class=\"elementor-post__title\">\r\n\t\t\t<a href=\"https:\/\/fapecuador.org\/es_ec\/1881-2\/\" >\r\n\t\t\t\tSegunda jornada de plantaci\u00f3n junto a la PUCE\t\t\t<\/a>\r\n\t\t<\/h3>\r\n\t\t\t\t<\/div>\r\n\t\t\t\t<\/article>\r\n\t\t\t\t<\/div>\r\n\t\t\r\n\t\t\t\t\t\t<\/div>\n\t\t\t\t<\/div>\n\t\t\t\t\t<\/div>\n\t\t<\/div>\n\t\t\t\t\t<\/div>\n\t\t<\/section>\n\t\t\t\t<\/div>\r\n\t\t\t\t<\/div>\r\n\t\t\t\t\t\t<\/div>\n\t\t\t\t<\/div>\n\t\t\t\t\t<\/div>\n\t\t<\/div>\n\t\t\t\t\t<\/div>\n\t\t<\/section>\n\t\t\t\t<\/div>\n\t\t","protected":false},"excerpt":{"rendered":"<p>VOLUNTARIADO Para FAP, la conservaci\u00f3n y preservaci\u00f3n del medio ambiente combinado al voluntariado es uno de los aspectos m\u00e1s importantes con los cuales trabajamos, por<\/p>\n","protected":false},"author":4,"featured_media":0,"parent":0,"menu_order":0,"comment_status":"closed","ping_status":"closed","template":"","meta":{"footnotes":""},"class_list":["post-266","page","type-page","status-publish","hentry"],"yoast_head":"<!-- This site is optimized with the Yoast SEO plugin v27.5 - https:\/\/yoast.com\/product\/yoast-seo-wordpress\/ -->\n<title>Voluntariado - Fundaci\u00f3n Amazon\u00eda Productiva<\/title>\n<meta name=\"description\" content=\"La conservaci\u00f3n y preservaci\u00f3n del medio ambiente combinado al voluntariado es uno de los aspectos m\u00e1s importantes con los cuales trabajamos.\" \/>\n<meta name=\"robots\" content=\"index, follow, max-snippet:-1, max-image-preview:large, max-video-preview:-1\" \/>\n<link rel=\"canonical\" href=\"https:\/\/fapecuador.org\/es_ec\/voluntariado\/\" \/>\n<meta property=\"og:locale\" content=\"es_ES\" \/>\n<meta property=\"og:type\" content=\"article\" \/>\n<meta property=\"og:title\" content=\"Voluntariado - Fundaci\u00f3n Amazon\u00eda Productiva\" \/>\n<meta property=\"og:description\" content=\"La conservaci\u00f3n y preservaci\u00f3n del medio ambiente combinado al voluntariado es uno de los aspectos m\u00e1s importantes con los cuales trabajamos.\" \/>\n<meta property=\"og:url\" content=\"https:\/\/fapecuador.org\/es_ec\/voluntariado\/\" \/>\n<meta property=\"og:site_name\" content=\"Fundaci\u00f3n Amazon\u00eda Productiva\" \/>\n<meta property=\"article:modified_time\" content=\"2026-02-12T13:28:44+00:00\" \/>\n<meta property=\"og:image\" content=\"https:\/\/fapecuador.org\/wp-content\/uploads\/2023\/09\/20230825_121734-scaled.jpg\" \/>\n\t<meta property=\"og:image:width\" content=\"2560\" \/>\n\t<meta property=\"og:image:height\" content=\"1441\" \/>\n\t<meta property=\"og:image:type\" content=\"image\/jpeg\" \/>\n<meta name=\"twitter:card\" content=\"summary_large_image\" \/>\n<meta name=\"twitter:label1\" content=\"Tiempo de lectura\" \/>\n\t<meta name=\"twitter:data1\" content=\"7 minutos\" \/>\n<script type=\"application\/ld+json\" class=\"yoast-schema-graph\">{\"@context\":\"https:\\\/\\\/schema.org\",\"@graph\":[{\"@type\":\"WebPage\",\"@id\":\"https:\\\/\\\/fapecuador.org\\\/es_ec\\\/voluntariado\\\/\",\"url\":\"https:\\\/\\\/fapecuador.org\\\/es_ec\\\/voluntariado\\\/\",\"name\":\"Voluntariado - Fundaci\u00f3n Amazon\u00eda Productiva\",\"isPartOf\":{\"@id\":\"http:\\\/\\\/fapecuador.org\\\/es_ec\\\/#website\"},\"primaryImageOfPage\":{\"@id\":\"https:\\\/\\\/fapecuador.org\\\/es_ec\\\/voluntariado\\\/#primaryimage\"},\"image\":{\"@id\":\"https:\\\/\\\/fapecuador.org\\\/es_ec\\\/voluntariado\\\/#primaryimage\"},\"thumbnailUrl\":\"https:\\\/\\\/fapecuador.org\\\/wp-content\\\/uploads\\\/2023\\\/09\\\/20230825_121734-1024x577.jpg\",\"datePublished\":\"2022-07-12T16:43:26+00:00\",\"dateModified\":\"2026-02-12T13:28:44+00:00\",\"description\":\"La conservaci\u00f3n y preservaci\u00f3n del medio ambiente combinado al voluntariado es uno de los aspectos m\u00e1s importantes con los cuales trabajamos.\",\"breadcrumb\":{\"@id\":\"https:\\\/\\\/fapecuador.org\\\/es_ec\\\/voluntariado\\\/#breadcrumb\"},\"inLanguage\":\"es\",\"potentialAction\":[{\"@type\":\"ReadAction\",\"target\":[\"https:\\\/\\\/fapecuador.org\\\/es_ec\\\/voluntariado\\\/\"]}]},{\"@type\":\"ImageObject\",\"inLanguage\":\"es\",\"@id\":\"https:\\\/\\\/fapecuador.org\\\/es_ec\\\/voluntariado\\\/#primaryimage\",\"url\":\"https:\\\/\\\/fapecuador.org\\\/wp-content\\\/uploads\\\/2023\\\/09\\\/20230825_121734-1024x577.jpg\",\"contentUrl\":\"https:\\\/\\\/fapecuador.org\\\/wp-content\\\/uploads\\\/2023\\\/09\\\/20230825_121734-1024x577.jpg\"},{\"@type\":\"BreadcrumbList\",\"@id\":\"https:\\\/\\\/fapecuador.org\\\/es_ec\\\/voluntariado\\\/#breadcrumb\",\"itemListElement\":[{\"@type\":\"ListItem\",\"position\":1,\"name\":\"Portada\",\"item\":\"https:\\\/\\\/fapecuador.org\\\/\"},{\"@type\":\"ListItem\",\"position\":2,\"name\":\"VOLUNTARIADO\"}]},{\"@type\":\"WebSite\",\"@id\":\"http:\\\/\\\/fapecuador.org\\\/es_ec\\\/#website\",\"url\":\"http:\\\/\\\/fapecuador.org\\\/es_ec\\\/\",\"name\":\"Fundaci\u00f3n Amazon\u00eda Productiva\",\"description\":\"\",\"publisher\":{\"@id\":\"http:\\\/\\\/fapecuador.org\\\/es_ec\\\/#organization\"},\"potentialAction\":[{\"@type\":\"SearchAction\",\"target\":{\"@type\":\"EntryPoint\",\"urlTemplate\":\"http:\\\/\\\/fapecuador.org\\\/es_ec\\\/?s={search_term_string}\"},\"query-input\":{\"@type\":\"PropertyValueSpecification\",\"valueRequired\":true,\"valueName\":\"search_term_string\"}}],\"inLanguage\":\"es\"},{\"@type\":\"Organization\",\"@id\":\"http:\\\/\\\/fapecuador.org\\\/es_ec\\\/#organization\",\"name\":\"Fundaci\u00f3n Amazon\u00eda Productiva\",\"url\":\"http:\\\/\\\/fapecuador.org\\\/es_ec\\\/\",\"logo\":{\"@type\":\"ImageObject\",\"inLanguage\":\"es\",\"@id\":\"http:\\\/\\\/fapecuador.org\\\/es_ec\\\/#\\\/schema\\\/logo\\\/image\\\/\",\"url\":\"https:\\\/\\\/fapecuador.org\\\/wp-content\\\/uploads\\\/2022\\\/07\\\/cropped-logo-fap-2020-cop.png\",\"contentUrl\":\"https:\\\/\\\/fapecuador.org\\\/wp-content\\\/uploads\\\/2022\\\/07\\\/cropped-logo-fap-2020-cop.png\",\"width\":592,\"height\":297,\"caption\":\"Fundaci\u00f3n Amazon\u00eda Productiva\"},\"image\":{\"@id\":\"http:\\\/\\\/fapecuador.org\\\/es_ec\\\/#\\\/schema\\\/logo\\\/image\\\/\"}}]}<\/script>\n<!-- \/ Yoast SEO plugin. -->","yoast_head_json":{"title":"Voluntariado - Fundaci\u00f3n Amazon\u00eda Productiva","description":"La conservaci\u00f3n y preservaci\u00f3n del medio ambiente combinado al voluntariado es uno de los aspectos m\u00e1s importantes con los cuales trabajamos.","robots":{"index":"index","follow":"follow","max-snippet":"max-snippet:-1","max-image-preview":"max-image-preview:large","max-video-preview":"max-video-preview:-1"},"canonical":"https:\/\/fapecuador.org\/es_ec\/voluntariado\/","og_locale":"es_ES","og_type":"article","og_title":"Voluntariado - Fundaci\u00f3n Amazon\u00eda Productiva","og_description":"La conservaci\u00f3n y preservaci\u00f3n del medio ambiente combinado al voluntariado es uno de los aspectos m\u00e1s importantes con los cuales trabajamos.","og_url":"https:\/\/fapecuador.org\/es_ec\/voluntariado\/","og_site_name":"Fundaci\u00f3n Amazon\u00eda Productiva","article_modified_time":"2026-02-12T13:28:44+00:00","og_image":[{"width":2560,"height":1441,"url":"https:\/\/fapecuador.org\/wp-content\/uploads\/2023\/09\/20230825_121734-scaled.jpg","type":"image\/jpeg"}],"twitter_card":"summary_large_image","twitter_misc":{"Tiempo de lectura":"7 minutos"},"schema":{"@context":"https:\/\/schema.org","@graph":[{"@type":"WebPage","@id":"https:\/\/fapecuador.org\/es_ec\/voluntariado\/","url":"https:\/\/fapecuador.org\/es_ec\/voluntariado\/","name":"Voluntariado - Fundaci\u00f3n Amazon\u00eda Productiva","isPartOf":{"@id":"http:\/\/fapecuador.org\/es_ec\/#website"},"primaryImageOfPage":{"@id":"https:\/\/fapecuador.org\/es_ec\/voluntariado\/#primaryimage"},"image":{"@id":"https:\/\/fapecuador.org\/es_ec\/voluntariado\/#primaryimage"},"thumbnailUrl":"https:\/\/fapecuador.org\/wp-content\/uploads\/2023\/09\/20230825_121734-1024x577.jpg","datePublished":"2022-07-12T16:43:26+00:00","dateModified":"2026-02-12T13:28:44+00:00","description":"La conservaci\u00f3n y preservaci\u00f3n del medio ambiente combinado al voluntariado es uno de los aspectos m\u00e1s importantes con los cuales trabajamos.","breadcrumb":{"@id":"https:\/\/fapecuador.org\/es_ec\/voluntariado\/#breadcrumb"},"inLanguage":"es","potentialAction":[{"@type":"ReadAction","target":["https:\/\/fapecuador.org\/es_ec\/voluntariado\/"]}]},{"@type":"ImageObject","inLanguage":"es","@id":"https:\/\/fapecuador.org\/es_ec\/voluntariado\/#primaryimage","url":"https:\/\/fapecuador.org\/wp-content\/uploads\/2023\/09\/20230825_121734-1024x577.jpg","contentUrl":"https:\/\/fapecuador.org\/wp-content\/uploads\/2023\/09\/20230825_121734-1024x577.jpg"},{"@type":"BreadcrumbList","@id":"https:\/\/fapecuador.org\/es_ec\/voluntariado\/#breadcrumb","itemListElement":[{"@type":"ListItem","position":1,"name":"Portada","item":"https:\/\/fapecuador.org\/"},{"@type":"ListItem","position":2,"name":"VOLUNTARIADO"}]},{"@type":"WebSite","@id":"http:\/\/fapecuador.org\/es_ec\/#website","url":"http:\/\/fapecuador.org\/es_ec\/","name":"Fundaci\u00f3n Amazon\u00eda Productiva","description":"","publisher":{"@id":"http:\/\/fapecuador.org\/es_ec\/#organization"},"potentialAction":[{"@type":"SearchAction","target":{"@type":"EntryPoint","urlTemplate":"http:\/\/fapecuador.org\/es_ec\/?s={search_term_string}"},"query-input":{"@type":"PropertyValueSpecification","valueRequired":true,"valueName":"search_term_string"}}],"inLanguage":"es"},{"@type":"Organization","@id":"http:\/\/fapecuador.org\/es_ec\/#organization","name":"Fundaci\u00f3n Amazon\u00eda Productiva","url":"http:\/\/fapecuador.org\/es_ec\/","logo":{"@type":"ImageObject","inLanguage":"es","@id":"http:\/\/fapecuador.org\/es_ec\/#\/schema\/logo\/image\/","url":"https:\/\/fapecuador.org\/wp-content\/uploads\/2022\/07\/cropped-logo-fap-2020-cop.png","contentUrl":"https:\/\/fapecuador.org\/wp-content\/uploads\/2022\/07\/cropped-logo-fap-2020-cop.png","width":592,"height":297,"caption":"Fundaci\u00f3n Amazon\u00eda Productiva"},"image":{"@id":"http:\/\/fapecuador.org\/es_ec\/#\/schema\/logo\/image\/"}}]}},"_links":{"self":[{"href":"https:\/\/fapecuador.org\/es_ec\/wp-json\/wp\/v2\/pages\/266","targetHints":{"allow":["GET"]}}],"collection":[{"href":"https:\/\/fapecuador.org\/es_ec\/wp-json\/wp\/v2\/pages"}],"about":[{"href":"https:\/\/fapecuador.org\/es_ec\/wp-json\/wp\/v2\/types\/page"}],"author":[{"embeddable":true,"href":"https:\/\/fapecuador.org\/es_ec\/wp-json\/wp\/v2\/users\/4"}],"replies":[{"embeddable":true,"href":"https:\/\/fapecuador.org\/es_ec\/wp-json\/wp\/v2\/comments?post=266"}],"version-history":[{"count":93,"href":"https:\/\/fapecuador.org\/es_ec\/wp-json\/wp\/v2\/pages\/266\/revisions"}],"predecessor-version":[{"id":3952,"href":"https:\/\/fapecuador.org\/es_ec\/wp-json\/wp\/v2\/pages\/266\/revisions\/3952"}],"wp:attachment":[{"href":"https:\/\/fapecuador.org\/es_ec\/wp-json\/wp\/v2\/media?parent=266"}],"curies":[{"name":"wp","href":"https:\/\/api.w.org\/{rel}","templated":true}]}}